{"id":17333,"date":"2025-10-02T15:21:05","date_gmt":"2025-10-02T15:21:05","guid":{"rendered":"https:\/\/de.ferien-vacances.ch\/haus-fluee\/"},"modified":"2025-11-25T09:19:58","modified_gmt":"2025-11-25T09:19:58","slug":"haus-fluee","status":"publish","type":"page","link":"https:\/\/de.ferien-vacances.ch\/en\/apartments\/houses\/haus-fluee\/","title":{"rendered":"Haus Fl\u00fce"},"content":{"rendered":"<p>[et_pb_section fb_built=&#8221;1&#8243; admin_label=&#8221;Our Specialties Section&#8221; _builder_version=&#8221;4.27.4&#8243; use_background_color_gradient=&#8221;on&#8221; background_color_gradient_stops=&#8221;rgba(206,170,70,0.28) 0%|rgba(255, 255, 255, 0) 60%&#8221; background_enable_image=&#8221;off&#8221; parallax=&#8221;on&#8221; background_blend=&#8221;lighten&#8221; min_height=&#8221;657px&#8221; height=&#8221;510px&#8221; max_height=&#8221;1000px&#8221; custom_margin=&#8221;3px|||||&#8221; custom_padding=&#8221;2px||0px|||&#8221; global_colors_info=&#8221;{}&#8221; theme_builder_area=&#8221;post_content&#8221;][et_pb_row column_structure=&#8221;1_3,1_3,1_3&#8243; _builder_version=&#8221;4.27.4&#8243; _module_preset=&#8221;default&#8221; width=&#8221;100%&#8221; max_width=&#8221;2560px&#8221; min_height=&#8221;546px&#8221; height=&#8221;1000px&#8221; max_height=&#8221;415px&#8221; global_colors_info=&#8221;{}&#8221; theme_builder_area=&#8221;post_content&#8221;][et_pb_column type=&#8221;1_3&#8243; _builder_version=&#8221;4.27.4&#8243; _module_preset=&#8221;default&#8221; global_colors_info=&#8221;{}&#8221; theme_builder_area=&#8221;post_content&#8221;][\/et_pb_column][et_pb_column type=&#8221;1_3&#8243; _builder_version=&#8221;4.27.4&#8243; _module_preset=&#8221;default&#8221; global_colors_info=&#8221;{}&#8221; theme_builder_area=&#8221;post_content&#8221;][et_pb_image src=&#8221;https:\/\/de.ferien-vacances.ch\/wp-content\/uploads\/2025\/10\/Fluee-4.jpg&#8221; title_text=&#8221;Fl\u00fce (4)&#8221; align=&#8221;center&#8221; _builder_version=&#8221;4.27.4&#8243; _module_preset=&#8221;default&#8221; width=&#8221;85%&#8221; max_height=&#8221;483px&#8221; custom_margin=&#8221;||22px|||&#8221; hover_enabled=&#8221;0&#8243; border_width_all=&#8221;1px&#8221; border_color_all=&#8221;#7c3740&#8243; global_colors_info=&#8221;{}&#8221; theme_builder_area=&#8221;post_content&#8221; sticky_enabled=&#8221;0&#8243;][\/et_pb_image][et_pb_text admin_label=&#8221;Title&#8221; _builder_version=&#8221;4.16&#8243; text_font=&#8221;||||||||&#8221; header_font=&#8221;||||||||&#8221; header_2_font=&#8221;Alice||||||||&#8221; header_2_text_align=&#8221;center&#8221; header_2_font_size=&#8221;42px&#8221; header_2_line_height=&#8221;1.3em&#8221; custom_margin=&#8221;||20px|&#8221; animation_style=&#8221;slide&#8221; animation_direction=&#8221;top&#8221; animation_intensity_slide=&#8221;30%&#8221; animation_starting_opacity=&#8221;100%&#8221; inline_fonts=&#8221;Alice&#8221; global_colors_info=&#8221;{}&#8221; theme_builder_area=&#8221;post_content&#8221;]<\/p>\n<h2>Fl\u00fce<\/h2>\n<h4 style=\"text-align: center;\"><span style=\"font-family: Alice; font-weight: normal;\">Teretschenstrasse 18, 3954 Leukerbad<\/span><\/h4>\n<p>[\/et_pb_text][\/et_pb_column][et_pb_column type=&#8221;1_3&#8243; _builder_version=&#8221;4.27.4&#8243; _module_preset=&#8221;default&#8221; global_colors_info=&#8221;{}&#8221; theme_builder_area=&#8221;post_content&#8221;][\/et_pb_column][\/et_pb_row][\/et_pb_section][et_pb_section fb_built=&#8221;1&#8243; _builder_version=&#8221;4.16&#8243; global_colors_info=&#8221;{}&#8221; custom_padding=&#8221;4px||4px|||&#8221;][et_pb_row column_structure=&#8221;1_3,2_3&#8243; _builder_version=&#8221;4.16&#8243; background_color=&#8221;rgba(0,0,0,0.05)&#8221; custom_padding=&#8221;1px|0px|0|0px|false|false&#8221; global_colors_info=&#8221;{}&#8221;][et_pb_column type=&#8221;1_3&#8243; _builder_version=&#8221;4.16&#8243; custom_padding=&#8221;|||&#8221; global_colors_info=&#8221;{}&#8221; custom_padding__hover=&#8221;|||&#8221;][et_pb_gallery gallery_ids=&#8221;29766,29755,29771,29777,29780&#8243; fullwidth=&#8221;on&#8221; admin_label=&#8221;Gallery 14&#8243; _builder_version=&#8221;4.27.4&#8243; pagination_text_color=&#8221;#ffffff&#8221; text_orientation=&#8221;center&#8221; custom_padding=&#8221;35px|50px|35px|50px&#8221; hover_enabled=&#8221;0&#8243; global_colors_info=&#8221;{}&#8221; sticky_enabled=&#8221;0&#8243;][\/et_pb_gallery][\/et_pb_column][et_pb_column type=&#8221;2_3&#8243; _builder_version=&#8221;4.16&#8243; custom_padding=&#8221;|||&#8221; global_colors_info=&#8221;{}&#8221; custom_padding__hover=&#8221;|||&#8221;][et_pb_text _builder_version=&#8221;4.16&#8243; background_color=&#8221;rgba(255,255,255,0.07)&#8221; global_colors_info=&#8221;{}&#8221; custom_padding=&#8221;35px|||||&#8221;]<\/p>\n<p><strong>Fl\u00fce 8<br \/><\/strong><\/p>\n<p><strong><\/strong><\/p>\n<ul>\n<li>2.5-room apartment with 58 m\u00b2 for 1-4 people<\/li>\n<li>Open living room with dining and kitchen area<\/li>\n<li>Kitchen with oven, 3 hotplates, refrigerator with freezer, coffee machine, kettle, raclette and fondue set<\/li>\n<li>1 bedroom with 2 single beds<\/li>\n<li>2 foldaway beds in the living room<\/li>\n<li>Bathroom \u2013 Shower \/ WC<\/li>\n<li>TV \/ Radio<\/li>\n<li>South-facing balcony<\/li>\n<\/ul>\n<p>[\/et_pb_text][et_pb_button button_url=&#8221;https:\/\/de.ferien-vacances.ch\/en\/apartments\/14-2%c2%bd-room-vacation-apartment-fluee-8\/&#8221; button_text=&#8221;More&#8230;&#8221; _builder_version=&#8221;4.27.4&#8243; custom_button=&#8221;on&#8221; button_text_size=&#8221;20px&#8221; button_text_color=&#8221;#FFFFFF&#8221; button_bg_color=&#8221;#ceaa46&#8243; button_border_width=&#8221;0px&#8221; button_border_radius=&#8221;100px&#8221; button_letter_spacing=&#8221;2px&#8221; button_font=&#8221;|700||||on|||&#8221; button_use_icon=&#8221;off&#8221; custom_padding=&#8221;16px|30px|16px|30px&#8221; animation_style=&#8221;slide&#8221; animation_direction=&#8221;left&#8221; animation_intensity_slide=&#8221;10%&#8221; animation_starting_opacity=&#8221;100%&#8221; hover_enabled=&#8221;0&#8243; button_text_shadow_style=&#8221;preset2&#8243; box_shadow_style=&#8221;preset2&#8243; box_shadow_color=&#8221;rgba(0,0,0,0.4)&#8221; button_letter_spacing_hover=&#8221;2px&#8221; button_bg_color_hover=&#8221;#e0c588&#8243; global_colors_info=&#8221;{}&#8221; button_text_size__hover_enabled=&#8221;off&#8221; button_one_text_size__hover_enabled=&#8221;off&#8221; button_two_text_size__hover_enabled=&#8221;off&#8221; button_text_color__hover_enabled=&#8221;off&#8221; button_one_text_color__hover_enabled=&#8221;off&#8221; button_two_text_color__hover_enabled=&#8221;off&#8221; button_border_width__hover_enabled=&#8221;off&#8221; button_one_border_width__hover_enabled=&#8221;off&#8221; button_two_border_width__hover_enabled=&#8221;off&#8221; button_border_color__hover_enabled=&#8221;off&#8221; button_one_border_color__hover_enabled=&#8221;off&#8221; button_two_border_color__hover_enabled=&#8221;off&#8221; button_border_radius__hover_enabled=&#8221;off&#8221; button_one_border_radius__hover_enabled=&#8221;off&#8221; button_two_border_radius__hover_enabled=&#8221;off&#8221; button_letter_spacing__hover_enabled=&#8221;on&#8221; button_letter_spacing__hover=&#8221;2px&#8221; button_one_letter_spacing__hover_enabled=&#8221;off&#8221; button_two_letter_spacing__hover_enabled=&#8221;off&#8221; button_bg_color__hover_enabled=&#8221;on&#8221; button_bg_color__hover=&#8221;#e0c588&#8243; button_one_bg_color__hover_enabled=&#8221;off&#8221; button_two_bg_color__hover_enabled=&#8221;off&#8221; theme_builder_area=&#8221;post_content&#8221; sticky_enabled=&#8221;0&#8243;][\/et_pb_button][et_pb_divider show_divider=&#8221;off&#8221; admin_label=&#8221;Divider 6px&#8221; _builder_version=&#8221;4.16&#8243; height=&#8221;6px&#8221; saved_tabs=&#8221;all&#8221; global_colors_info=&#8221;{}&#8221;][\/et_pb_divider][\/et_pb_column][\/et_pb_row][\/et_pb_section]<\/p>\n","protected":false},"excerpt":{"rendered":"<p>Fl\u00fce Teretschenstrasse 18, 3954 LeukerbadFl\u00fce 8 2.5-room apartment with 58 m\u00b2 for 1-4 people Open living room with dining and kitchen area Kitchen with oven, 3 hotplates, refrigerator with freezer, coffee machine, kettle, raclette and fondue set 1 bedroom with 2 single beds 2 foldaway beds in the living room Bathroom \u2013 Shower \/ WC [&hellip;]<\/p>\n","protected":false},"author":2,"featured_media":58620,"parent":26082,"menu_order":0,"comment_status":"closed","ping_status":"closed","template":"","meta":{"_acf_changed":false,"_et_pb_use_builder":"on","_et_pb_old_content":"","_et_gb_content_width":"","footnotes":""},"class_list":["post-17333","page","type-page","status-publish","has-post-thumbnail","hentry"],"acf":[],"yoast_head":"<!-- This site is optimized with the Yoast SEO plugin v27.4 - https:\/\/yoast.com\/product\/yoast-seo-wordpress\/ -->\n<title>Haus Fl\u00fce - Ferien-Vacances GmbH<\/title>\n<meta name=\"robots\" content=\"index, follow, max-snippet:-1, max-image-preview:large, max-video-preview:-1\" \/>\n<link rel=\"canonical\" href=\"https:\/\/de.ferien-vacances.ch\/en\/apartments\/houses\/haus-fluee\/\" \/>\n<meta property=\"og:locale\" content=\"en_US\" \/>\n<meta property=\"og:type\" content=\"article\" \/>\n<meta property=\"og:title\" content=\"Haus Fl\u00fce - Ferien-Vacances GmbH\" \/>\n<meta property=\"og:description\" content=\"Fl\u00fce Teretschenstrasse 18, 3954 LeukerbadFl\u00fce 8 2.5-room apartment with 58 m\u00b2 for 1-4 people Open living room with dining and kitchen area Kitchen with oven, 3 hotplates, refrigerator with freezer, coffee machine, kettle, raclette and fondue set 1 bedroom with 2 single beds 2 foldaway beds in the living room Bathroom \u2013 Shower \/ WC [&hellip;]\" \/>\n<meta property=\"og:url\" content=\"https:\/\/de.ferien-vacances.ch\/en\/apartments\/houses\/haus-fluee\/\" \/>\n<meta property=\"og:site_name\" content=\"Ferien-Vacances GmbH\" \/>\n<meta property=\"article:modified_time\" content=\"2025-11-25T09:19:58+00:00\" \/>\n<meta name=\"twitter:card\" content=\"summary_large_image\" \/>\n<meta name=\"twitter:label1\" content=\"Est. reading time\" \/>\n\t<meta name=\"twitter:data1\" content=\"4 minutes\" \/>\n<script type=\"application\/ld+json\" class=\"yoast-schema-graph\">{\"@context\":\"https:\\\/\\\/schema.org\",\"@graph\":[{\"@type\":\"WebPage\",\"@id\":\"https:\\\/\\\/de.ferien-vacances.ch\\\/en\\\/apartments\\\/houses\\\/haus-fluee\\\/\",\"url\":\"https:\\\/\\\/de.ferien-vacances.ch\\\/en\\\/apartments\\\/houses\\\/haus-fluee\\\/\",\"name\":\"Haus Fl\u00fce - Ferien-Vacances GmbH\",\"isPartOf\":{\"@id\":\"https:\\\/\\\/de.ferien-vacances.ch\\\/#website\"},\"primaryImageOfPage\":{\"@id\":\"https:\\\/\\\/de.ferien-vacances.ch\\\/en\\\/apartments\\\/houses\\\/haus-fluee\\\/#primaryimage\"},\"image\":{\"@id\":\"https:\\\/\\\/de.ferien-vacances.ch\\\/en\\\/apartments\\\/houses\\\/haus-fluee\\\/#primaryimage\"},\"thumbnailUrl\":\"https:\\\/\\\/de.ferien-vacances.ch\\\/wp-content\\\/uploads\\\/2026\\\/03\\\/Fluee-4-e1772630393834.jpg\",\"datePublished\":\"2025-10-02T15:21:05+00:00\",\"dateModified\":\"2025-11-25T09:19:58+00:00\",\"breadcrumb\":{\"@id\":\"https:\\\/\\\/de.ferien-vacances.ch\\\/en\\\/apartments\\\/houses\\\/haus-fluee\\\/#breadcrumb\"},\"inLanguage\":\"en-US\",\"potentialAction\":[{\"@type\":\"ReadAction\",\"target\":[\"https:\\\/\\\/de.ferien-vacances.ch\\\/en\\\/apartments\\\/houses\\\/haus-fluee\\\/\"]}]},{\"@type\":\"ImageObject\",\"inLanguage\":\"en-US\",\"@id\":\"https:\\\/\\\/de.ferien-vacances.ch\\\/en\\\/apartments\\\/houses\\\/haus-fluee\\\/#primaryimage\",\"url\":\"https:\\\/\\\/de.ferien-vacances.ch\\\/wp-content\\\/uploads\\\/2026\\\/03\\\/Fluee-4-e1772630393834.jpg\",\"contentUrl\":\"https:\\\/\\\/de.ferien-vacances.ch\\\/wp-content\\\/uploads\\\/2026\\\/03\\\/Fluee-4-e1772630393834.jpg\",\"width\":970,\"height\":1133},{\"@type\":\"BreadcrumbList\",\"@id\":\"https:\\\/\\\/de.ferien-vacances.ch\\\/en\\\/apartments\\\/houses\\\/haus-fluee\\\/#breadcrumb\",\"itemListElement\":[{\"@type\":\"ListItem\",\"position\":1,\"name\":\"Home\",\"item\":\"https:\\\/\\\/de.ferien-vacances.ch\\\/en\\\/home\\\/\"},{\"@type\":\"ListItem\",\"position\":2,\"name\":\"Apartments\",\"item\":\"https:\\\/\\\/de.ferien-vacances.ch\\\/en\\\/apartments\\\/\"},{\"@type\":\"ListItem\",\"position\":3,\"name\":\"Vacation accommodation\",\"item\":\"https:\\\/\\\/de.ferien-vacances.ch\\\/en\\\/apartments\\\/houses\\\/\"},{\"@type\":\"ListItem\",\"position\":4,\"name\":\"Haus Fl\u00fce\"}]},{\"@type\":\"WebSite\",\"@id\":\"https:\\\/\\\/de.ferien-vacances.ch\\\/#website\",\"url\":\"https:\\\/\\\/de.ferien-vacances.ch\\\/\",\"name\":\"Ferien-Vacances GmbH\",\"description\":\"Ferienwohnungen &amp; Reinigungsservice\",\"publisher\":{\"@id\":\"https:\\\/\\\/de.ferien-vacances.ch\\\/#organization\"},\"potentialAction\":[{\"@type\":\"SearchAction\",\"target\":{\"@type\":\"EntryPoint\",\"urlTemplate\":\"https:\\\/\\\/de.ferien-vacances.ch\\\/?s={search_term_string}\"},\"query-input\":{\"@type\":\"PropertyValueSpecification\",\"valueRequired\":true,\"valueName\":\"search_term_string\"}}],\"inLanguage\":\"en-US\"},{\"@type\":\"Organization\",\"@id\":\"https:\\\/\\\/de.ferien-vacances.ch\\\/#organization\",\"name\":\"Ferien-Vacances GmbH\",\"url\":\"https:\\\/\\\/de.ferien-vacances.ch\\\/\",\"logo\":{\"@type\":\"ImageObject\",\"inLanguage\":\"en-US\",\"@id\":\"https:\\\/\\\/de.ferien-vacances.ch\\\/#\\\/schema\\\/logo\\\/image\\\/\",\"url\":\"https:\\\/\\\/de.ferien-vacances.ch\\\/wp-content\\\/uploads\\\/2025\\\/11\\\/ferien_vacances_logo_rgb-1.jpg\",\"contentUrl\":\"https:\\\/\\\/de.ferien-vacances.ch\\\/wp-content\\\/uploads\\\/2025\\\/11\\\/ferien_vacances_logo_rgb-1.jpg\",\"width\":1326,\"height\":793,\"caption\":\"Ferien-Vacances GmbH\"},\"image\":{\"@id\":\"https:\\\/\\\/de.ferien-vacances.ch\\\/#\\\/schema\\\/logo\\\/image\\\/\"}}]}<\/script>\n<!-- \/ Yoast SEO plugin. -->","yoast_head_json":{"title":"Haus Fl\u00fce - Ferien-Vacances GmbH","robots":{"index":"index","follow":"follow","max-snippet":"max-snippet:-1","max-image-preview":"max-image-preview:large","max-video-preview":"max-video-preview:-1"},"canonical":"https:\/\/de.ferien-vacances.ch\/en\/apartments\/houses\/haus-fluee\/","og_locale":"en_US","og_type":"article","og_title":"Haus Fl\u00fce - Ferien-Vacances GmbH","og_description":"Fl\u00fce Teretschenstrasse 18, 3954 LeukerbadFl\u00fce 8 2.5-room apartment with 58 m\u00b2 for 1-4 people Open living room with dining and kitchen area Kitchen with oven, 3 hotplates, refrigerator with freezer, coffee machine, kettle, raclette and fondue set 1 bedroom with 2 single beds 2 foldaway beds in the living room Bathroom \u2013 Shower \/ WC [&hellip;]","og_url":"https:\/\/de.ferien-vacances.ch\/en\/apartments\/houses\/haus-fluee\/","og_site_name":"Ferien-Vacances GmbH","article_modified_time":"2025-11-25T09:19:58+00:00","twitter_card":"summary_large_image","twitter_misc":{"Est. reading time":"4 minutes"},"schema":{"@context":"https:\/\/schema.org","@graph":[{"@type":"WebPage","@id":"https:\/\/de.ferien-vacances.ch\/en\/apartments\/houses\/haus-fluee\/","url":"https:\/\/de.ferien-vacances.ch\/en\/apartments\/houses\/haus-fluee\/","name":"Haus Fl\u00fce - Ferien-Vacances GmbH","isPartOf":{"@id":"https:\/\/de.ferien-vacances.ch\/#website"},"primaryImageOfPage":{"@id":"https:\/\/de.ferien-vacances.ch\/en\/apartments\/houses\/haus-fluee\/#primaryimage"},"image":{"@id":"https:\/\/de.ferien-vacances.ch\/en\/apartments\/houses\/haus-fluee\/#primaryimage"},"thumbnailUrl":"https:\/\/de.ferien-vacances.ch\/wp-content\/uploads\/2026\/03\/Fluee-4-e1772630393834.jpg","datePublished":"2025-10-02T15:21:05+00:00","dateModified":"2025-11-25T09:19:58+00:00","breadcrumb":{"@id":"https:\/\/de.ferien-vacances.ch\/en\/apartments\/houses\/haus-fluee\/#breadcrumb"},"inLanguage":"en-US","potentialAction":[{"@type":"ReadAction","target":["https:\/\/de.ferien-vacances.ch\/en\/apartments\/houses\/haus-fluee\/"]}]},{"@type":"ImageObject","inLanguage":"en-US","@id":"https:\/\/de.ferien-vacances.ch\/en\/apartments\/houses\/haus-fluee\/#primaryimage","url":"https:\/\/de.ferien-vacances.ch\/wp-content\/uploads\/2026\/03\/Fluee-4-e1772630393834.jpg","contentUrl":"https:\/\/de.ferien-vacances.ch\/wp-content\/uploads\/2026\/03\/Fluee-4-e1772630393834.jpg","width":970,"height":1133},{"@type":"BreadcrumbList","@id":"https:\/\/de.ferien-vacances.ch\/en\/apartments\/houses\/haus-fluee\/#breadcrumb","itemListElement":[{"@type":"ListItem","position":1,"name":"Home","item":"https:\/\/de.ferien-vacances.ch\/en\/home\/"},{"@type":"ListItem","position":2,"name":"Apartments","item":"https:\/\/de.ferien-vacances.ch\/en\/apartments\/"},{"@type":"ListItem","position":3,"name":"Vacation accommodation","item":"https:\/\/de.ferien-vacances.ch\/en\/apartments\/houses\/"},{"@type":"ListItem","position":4,"name":"Haus Fl\u00fce"}]},{"@type":"WebSite","@id":"https:\/\/de.ferien-vacances.ch\/#website","url":"https:\/\/de.ferien-vacances.ch\/","name":"Ferien-Vacances GmbH","description":"Ferienwohnungen &amp; Reinigungsservice","publisher":{"@id":"https:\/\/de.ferien-vacances.ch\/#organization"},"potentialAction":[{"@type":"SearchAction","target":{"@type":"EntryPoint","urlTemplate":"https:\/\/de.ferien-vacances.ch\/?s={search_term_string}"},"query-input":{"@type":"PropertyValueSpecification","valueRequired":true,"valueName":"search_term_string"}}],"inLanguage":"en-US"},{"@type":"Organization","@id":"https:\/\/de.ferien-vacances.ch\/#organization","name":"Ferien-Vacances GmbH","url":"https:\/\/de.ferien-vacances.ch\/","logo":{"@type":"ImageObject","inLanguage":"en-US","@id":"https:\/\/de.ferien-vacances.ch\/#\/schema\/logo\/image\/","url":"https:\/\/de.ferien-vacances.ch\/wp-content\/uploads\/2025\/11\/ferien_vacances_logo_rgb-1.jpg","contentUrl":"https:\/\/de.ferien-vacances.ch\/wp-content\/uploads\/2025\/11\/ferien_vacances_logo_rgb-1.jpg","width":1326,"height":793,"caption":"Ferien-Vacances GmbH"},"image":{"@id":"https:\/\/de.ferien-vacances.ch\/#\/schema\/logo\/image\/"}}]}},"_links":{"self":[{"href":"https:\/\/de.ferien-vacances.ch\/en\/wp-json\/wp\/v2\/pages\/17333","targetHints":{"allow":["GET"]}}],"collection":[{"href":"https:\/\/de.ferien-vacances.ch\/en\/wp-json\/wp\/v2\/pages"}],"about":[{"href":"https:\/\/de.ferien-vacances.ch\/en\/wp-json\/wp\/v2\/types\/page"}],"author":[{"embeddable":true,"href":"https:\/\/de.ferien-vacances.ch\/en\/wp-json\/wp\/v2\/users\/2"}],"replies":[{"embeddable":true,"href":"https:\/\/de.ferien-vacances.ch\/en\/wp-json\/wp\/v2\/comments?post=17333"}],"version-history":[{"count":0,"href":"https:\/\/de.ferien-vacances.ch\/en\/wp-json\/wp\/v2\/pages\/17333\/revisions"}],"up":[{"embeddable":true,"href":"https:\/\/de.ferien-vacances.ch\/en\/wp-json\/wp\/v2\/pages\/26082"}],"wp:featuredmedia":[{"embeddable":true,"href":"https:\/\/de.ferien-vacances.ch\/en\/wp-json\/wp\/v2\/media\/58620"}],"wp:attachment":[{"href":"https:\/\/de.ferien-vacances.ch\/en\/wp-json\/wp\/v2\/media?parent=17333"}],"curies":[{"name":"wp","href":"https:\/\/api.w.org\/{rel}","templated":true}]}}