{"id":22017,"date":"2025-09-25T07:09:32","date_gmt":"2025-09-25T07:09:32","guid":{"rendered":"https:\/\/de.ferien-vacances.ch\/115-2-%c2%bd-pieces-appartement-chateau-43o\/"},"modified":"2026-04-28T13:32:47","modified_gmt":"2026-04-28T13:32:47","slug":"115-2-%c2%bd-pieces-appartement-chateau-43o","status":"publish","type":"page","link":"https:\/\/de.ferien-vacances.ch\/fr\/appartements\/115-2-%c2%bd-pieces-appartement-chateau-43o\/","title":{"rendered":"115 \/ 2 \u00bd pi\u00e8ces Appartement Chateau 43o"},"content":{"rendered":"<p>[et_pb_section fb_built=\"1&Prime; admin_label=\"Hero Section\" _builder_version=\"4.27.4&Prime; use_background_color_gradient=\"on\" background_color_gradient_direction=\"90deg\" background_color_gradient_stops=\"rgba(244,240,233,0.9) 30%|rgba(244,240,233,0) 100%\" background_color_gradient_overlays_image=\"on\" background_color_gradient_start=\"rgba(244,240,233,0.9)\" background_color_gradient_start_position=\"30%\" background_color_gradient_end=\"rgba(244,240,233,0)\" background_image=\"https:\/\/de.ferien-vacances.ch\/wp-content\/uploads\/2025\/11\/Varneralp_View_-Autumn_2-\u00a9MyLeukerbadAG-scaled.jpg\" custom_margin=\"|||\" custom_padding=\"119px|0px|119px|0px|false|false\" global_colors_info=\"{}\" theme_builder_area=\"post_content\"][et_pb_row custom_padding_last_edited=\"off|desktop\" admin_label=\"Zone de h\u00e9ros\" _builder_version=\"4.16&Prime; custom_padding=\"27px|0px|0px|0px\" global_colors_info=\"{}\" theme_builder_area=\"post_content\"][et_pb_column type=\"4_4&Prime; _builder_version=\"4.16&Prime; custom_padding=\"|||\" global_colors_info=\"{}\" custom_padding__hover=\"|||\" theme_builder_area=\"post_content\"][et_pb_text admin_label=\"Hero Title\" _builder_version=\"4.27.4&Prime; text_font=\"Playfair Display||||||||\" header_font=\"Alice||||||||\" header_font_size=\"80px\" header_letter_spacing=\"-3px\" header_line_height=\"1.1em\" custom_margin=\"||0px|\" custom_padding=\"|||\" animation_style=\"slide\" animation_direction=\"left\" animation_intensity_slide=\"5%\" animation_starting_opacity=\"100%\" text_font_size_last_edited=\"off|desktop\" header_font_size_tablet=\"\" header_font_size_phone=\"60px\" header_font_size_last_edited=\"on|phone\" global_colors_info=\"{}\" theme_builder_area=\"post_content\"]<\/p>\n<h1>Ch\u00e2teau 43o***<\/h1>\n<p>[\/et_pb_text][et_pb_text _builder_version=\"4.16&Prime; text_font=\"||||||||\" text_font_size=\"18px\" text_line_height=\"1.8em\" header_font=\"||||||||\" max_width=\"500px\" custom_margin=\"|||\" custom_padding=\"||10px|\" animation_style=\"slide\" animation_direction=\"left\" animation_intensity_slide=\"5%\" animation_starting_opacity=\"100%\" global_colors_info=\"{}\" theme_builder_area=\"post_content\"]<\/p>\n<p>Ringstrasse 138, 3954 Leukerbad<\/p>\n<p>La maison est situ\u00e9e dans la partie centrale du village de Leukerbad, pr\u00e8s de la Sportarena et des Gemmibahnen<br \/>Superbe situation avec une belle vue sur les montagnes.<\/p>\n<p>[\/et_pb_text][\/et_pb_column][\/et_pb_row][\/et_pb_section][et_pb_section fb_built=\"1&Prime; _builder_version=\"4.16&Prime; global_colors_info=\"{}\"][et_pb_row column_structure=\"1_3,2_3&Prime; _builder_version=\"4.16&Prime; background_color=\"rgba(0,0,0,0.05)\" custom_padding=\"1px|0px|0|0px|false|false\" global_colors_info=\"{}\"][et_pb_column type=\"1_3&Prime; _builder_version=\"4.16&Prime; custom_padding=\"|||\" global_colors_info=\"{}\" custom_padding__hover=\"|||\"][et_pb_gallery gallery_ids=\"22027,22028,22029,22030,6553,22031,22033,6360,21774,6393,6392,6391,6390,6389,6388,6387,6536&Prime; fullwidth=\"on\" _builder_version=\"4.16&Prime; pagination_text_color=\"#ffffff\" text_orientation=\"center\" custom_padding=\"35px|50px|35px|50px\" global_colors_info=\"{}\"][\/et_pb_gallery][\/et_pb_column][et_pb_column type=\"2_3&Prime; _builder_version=\"4.16&Prime; custom_padding=\"|||\" global_colors_info=\"{}\" custom_padding__hover=\"|||\"][et_pb_divider show_divider=\"off\" admin_label=\"Divider 30px\" _builder_version=\"4.16&Prime; height=\"30px\" custom_margin=\"||-2px|||\" saved_tabs=\"all\" global_colors_info=\"{}\"][\/et_pb_divider][et_pb_text _builder_version=\"4.16&Prime; background_color=\"rgba(255,255,255,0.07)\" global_colors_info=\"{}\"]<\/p>\n<p><strong>Ch\u00e2teau 43O***  <\/strong><\/p>\n<p><strong><\/strong><\/p>\n<ul>\n<li>Appartement attique 2\u00bd pi\u00e8ces pour 1 - 2 personnes<\/li>\n<li>Cuisine avec four, plaque vitroc\u00e9ramique, r\u00e9frig\u00e9rateur avec compartiment cong\u00e9lateur, machine \u00e0 caf\u00e9 Delizio, bouilloire \u00e9lectrique, service \u00e0 raclette et \u00e0 fondue, lave-vaisselle, micro-ondes<\/li>\n<li>Salon \/ salle \u00e0 manger avec canap\u00e9, sortie sur le balcon<\/li>\n<li>Chambre \u00e0 coucher avec lit double, sortie sur le balcon<\/li>\n<li>Salle de bains avec douche \u00e0 vapeur \/ baignoire jacuzzi \/ WC<\/li>\n<li>TV \/ Radio<\/li>\n<li>WIFI<\/li>\n<li>Balcon<\/li>\n<li>Place de parking dans le garage souterrain de l&rsquo;\u00e9tablissement<\/li>\n<li>Animaux domestiques autoris\u00e9s<\/li>\n<ul><\/ul>\n<\/ul>\n<p>[\/et_pb_text][et_pb_divider show_divider=\"off\" admin_label=\"Divider 6px\" _builder_version=\"4.16&Prime; height=\"6px\" saved_tabs=\"all\" global_colors_info=\"{}\"][\/et_pb_divider][\/et_pb_column][\/et_pb_row][et_pb_row column_structure=\"2_3,1_3&Prime; _builder_version=\"4.16&Prime; custom_padding=\"90px|0px|27px|0px|false|false\" global_colors_info=\"{}\"][et_pb_column type=\"2_3&Prime; _builder_version=\"4.16&Prime; custom_padding=\"|||\" global_colors_info=\"{}\" custom_padding__hover=\"|||\"][et_pb_text _builder_version=\"4.16&Prime; global_colors_info=\"{}\"]<\/p>\n<h1>Frais<\/h1>\n<p>[\/et_pb_text][et_pb_tabs _builder_version=\"4.16&Prime; global_colors_info=\"{}\"][et_pb_tab title=\"Top saison\" _builder_version=\"4.16&Prime; global_colors_info=\"{}\"]<\/p>\n<p><strong>Top saison<br \/><\/strong><\/p>\n<ul>\n<li>CHF 120.00 par jour<\/li>\n<\/ul>\n<p><strong>Frais annexes<\/strong><\/p>\n<ul>\n<li>Linge de lit et de toilette obligatoire, par personne et par s\u00e9jour CHF 28.00<\/li>\n<li>Linge de cuisine, chiffon, \u00e9ponge et un sac poubelle payant inclus<\/li>\n<li>Nettoyage final obligatoire CHF 130.00<\/li>\n<li>Garage inclus dans le b\u00e2timent et le prix<\/li>\n<\/ul>\n<p><strong>Conditions de location<br \/><\/strong><\/p>\n<ul>\n<li>Enregistrement de 16h00 \u00e0 18h30<\/li>\n<li>Self-check-in jusqu&rsquo;\u00e0 20h00 au plus tard<\/li>\n<li>Check-out 9:00 heures<\/li>\n<\/ul>\n<p><strong>Taxe de s\u00e9jour  <br \/><\/strong><\/p>\n<p><strong><\/strong><\/p>\n<ul>\n<li>Adultes \u00e0 partir de 16 ans : CHF 6.00 par jour<\/li>\n<li>Enfants 6 - 15 ans : CHF 3.00 par jour<\/li>\n<li>Enfants en bas \u00e2ge 0 - 5 ans : gratuit<\/li>\n<\/ul>\n<p>[\/et_pb_tab][et_pb_tab title=\"Haute saison\" _builder_version=\"4.16&Prime; global_colors_info=\"{}\"]<\/p>\n<p><strong>Haute saison<\/strong><\/p>\n<ul>\n<li>CHF 105.00 par jour<\/li>\n<\/ul>\n<p><strong>Frais annexes<\/strong><\/p>\n<ul>\n<li>Linge de lit et de toilette obligatoire, par personne et par s\u00e9jour CHF 28.00<\/li>\n<li>Linge de cuisine, chiffon, \u00e9ponge et un sac poubelle payant inclus<\/li>\n<li>Nettoyage final obligatoire CHF 130.00<\/li>\n<li>Garage inclus dans le b\u00e2timent et le prix<\/li>\n<\/ul>\n<p><strong>Conditions de location<br \/><\/strong><\/p>\n<ul>\n<li>Enregistrement de 16h00 \u00e0 18h30<\/li>\n<li>Self-check-in jusqu&rsquo;\u00e0 20h00 au plus tard<\/li>\n<li>Check-out 9:00 heures<\/li>\n<\/ul>\n<p><strong>Taxe de s\u00e9jour  <br \/><\/strong><\/p>\n<p><strong><\/strong><\/p>\n<ul>\n<li>Adultes \u00e0 partir de 16 ans : CHF 6.00 par jour<\/li>\n<li>Enfants 6 - 15 ans : CHF 3.00 par jour<\/li>\n<li>Enfants en bas \u00e2ge 0 - 5 ans : gratuit<\/li>\n<\/ul>\n<p>[\/et_pb_tab][et_pb_tab title=\"Moyenne saison\" _builder_version=\"4.16&Prime; global_colors_info=\"{}\"]<\/p>\n<p><strong>Moyenne saison<\/strong><\/p>\n<ul>\n<li>CHF 90.00 par jour<\/li>\n<\/ul>\n<p><strong>Frais annexes<\/strong><\/p>\n<ul>\n<li>Linge de lit et de toilette en option, par personne et par s\u00e9jour CHF 28.00<\/li>\n<li>Linge de cuisine, chiffon, \u00e9ponge et un sac poubelle payant inclus<\/li>\n<li>Nettoyage final obligatoire CHF 130.00<\/li>\n<li>Garage inclus dans le b\u00e2timent et le prix<\/li>\n<\/ul>\n<p><strong>Conditions de location<br \/><\/strong><\/p>\n<ul>\n<li>pas d&rsquo;enregistrement le dimanche<\/li>\n<li>Heure de check-in \/ check-out selon disponibilit\u00e9 et accord pr\u00e9alable<\/li>\n<li>Self-check-in jusqu&rsquo;\u00e0 20h00 au plus tard<\/li>\n<\/ul>\n<p><strong>Taxe de s\u00e9jour  <br \/><\/strong><\/p>\n<ul>\n<li>Adultes \u00e0 partir de 16 ans : CHF 6.00 par jour<\/li>\n<li>Enfants 6 - 15 ans : CHF 3.00 par jour<\/li>\n<li>Enfants en bas \u00e2ge 0 - 5 ans : gratuit<\/li>\n<\/ul>\n<p><strong>R\u00e9ductions<\/strong><strong><\/strong><strong><\/strong><\/p>\n<p><strong><\/strong><\/p>\n<ul>\n<li>\u00e0 partir de 14 jours 10% sur le prix de la location<\/li>\n<li>\u00e0 partir de 21 jours 15% sur le prix de la location<\/li>\n<\/ul>\n<p>[\/et_pb_tab][et_pb_tab title=\"Basse saison\" _builder_version=\"4.16&Prime; global_colors_info=\"{}\"]<\/p>\n<p><strong>Basse saison<\/strong><\/p>\n<ul>\n<li>CHF 80.00 par jour<\/li>\n<\/ul>\n<p><strong>Frais annexes<\/strong><\/p>\n<ul>\n<li>Linge de lit et de toilette en option, par personne et par s\u00e9jour CHF 28.00<\/li>\n<li>Linge de cuisine, chiffon, \u00e9ponge et un sac poubelle payant inclus<\/li>\n<li>Nettoyage final obligatoire CHF 130.00<\/li>\n<li>Garage inclus dans le b\u00e2timent et le prix<\/li>\n<\/ul>\n<p><strong>Conditions de location<br \/><\/strong><\/p>\n<ul>\n<li>pas d&rsquo;enregistrement le dimanche<\/li>\n<li>Heure de check-in \/ check-out selon disponibilit\u00e9 et accord pr\u00e9alable<\/li>\n<li>Self-check-in jusqu&rsquo;\u00e0 20h00 au plus tard<\/li>\n<\/ul>\n<p><strong>Taxe de s\u00e9jour  <br \/><\/strong><\/p>\n<ul>\n<li>Adultes \u00e0 partir de 16 ans : CHF 6.00 par jour<\/li>\n<li>Enfants 6 - 15 ans : CHF 3.00 par jour<\/li>\n<li>Enfants en bas \u00e2ge 0 - 5 ans : gratuit<\/li>\n<\/ul>\n<p><strong>R\u00e9ductions<\/strong><strong><\/strong><strong><\/strong><strong><\/strong><\/p>\n<p><strong><\/strong><\/p>\n<ul>\n<li>\u00e0 partir de 14 jours 10% sur le prix de la location<\/li>\n<li>\u00e0 partir de 21 jours 15% sur le prix de la location<\/li>\n<\/ul>\n<p>[\/et_pb_tab][\/et_pb_tabs][\/et_pb_column][et_pb_column type=\"1_3&Prime; _builder_version=\"4.16&Prime; custom_padding=\"|||\" global_colors_info=\"{}\" custom_padding__hover=\"|||\"][et_pb_text _builder_version=\"4.16&Prime; global_colors_info=\"{}\"]<\/p>\n<h1>\u00c0 proximit\u00e9<\/h1>\n<p>[\/et_pb_text][et_pb_text _builder_version=\"4.16&Prime; global_colors_info=\"{}\"]<\/p>\n<ul>\n<li>Arr\u00eat de bus \u00e0 100 m\u00e8tres de la maison<\/li>\n<li>Clinique de r\u00e9\u00e9ducation \u00e0 10 minutes \u00e0 pied<\/li>\n<li>\u00c9picerie 5 min. \u00e0 pied<\/li>\n<li>Remont\u00e9es m\u00e9caniques de la Gemmi 300 m\u00e8tres<\/li>\n<li>Centre sportif \/ Pistes de ski Erli 50 m\u00e8tres<\/li>\n<li>Bains thermaux Alpentherme 850 m\u00e8tres<\/li>\n<li>Bains thermaux Burgerbad 900 m\u00e8tres<\/li>\n<\/ul>\n<p>[\/et_pb_text][et_pb_map address=\"Gemmistrasse 36, 3954 Leukerbad, Switzerland\" zoom_level=\"17&Prime; address_lat=\"46.382434491547&Prime; address_lng=\"7.6249161394038&Prime; _builder_version=\"4.16&Prime; global_colors_info=\"{}\"][et_pb_map_pin pin_address=\"Lichtenstrasse 48, 3954 Leukerbad, Switzerland\" zoom_level=\"17&Prime; pin_address_lat=\"46.382393259264&Prime; pin_address_lng=\"7.6248574745911&Prime; _builder_version=\"4.6.4&Prime; global_colors_info=\"{}\"][\/et_pb_map_pin][\/et_pb_map][\/et_pb_column][\/et_pb_row][et_pb_row _builder_version=\"4.16&Prime; background_size=\"initial\" background_position=\"top_left\" background_repeat=\"repeat\" global_colors_info=\"{}\"][et_pb_column type=\"4_4&Prime; _builder_version=\"4.16&Prime; custom_padding=\"|||\" global_colors_info=\"{}\" custom_padding__hover=\"|||\"][wpbs_divi_single_calendar id=\"40&Prime; form_id=\"156&Prime; legend_position=\"top\" highlighttoday=\"yes\" weeknumbers=\"yes\" show_prices=\"yes\" show_date_selection=\"yes\" _builder_version=\"4.27.4&Prime; _module_preset=\"default\" global_colors_info=\"{}\"][\/wpbs_divi_single_calendar][\/et_pb_column][\/et_pb_row][\/et_pb_section]<\/p>\n","protected":false},"excerpt":{"rendered":"<p>Ch\u00e2teau 43o***Ringstrasse 138, 3954 Leukerbad La maison est situ\u00e9e dans la partie centrale du village de Leukerbad, pr\u00e8s de la Sportarena et des GemmibahnenSuperbe situation avec une belle vue sur les montagnes.Ch\u00e2teau 43O*** Appartement attique 2\u00bd pi\u00e8ces pour 1 - 2 personnes Cuisine avec four, plaque vitroc\u00e9ramique, r\u00e9frig\u00e9rateur avec compartiment cong\u00e9lateur, machine \u00e0 caf\u00e9 Delizio, [&hellip;]<\/p>\n","protected":false},"author":2,"featured_media":58396,"parent":34705,"menu_order":0,"comment_status":"closed","ping_status":"closed","template":"","meta":{"_acf_changed":false,"_et_pb_use_builder":"on","_et_pb_old_content":"","_et_gb_content_width":"","footnotes":""},"class_list":["post-22017","page","type-page","status-publish","has-post-thumbnail","hentry"],"acf":[],"yoast_head":"<!-- This site is optimized with the Yoast SEO plugin v27.4 - https:\/\/yoast.com\/product\/yoast-seo-wordpress\/ -->\n<title>115 \/ 2 \u00bd pi\u00e8ces Appartement Chateau 43o - Ferien-Vacances GmbH<\/title>\n<meta name=\"robots\" content=\"index, follow, max-snippet:-1, max-image-preview:large, max-video-preview:-1\" \/>\n<link rel=\"canonical\" href=\"https:\/\/de.ferien-vacances.ch\/fr\/appartements\/115-2-\u00bd-pieces-appartement-chateau-43o\/\" \/>\n<meta property=\"og:locale\" content=\"fr_FR\" \/>\n<meta property=\"og:type\" content=\"article\" \/>\n<meta property=\"og:title\" content=\"115 \/ 2 \u00bd pi\u00e8ces Appartement Chateau 43o - Ferien-Vacances GmbH\" \/>\n<meta property=\"og:description\" content=\"Ch\u00e2teau 43o***Ringstrasse 138, 3954 Leukerbad La maison est situ\u00e9e dans la partie centrale du village de Leukerbad, pr\u00e8s de la Sportarena et des GemmibahnenSuperbe situation avec une belle vue sur les montagnes.Ch\u00e2teau 43O*** Appartement attique 2\u00bd pi\u00e8ces pour 1 - 2 personnes Cuisine avec four, plaque vitroc\u00e9ramique, r\u00e9frig\u00e9rateur avec compartiment cong\u00e9lateur, machine \u00e0 caf\u00e9 Delizio, [&hellip;]\" \/>\n<meta property=\"og:url\" content=\"https:\/\/de.ferien-vacances.ch\/fr\/appartements\/115-2-\u00bd-pieces-appartement-chateau-43o\/\" \/>\n<meta property=\"og:site_name\" content=\"Ferien-Vacances GmbH\" \/>\n<meta property=\"article:modified_time\" content=\"2026-04-28T13:32:47+00:00\" \/>\n<meta property=\"og:image\" content=\"https:\/\/de.ferien-vacances.ch\/wp-content\/uploads\/2026\/03\/43-e1772627603798.jpg\" \/>\n\t<meta property=\"og:image:width\" content=\"449\" \/>\n\t<meta property=\"og:image:height\" content=\"467\" \/>\n\t<meta property=\"og:image:type\" content=\"image\/jpeg\" \/>\n<meta name=\"twitter:card\" content=\"summary_large_image\" \/>\n<meta name=\"twitter:label1\" content=\"Dur\u00e9e de lecture estim\u00e9e\" \/>\n\t<meta name=\"twitter:data1\" content=\"6 minutes\" \/>\n<script type=\"application\/ld+json\" class=\"yoast-schema-graph\">{\"@context\":\"https:\\\/\\\/schema.org\",\"@graph\":[{\"@type\":\"WebPage\",\"@id\":\"https:\\\/\\\/de.ferien-vacances.ch\\\/fr\\\/appartements\\\/115-2-%c2%bd-pieces-appartement-chateau-43o\\\/\",\"url\":\"https:\\\/\\\/de.ferien-vacances.ch\\\/fr\\\/appartements\\\/115-2-%c2%bd-pieces-appartement-chateau-43o\\\/\",\"name\":\"115 \\\/ 2 \u00bd pi\u00e8ces Appartement Chateau 43o - Ferien-Vacances GmbH\",\"isPartOf\":{\"@id\":\"https:\\\/\\\/de.ferien-vacances.ch\\\/#website\"},\"primaryImageOfPage\":{\"@id\":\"https:\\\/\\\/de.ferien-vacances.ch\\\/fr\\\/appartements\\\/115-2-%c2%bd-pieces-appartement-chateau-43o\\\/#primaryimage\"},\"image\":{\"@id\":\"https:\\\/\\\/de.ferien-vacances.ch\\\/fr\\\/appartements\\\/115-2-%c2%bd-pieces-appartement-chateau-43o\\\/#primaryimage\"},\"thumbnailUrl\":\"https:\\\/\\\/de.ferien-vacances.ch\\\/wp-content\\\/uploads\\\/2026\\\/03\\\/43-e1772627603798.jpg\",\"datePublished\":\"2025-09-25T07:09:32+00:00\",\"dateModified\":\"2026-04-28T13:32:47+00:00\",\"breadcrumb\":{\"@id\":\"https:\\\/\\\/de.ferien-vacances.ch\\\/fr\\\/appartements\\\/115-2-%c2%bd-pieces-appartement-chateau-43o\\\/#breadcrumb\"},\"inLanguage\":\"fr-FR\",\"potentialAction\":[{\"@type\":\"ReadAction\",\"target\":[\"https:\\\/\\\/de.ferien-vacances.ch\\\/fr\\\/appartements\\\/115-2-%c2%bd-pieces-appartement-chateau-43o\\\/\"]}]},{\"@type\":\"ImageObject\",\"inLanguage\":\"fr-FR\",\"@id\":\"https:\\\/\\\/de.ferien-vacances.ch\\\/fr\\\/appartements\\\/115-2-%c2%bd-pieces-appartement-chateau-43o\\\/#primaryimage\",\"url\":\"https:\\\/\\\/de.ferien-vacances.ch\\\/wp-content\\\/uploads\\\/2026\\\/03\\\/43-e1772627603798.jpg\",\"contentUrl\":\"https:\\\/\\\/de.ferien-vacances.ch\\\/wp-content\\\/uploads\\\/2026\\\/03\\\/43-e1772627603798.jpg\",\"width\":449,\"height\":467},{\"@type\":\"BreadcrumbList\",\"@id\":\"https:\\\/\\\/de.ferien-vacances.ch\\\/fr\\\/appartements\\\/115-2-%c2%bd-pieces-appartement-chateau-43o\\\/#breadcrumb\",\"itemListElement\":[{\"@type\":\"ListItem\",\"position\":1,\"name\":\"Home\",\"item\":\"https:\\\/\\\/de.ferien-vacances.ch\\\/fr\\\/accueil\\\/\"},{\"@type\":\"ListItem\",\"position\":2,\"name\":\"Appartements\",\"item\":\"https:\\\/\\\/de.ferien-vacances.ch\\\/fr\\\/appartements\\\/\"},{\"@type\":\"ListItem\",\"position\":3,\"name\":\"115 \\\/ 2 \u00bd pi\u00e8ces Appartement Chateau 43o\"}]},{\"@type\":\"WebSite\",\"@id\":\"https:\\\/\\\/de.ferien-vacances.ch\\\/#website\",\"url\":\"https:\\\/\\\/de.ferien-vacances.ch\\\/\",\"name\":\"Ferien-Vacances GmbH\",\"description\":\"Ferienwohnungen &amp; Reinigungsservice\",\"publisher\":{\"@id\":\"https:\\\/\\\/de.ferien-vacances.ch\\\/#organization\"},\"potentialAction\":[{\"@type\":\"SearchAction\",\"target\":{\"@type\":\"EntryPoint\",\"urlTemplate\":\"https:\\\/\\\/de.ferien-vacances.ch\\\/?s={search_term_string}\"},\"query-input\":{\"@type\":\"PropertyValueSpecification\",\"valueRequired\":true,\"valueName\":\"search_term_string\"}}],\"inLanguage\":\"fr-FR\"},{\"@type\":\"Organization\",\"@id\":\"https:\\\/\\\/de.ferien-vacances.ch\\\/#organization\",\"name\":\"Ferien-Vacances GmbH\",\"url\":\"https:\\\/\\\/de.ferien-vacances.ch\\\/\",\"logo\":{\"@type\":\"ImageObject\",\"inLanguage\":\"fr-FR\",\"@id\":\"https:\\\/\\\/de.ferien-vacances.ch\\\/#\\\/schema\\\/logo\\\/image\\\/\",\"url\":\"https:\\\/\\\/de.ferien-vacances.ch\\\/wp-content\\\/uploads\\\/2025\\\/11\\\/ferien_vacances_logo_rgb-1.jpg\",\"contentUrl\":\"https:\\\/\\\/de.ferien-vacances.ch\\\/wp-content\\\/uploads\\\/2025\\\/11\\\/ferien_vacances_logo_rgb-1.jpg\",\"width\":1326,\"height\":793,\"caption\":\"Ferien-Vacances GmbH\"},\"image\":{\"@id\":\"https:\\\/\\\/de.ferien-vacances.ch\\\/#\\\/schema\\\/logo\\\/image\\\/\"}}]}<\/script>\n<!-- \/ Yoast SEO plugin. -->","yoast_head_json":{"title":"115 \/ 2 \u00bd pi\u00e8ces Appartement Chateau 43o - Ferien-Vacances GmbH","robots":{"index":"index","follow":"follow","max-snippet":"max-snippet:-1","max-image-preview":"max-image-preview:large","max-video-preview":"max-video-preview:-1"},"canonical":"https:\/\/de.ferien-vacances.ch\/fr\/appartements\/115-2-\u00bd-pieces-appartement-chateau-43o\/","og_locale":"fr_FR","og_type":"article","og_title":"115 \/ 2 \u00bd pi\u00e8ces Appartement Chateau 43o - Ferien-Vacances GmbH","og_description":"Ch\u00e2teau 43o***Ringstrasse 138, 3954 Leukerbad La maison est situ\u00e9e dans la partie centrale du village de Leukerbad, pr\u00e8s de la Sportarena et des GemmibahnenSuperbe situation avec une belle vue sur les montagnes.Ch\u00e2teau 43O*** Appartement attique 2\u00bd pi\u00e8ces pour 1 - 2 personnes Cuisine avec four, plaque vitroc\u00e9ramique, r\u00e9frig\u00e9rateur avec compartiment cong\u00e9lateur, machine \u00e0 caf\u00e9 Delizio, [&hellip;]","og_url":"https:\/\/de.ferien-vacances.ch\/fr\/appartements\/115-2-\u00bd-pieces-appartement-chateau-43o\/","og_site_name":"Ferien-Vacances GmbH","article_modified_time":"2026-04-28T13:32:47+00:00","og_image":[{"width":449,"height":467,"url":"https:\/\/de.ferien-vacances.ch\/wp-content\/uploads\/2026\/03\/43-e1772627603798.jpg","type":"image\/jpeg"}],"twitter_card":"summary_large_image","twitter_misc":{"Dur\u00e9e de lecture estim\u00e9e":"6 minutes"},"schema":{"@context":"https:\/\/schema.org","@graph":[{"@type":"WebPage","@id":"https:\/\/de.ferien-vacances.ch\/fr\/appartements\/115-2-%c2%bd-pieces-appartement-chateau-43o\/","url":"https:\/\/de.ferien-vacances.ch\/fr\/appartements\/115-2-%c2%bd-pieces-appartement-chateau-43o\/","name":"115 \/ 2 \u00bd pi\u00e8ces Appartement Chateau 43o - Ferien-Vacances GmbH","isPartOf":{"@id":"https:\/\/de.ferien-vacances.ch\/#website"},"primaryImageOfPage":{"@id":"https:\/\/de.ferien-vacances.ch\/fr\/appartements\/115-2-%c2%bd-pieces-appartement-chateau-43o\/#primaryimage"},"image":{"@id":"https:\/\/de.ferien-vacances.ch\/fr\/appartements\/115-2-%c2%bd-pieces-appartement-chateau-43o\/#primaryimage"},"thumbnailUrl":"https:\/\/de.ferien-vacances.ch\/wp-content\/uploads\/2026\/03\/43-e1772627603798.jpg","datePublished":"2025-09-25T07:09:32+00:00","dateModified":"2026-04-28T13:32:47+00:00","breadcrumb":{"@id":"https:\/\/de.ferien-vacances.ch\/fr\/appartements\/115-2-%c2%bd-pieces-appartement-chateau-43o\/#breadcrumb"},"inLanguage":"fr-FR","potentialAction":[{"@type":"ReadAction","target":["https:\/\/de.ferien-vacances.ch\/fr\/appartements\/115-2-%c2%bd-pieces-appartement-chateau-43o\/"]}]},{"@type":"ImageObject","inLanguage":"fr-FR","@id":"https:\/\/de.ferien-vacances.ch\/fr\/appartements\/115-2-%c2%bd-pieces-appartement-chateau-43o\/#primaryimage","url":"https:\/\/de.ferien-vacances.ch\/wp-content\/uploads\/2026\/03\/43-e1772627603798.jpg","contentUrl":"https:\/\/de.ferien-vacances.ch\/wp-content\/uploads\/2026\/03\/43-e1772627603798.jpg","width":449,"height":467},{"@type":"BreadcrumbList","@id":"https:\/\/de.ferien-vacances.ch\/fr\/appartements\/115-2-%c2%bd-pieces-appartement-chateau-43o\/#breadcrumb","itemListElement":[{"@type":"ListItem","position":1,"name":"Home","item":"https:\/\/de.ferien-vacances.ch\/fr\/accueil\/"},{"@type":"ListItem","position":2,"name":"Appartements","item":"https:\/\/de.ferien-vacances.ch\/fr\/appartements\/"},{"@type":"ListItem","position":3,"name":"115 \/ 2 \u00bd pi\u00e8ces Appartement Chateau 43o"}]},{"@type":"WebSite","@id":"https:\/\/de.ferien-vacances.ch\/#website","url":"https:\/\/de.ferien-vacances.ch\/","name":"Ferien-Vacances GmbH","description":"Ferienwohnungen &amp; Reinigungsservice","publisher":{"@id":"https:\/\/de.ferien-vacances.ch\/#organization"},"potentialAction":[{"@type":"SearchAction","target":{"@type":"EntryPoint","urlTemplate":"https:\/\/de.ferien-vacances.ch\/?s={search_term_string}"},"query-input":{"@type":"PropertyValueSpecification","valueRequired":true,"valueName":"search_term_string"}}],"inLanguage":"fr-FR"},{"@type":"Organization","@id":"https:\/\/de.ferien-vacances.ch\/#organization","name":"Ferien-Vacances GmbH","url":"https:\/\/de.ferien-vacances.ch\/","logo":{"@type":"ImageObject","inLanguage":"fr-FR","@id":"https:\/\/de.ferien-vacances.ch\/#\/schema\/logo\/image\/","url":"https:\/\/de.ferien-vacances.ch\/wp-content\/uploads\/2025\/11\/ferien_vacances_logo_rgb-1.jpg","contentUrl":"https:\/\/de.ferien-vacances.ch\/wp-content\/uploads\/2025\/11\/ferien_vacances_logo_rgb-1.jpg","width":1326,"height":793,"caption":"Ferien-Vacances GmbH"},"image":{"@id":"https:\/\/de.ferien-vacances.ch\/#\/schema\/logo\/image\/"}}]}},"_links":{"self":[{"href":"https:\/\/de.ferien-vacances.ch\/fr\/wp-json\/wp\/v2\/pages\/22017","targetHints":{"allow":["GET"]}}],"collection":[{"href":"https:\/\/de.ferien-vacances.ch\/fr\/wp-json\/wp\/v2\/pages"}],"about":[{"href":"https:\/\/de.ferien-vacances.ch\/fr\/wp-json\/wp\/v2\/types\/page"}],"author":[{"embeddable":true,"href":"https:\/\/de.ferien-vacances.ch\/fr\/wp-json\/wp\/v2\/users\/2"}],"replies":[{"embeddable":true,"href":"https:\/\/de.ferien-vacances.ch\/fr\/wp-json\/wp\/v2\/comments?post=22017"}],"version-history":[{"count":10,"href":"https:\/\/de.ferien-vacances.ch\/fr\/wp-json\/wp\/v2\/pages\/22017\/revisions"}],"predecessor-version":[{"id":59875,"href":"https:\/\/de.ferien-vacances.ch\/fr\/wp-json\/wp\/v2\/pages\/22017\/revisions\/59875"}],"up":[{"embeddable":true,"href":"https:\/\/de.ferien-vacances.ch\/fr\/wp-json\/wp\/v2\/pages\/34705"}],"wp:featuredmedia":[{"embeddable":true,"href":"https:\/\/de.ferien-vacances.ch\/fr\/wp-json\/wp\/v2\/media\/58396"}],"wp:attachment":[{"href":"https:\/\/de.ferien-vacances.ch\/fr\/wp-json\/wp\/v2\/media?parent=22017"}],"curies":[{"name":"wp","href":"https:\/\/api.w.org\/{rel}","templated":true}]}}