{"id":23692,"date":"2025-09-26T05:04:11","date_gmt":"2025-09-26T05:04:11","guid":{"rendered":"https:\/\/de.ferien-vacances.ch\/26-appartement-de-vacances-3%c2%bd-pieces-chalet-heimatkunst\/"},"modified":"2026-03-04T09:41:26","modified_gmt":"2026-03-04T09:41:26","slug":"26-appartement-de-vacances-3%c2%bd-pieces-chalet-heimatkunst","status":"publish","type":"page","link":"https:\/\/de.ferien-vacances.ch\/fr\/appartements\/26-appartement-de-vacances-3%c2%bd-pieces-chalet-heimatkunst\/","title":{"rendered":"Appartement de vacances 3\u00bd pi\u00e8ces Heimatkunst 01"},"content":{"rendered":"<p>[et_pb_section fb_built=\"1&Prime; admin_label=\"Hero Section\" _builder_version=\"4.27.4&Prime; use_background_color_gradient=\"on\" background_color_gradient_direction=\"90deg\" background_color_gradient_stops=\"rgba(244,240,233,0.9) 30%|rgba(244,240,233,0) 100%\" background_color_gradient_overlays_image=\"on\" background_color_gradient_start=\"rgba(244,240,233,0.9)\" background_color_gradient_start_position=\"30%\" background_color_gradient_end=\"rgba(244,240,233,0)\" background_image=\"https:\/\/de.ferien-vacances.ch\/wp-content\/uploads\/2025\/11\/Varneralp_View_-Autumn_2-\u00a9MyLeukerbadAG-scaled.jpg\" custom_margin=\"|||\" custom_padding=\"119px|0px|119px|0px|false|false\" global_colors_info=\"{}\" theme_builder_area=\"post_content\"][et_pb_row custom_padding_last_edited=\"off|desktop\" admin_label=\"Zone de h\u00e9ros\" _builder_version=\"4.16&Prime; custom_padding=\"27px|0px|0px|0px\" global_colors_info=\"{}\" theme_builder_area=\"post_content\"][et_pb_column type=\"4_4&Prime; _builder_version=\"4.16&Prime; custom_padding=\"|||\" global_colors_info=\"{}\" custom_padding__hover=\"|||\" theme_builder_area=\"post_content\"][et_pb_text admin_label=\"Hero Title\" _builder_version=\"4.27.4&Prime; text_font=\"Playfair Display||||||||\" header_font=\"Alice||||||||\" header_font_size=\"80px\" header_letter_spacing=\"-3px\" header_line_height=\"1.1em\" custom_margin=\"||0px|\" custom_padding=\"|||\" animation_style=\"slide\" animation_direction=\"left\" animation_intensity_slide=\"5%\" animation_starting_opacity=\"100%\" text_font_size_last_edited=\"off|desktop\" header_font_size_tablet=\"\" header_font_size_phone=\"60px\" header_font_size_last_edited=\"on|phone\" global_colors_info=\"{}\" theme_builder_area=\"post_content\"]<\/p>\n<h1>Heimatkunst 01** (art de la maison)<\/h1>\n<p>[\/et_pb_text][et_pb_text _builder_version=\"4.16&Prime; text_font=\"||||||||\" text_font_size=\"18px\" text_line_height=\"1.8em\" header_font=\"||||||||\" max_width=\"500px\" custom_margin=\"|||\" custom_padding=\"||10px|\" animation_style=\"slide\" animation_direction=\"left\" animation_intensity_slide=\"5%\" animation_starting_opacity=\"100%\" global_colors_info=\"{}\" theme_builder_area=\"post_content\"]<\/p>\n<p>Tuftstrasse 10, 3954 Leukerbad<\/p>\n<p>La maison est situ\u00e9e au centre du village de Leukerbad.<br \/>Les Alpentherme se trouvent en face.<\/p>\n<p>[\/et_pb_text][\/et_pb_column][\/et_pb_row][\/et_pb_section][et_pb_section fb_built=\"1&Prime; _builder_version=\"4.16&Prime; global_colors_info=\"{}\"][et_pb_row column_structure=\"1_3,2_3&Prime; _builder_version=\"4.16&Prime; background_color=\"rgba(0,0,0,0.05)\" custom_padding=\"1px|0px|0|0px|false|false\" global_colors_info=\"{}\"][et_pb_column type=\"1_3&Prime; _builder_version=\"4.16&Prime; custom_padding=\"|||\" global_colors_info=\"{}\" custom_padding__hover=\"|||\"][et_pb_gallery gallery_ids=\"17240,17241,17242,17243,17244,17245,17246,17247,17248,17249&Prime; fullwidth=\"on\" _builder_version=\"4.16&Prime; pagination_text_color=\"#ffffff\" text_orientation=\"center\" custom_padding=\"35px|50px|35px|50px\" global_colors_info=\"{}\"][\/et_pb_gallery][\/et_pb_column][et_pb_column type=\"2_3&Prime; _builder_version=\"4.16&Prime; custom_padding=\"|||\" global_colors_info=\"{}\" custom_padding__hover=\"|||\"][et_pb_divider show_divider=\"off\" admin_label=\"Divider 30px\" _builder_version=\"4.16&Prime; height=\"30px\" custom_margin=\"||-2px|||\" saved_tabs=\"all\" global_colors_info=\"{}\"][\/et_pb_divider][et_pb_text _builder_version=\"4.16&Prime; background_color=\"rgba(255,255,255,0.07)\" custom_margin=\"|50px||||\" global_colors_info=\"{}\"]<\/p>\n<p><strong>Heimatkunst 01** (art de la maison)<\/strong><\/p>\n<p><strong><\/strong><\/p>\n<ul>\n<li>Appartement de 3\u00bd pi\u00e8ces pour 1 \u00e0 5 personnes<\/li>\n<li>Cuisine habitable avec four, 4 plaques de cuisson, r\u00e9frig\u00e9rateur avec compartiment cong\u00e9lateur, cafeti\u00e8re Bialetti, bouilloire, micro-ondes, lave-vaisselle, table \u00e0 manger<\/li>\n<li>S\u00e9jour avec canap\u00e9 confortable et lit simple suppl\u00e9mentaire<\/li>\n<li>1 chambre avec lit double<\/li>\n<li>1 chambre avec deux lits simples<\/li>\n<li>Douche \/ WC<\/li>\n<li>TV \/ Radio<\/li>\n<li>Place de garage<\/li>\n<li>Animaux domestiques autoris\u00e9s<\/li>\n<\/ul>\n<p>[\/et_pb_text][et_pb_divider show_divider=\"off\" admin_label=\"Divider 6px\" _builder_version=\"4.16&Prime; height=\"6px\" saved_tabs=\"all\" global_colors_info=\"{}\"][\/et_pb_divider][\/et_pb_column][\/et_pb_row][et_pb_row _builder_version=\"4.16&Prime; global_colors_info=\"{}\"][et_pb_column type=\"4_4&Prime; _builder_version=\"4.16&Prime; custom_padding=\"|||\" global_colors_info=\"{}\" custom_padding__hover=\"|||\"][et_pb_text _builder_version=\"4.16&Prime; global_colors_info=\"{}\"]Le chalet Heimatkunst est une maison valaisanne classique, construite de mani\u00e8re traditionnelle en bois de m\u00e9l\u00e8ze local, r\u00e9guli\u00e8rement r\u00e9nov\u00e9e et am\u00e9nag\u00e9e de mani\u00e8re tr\u00e8s traditionnelle. Aimez-vous les chalets valaisans traditionnels intimes avec leurs plafonds bas, leurs sols en bois et leurs po\u00eales en pierre ollaire ?<span style=\"color: rgba(0, 0, 0, 0.64);\">Vous voulez <\/span>prendre le pouls de l&rsquo;histoire et des traditions<span style=\"color: rgba(0, 0, 0, 0.64);\">au c\u0153ur du village <\/span>? Alors le chalet Heimatkunst est fait pour vous.<br \/>\n[\/et_pb_text][\/et_pb_column][\/et_pb_row][et_pb_row column_structure=\"2_3,1_3&Prime; _builder_version=\"4.16&Prime; min_height=\"425px\" custom_padding=\"90px|0px|90px|0px|true|false\" global_colors_info=\"{}\"][et_pb_column type=\"2_3&Prime; _builder_version=\"4.16&Prime; custom_padding=\"|||\" global_colors_info=\"{}\" custom_padding__hover=\"|||\"][et_pb_text _builder_version=\"4.16&Prime; max_width=\"100%\" saved_tabs=\"all\" global_colors_info=\"{}\"]<\/p>\n<h1>Frais<\/h1>\n<p>[\/et_pb_text][et_pb_tabs _builder_version=\"4.16&Prime; width=\"100%\" min_height=\"0px\" custom_margin=\"|-597px||||\" custom_padding=\"||3px|||\" global_colors_info=\"{}\"][et_pb_tab title=\"Top saison\" _builder_version=\"4.16&Prime; global_colors_info=\"{}\"]<\/p>\n<p><strong>Top saison<br \/><\/strong><\/p>\n<ul>\n<li>CHF 135.00 par jour<\/li>\n<\/ul>\n<p><strong>Frais annexes<\/strong><\/p>\n<ul>\n<li>Linge de lit et de toilette obligatoire, par personne et par s\u00e9jour CHF 28.00<\/li>\n<li>Linge de cuisine, chiffon, \u00e9ponge et un sac poubelle payant inclus<\/li>\n<li>Nettoyage final obligatoire CHF 135.00<\/li>\n<li>Stationnement dans un parking public inclus dans le prix<\/li>\n<\/ul>\n<p><strong>Conditions de location<br \/><\/strong><\/p>\n<ul>\n<li>Enregistrement de 16h00 \u00e0 18h30<\/li>\n<li>Self-check-in jusqu&rsquo;\u00e0 20h00 au plus tard<\/li>\n<li>Check-out 9:00 heures<\/li>\n<\/ul>\n<p><strong>Taxe de s\u00e9jour  <br \/><\/strong><\/p>\n<p><strong><\/strong><\/p>\n<ul>\n<li>Adultes \u00e0 partir de 16 ans : CHF 6.00 par jour<\/li>\n<li>Enfants 6 - 15 ans : CHF 3.00 par jour<\/li>\n<li>Enfants en bas \u00e2ge 0 - 5 ans : gratuit<\/li>\n<\/ul>\n<p>[\/et_pb_tab][et_pb_tab title=\"Haute saison\" _builder_version=\"4.16&Prime; global_colors_info=\"{}\"]<\/p>\n<p><strong>Haute saison<\/strong><\/p>\n<ul>\n<li>CHF 125.00 par jour<\/li>\n<\/ul>\n<p><strong>Frais annexes<\/strong><\/p>\n<ul>\n<li>Linge de lit et de toilette obligatoire, par personne et par s\u00e9jour CHF 28.00<\/li>\n<li>Linge de cuisine, chiffon, \u00e9ponge et un sac poubelle payant inclus<\/li>\n<li>Nettoyage final obligatoire CHF 135.00<\/li>\n<li>Stationnement dans un parking public inclus dans le prix<\/li>\n<\/ul>\n<p><strong>Conditions de location<br \/><\/strong><\/p>\n<ul>\n<li>Enregistrement de 16h00 \u00e0 18h30<\/li>\n<li>Self-check-in jusqu&rsquo;\u00e0 20h00 au plus tard<\/li>\n<li>Check-out 9:00 heures<\/li>\n<\/ul>\n<p><strong>Taxe de s\u00e9jour  <br \/><\/strong><\/p>\n<p><strong><\/strong><\/p>\n<ul>\n<li>Adultes \u00e0 partir de 16 ans : CHF 6.00 par jour<\/li>\n<li>Enfants 6 - 15 ans : CHF 3.00 par jour<\/li>\n<li>Enfants en bas \u00e2ge 0 - 5 ans : gratuit<\/li>\n<\/ul>\n<p>[\/et_pb_tab][et_pb_tab title=\"Moyenne saison\" _builder_version=\"4.16&Prime; global_colors_info=\"{}\"]<\/p>\n<p><strong>Moyenne saison<\/strong><\/p>\n<ul>\n<li>CHF 115.00 par jour<\/li>\n<\/ul>\n<p><strong>Frais annexes<\/strong><\/p>\n<ul>\n<li>Linge de lit et de toilette en option, par personne et par s\u00e9jour CHF 28.00<\/li>\n<li>Linge de cuisine, chiffon, \u00e9ponge et un sac poubelle payant inclus<\/li>\n<li>Nettoyage final obligatoire CHF 110.00<\/li>\n<li>Stationnement dans un parking public inclus dans le prix<\/li>\n<\/ul>\n<p><strong>Conditions de location<br \/><\/strong><\/p>\n<ul>\n<li>pas d&rsquo;enregistrement le dimanche<\/li>\n<li>Heure de check-in \/ check-out selon disponibilit\u00e9 et accord pr\u00e9alable<\/li>\n<li>Self-check-in jusqu&rsquo;\u00e0 20h00 au plus tard<\/li>\n<\/ul>\n<p><strong>Taxe de s\u00e9jour  <br \/><\/strong><\/p>\n<ul>\n<li>Adultes \u00e0 partir de 16 ans : CHF 6.00 par jour<\/li>\n<li>Enfants 6 - 15 ans : CHF 3.00 par jour<\/li>\n<li>Enfants en bas \u00e2ge 0 - 5 ans : gratuit<\/li>\n<\/ul>\n<p><strong>R\u00e9ductions<\/strong><strong><\/strong><\/p>\n<p><strong><\/strong><\/p>\n<ul>\n<li>\u00e0 partir de 14 jours 10% sur le prix de la location<\/li>\n<li>\u00e0 partir de 21 jours 15% sur le prix de la location<\/li>\n<\/ul>\n<p>[\/et_pb_tab][et_pb_tab title=\"Basse saison\" _builder_version=\"4.16&Prime; global_colors_info=\"{}\"]<\/p>\n<p><strong>Basse saison<\/strong><\/p>\n<ul>\n<li>CHF 105.00 par jour<\/li>\n<\/ul>\n<p><strong>Frais annexes<\/strong><\/p>\n<ul>\n<li>Linge de lit et de toilette en option, par personne et par s\u00e9jour CHF 28.00<\/li>\n<li>Linge de cuisine, chiffon, \u00e9ponge et un sac poubelle payant inclus<\/li>\n<li>Nettoyage final obligatoire CHF 135.00<\/li>\n<li>Stationnement dans un parking public inclus dans le prix<\/li>\n<\/ul>\n<p><strong>Conditions de location<br \/><\/strong><\/p>\n<ul>\n<li>pas d&rsquo;enregistrement le dimanche<\/li>\n<li>Heure de check-in \/ check-out selon disponibilit\u00e9 et accord pr\u00e9alable<\/li>\n<li>Self-check-in jusqu&rsquo;\u00e0 20h00 au plus tard<\/li>\n<\/ul>\n<p><strong>Taxe de s\u00e9jour  <br \/><\/strong><\/p>\n<ul>\n<li>Adultes \u00e0 partir de 16 ans : CHF 6.00 par jour<\/li>\n<li>Enfants 6 - 15 ans : CHF 3.00 par jour<\/li>\n<li>Enfants en bas \u00e2ge 0 - 5 ans : gratuit<\/li>\n<\/ul>\n<p><strong>R\u00e9ductions<\/strong><strong><\/strong><strong><\/strong><strong><\/strong><strong><\/strong><\/p>\n<p><strong><\/strong><\/p>\n<ul>\n<li>\u00e0 partir de 14 jours 10% sur le prix de la location<\/li>\n<li>\u00e0 partir de 21 jours 15% sur le prix de la location<\/li>\n<\/ul>\n<p>[\/et_pb_tab][\/et_pb_tabs][\/et_pb_column][et_pb_column type=\"1_3&Prime; _builder_version=\"4.16&Prime; custom_padding=\"|||\" global_colors_info=\"{}\" custom_padding__hover=\"|||\"][et_pb_text _builder_version=\"4.16&Prime; global_colors_info=\"{}\"]<\/p>\n<h1>\u00c0 proximit\u00e9<\/h1>\n<p>[\/et_pb_text][et_pb_text _builder_version=\"4.16&Prime; global_colors_info=\"{}\"]<\/p>\n<ul>\n<li>Arr\u00eat de bus \u00e0 2 minutes \u00e0 pied<\/li>\n<li>Clinique de r\u00e9\u00e9ducation 2 minutes \u00e0 pied<\/li>\n<li>\u00c9picerie 5 min. \u00e0 pied<\/li>\n<li>Remont\u00e9es m\u00e9caniques Gemmi &amp; Torrent 900 m\u00e8tres<\/li>\n<li>Bains thermaux Alpentherme 300 m\u00e8tres<\/li>\n<li>Bains thermaux Burgerbad 300 m\u00e8tres<\/li>\n<\/ul>\n<p>[\/et_pb_text][et_pb_map address=\"3954 Leukerbad, Switzerland\" zoom_level=\"15&Prime; address_lat=\"46.38035017607818&Prime; address_lng=\"7.629385629349599&Prime; _builder_version=\"4.16&Prime; global_colors_info=\"{}\"][et_pb_map_pin pin_address=\"Tuftstrasse 6, 3954 Leukerbad, Switzerland\" pin_address_lat=\"46.379536407162895&Prime; pin_address_lng=\"7.630048749073808&Prime; _builder_version=\"3.12.2&Prime; global_colors_info=\"{}\"][\/et_pb_map_pin][\/et_pb_map][\/et_pb_column][\/et_pb_row][et_pb_row _builder_version=\"4.16&Prime; background_size=\"initial\" background_position=\"top_left\" background_repeat=\"repeat\" width=\"39.3%\" global_colors_info=\"{}\"][et_pb_column type=\"4_4&Prime; _builder_version=\"4.16&Prime; custom_padding=\"|||\" global_colors_info=\"{}\" custom_padding__hover=\"|||\"][wpbs_divi_single_calendar id=\"67&Prime; form_id=\"179&Prime; legend_position=\"top\" highlighttoday=\"yes\" weeknumbers=\"yes\" show_prices=\"yes\" show_date_selection=\"yes\" _builder_version=\"4.27.4&Prime; _module_preset=\"default\" width=\"83.5%\" global_colors_info=\"{}\"][\/wpbs_divi_single_calendar][\/et_pb_column][\/et_pb_row][\/et_pb_section]<\/p>\n","protected":false},"excerpt":{"rendered":"<p>Heimatkunst 01** (art de la maison)Tuftstrasse 10, 3954 Leukerbad La maison est situ\u00e9e au centre du village de Leukerbad.Les Alpentherme se trouvent en face.Heimatkunst 01** (art de la maison) Appartement de 3\u00bd pi\u00e8ces pour 1 \u00e0 5 personnes Cuisine habitable avec four, 4 plaques de cuisson, r\u00e9frig\u00e9rateur avec compartiment cong\u00e9lateur, cafeti\u00e8re Bialetti, bouilloire, micro-ondes, lave-vaisselle, [&hellip;]<\/p>\n","protected":false},"author":2,"featured_media":55863,"parent":34705,"menu_order":0,"comment_status":"closed","ping_status":"closed","template":"","meta":{"_acf_changed":false,"_et_pb_use_builder":"on","_et_pb_old_content":"","_et_gb_content_width":"","footnotes":""},"class_list":["post-23692","page","type-page","status-publish","has-post-thumbnail","hentry"],"acf":[],"yoast_head":"<!-- This site is optimized with the Yoast SEO plugin v27.4 - https:\/\/yoast.com\/product\/yoast-seo-wordpress\/ -->\n<title>Appartement de vacances 3\u00bd pi\u00e8ces Heimatkunst 01 - Ferien-Vacances GmbH<\/title>\n<meta name=\"robots\" content=\"index, follow, max-snippet:-1, max-image-preview:large, max-video-preview:-1\" \/>\n<link rel=\"canonical\" href=\"https:\/\/de.ferien-vacances.ch\/fr\/appartements\/26-appartement-de-vacances-3\u00bd-pieces-chalet-heimatkunst\/\" \/>\n<meta property=\"og:locale\" content=\"fr_FR\" \/>\n<meta property=\"og:type\" content=\"article\" \/>\n<meta property=\"og:title\" content=\"Appartement de vacances 3\u00bd pi\u00e8ces Heimatkunst 01 - Ferien-Vacances GmbH\" \/>\n<meta property=\"og:description\" content=\"Heimatkunst 01** (art de la maison)Tuftstrasse 10, 3954 Leukerbad La maison est situ\u00e9e au centre du village de Leukerbad.Les Alpentherme se trouvent en face.Heimatkunst 01** (art de la maison) Appartement de 3\u00bd pi\u00e8ces pour 1 \u00e0 5 personnes Cuisine habitable avec four, 4 plaques de cuisson, r\u00e9frig\u00e9rateur avec compartiment cong\u00e9lateur, cafeti\u00e8re Bialetti, bouilloire, micro-ondes, lave-vaisselle, [&hellip;]\" \/>\n<meta property=\"og:url\" content=\"https:\/\/de.ferien-vacances.ch\/fr\/appartements\/26-appartement-de-vacances-3\u00bd-pieces-chalet-heimatkunst\/\" \/>\n<meta property=\"og:site_name\" content=\"Ferien-Vacances GmbH\" \/>\n<meta property=\"article:modified_time\" content=\"2026-03-04T09:41:26+00:00\" \/>\n<meta property=\"og:image\" content=\"https:\/\/de.ferien-vacances.ch\/wp-content\/uploads\/2026\/02\/IMG_1581-scaled-e1770379655322.jpg\" \/>\n\t<meta property=\"og:image:width\" content=\"184\" \/>\n\t<meta property=\"og:image:height\" content=\"147\" \/>\n\t<meta property=\"og:image:type\" content=\"image\/jpeg\" \/>\n<meta name=\"twitter:card\" content=\"summary_large_image\" \/>\n<meta name=\"twitter:label1\" content=\"Dur\u00e9e de lecture estim\u00e9e\" \/>\n\t<meta name=\"twitter:data1\" content=\"7 minutes\" \/>\n<script type=\"application\/ld+json\" class=\"yoast-schema-graph\">{\"@context\":\"https:\\\/\\\/schema.org\",\"@graph\":[{\"@type\":\"WebPage\",\"@id\":\"https:\\\/\\\/de.ferien-vacances.ch\\\/fr\\\/appartements\\\/26-appartement-de-vacances-3%c2%bd-pieces-chalet-heimatkunst\\\/\",\"url\":\"https:\\\/\\\/de.ferien-vacances.ch\\\/fr\\\/appartements\\\/26-appartement-de-vacances-3%c2%bd-pieces-chalet-heimatkunst\\\/\",\"name\":\"Appartement de vacances 3\u00bd pi\u00e8ces Heimatkunst 01 - Ferien-Vacances GmbH\",\"isPartOf\":{\"@id\":\"https:\\\/\\\/de.ferien-vacances.ch\\\/#website\"},\"primaryImageOfPage\":{\"@id\":\"https:\\\/\\\/de.ferien-vacances.ch\\\/fr\\\/appartements\\\/26-appartement-de-vacances-3%c2%bd-pieces-chalet-heimatkunst\\\/#primaryimage\"},\"image\":{\"@id\":\"https:\\\/\\\/de.ferien-vacances.ch\\\/fr\\\/appartements\\\/26-appartement-de-vacances-3%c2%bd-pieces-chalet-heimatkunst\\\/#primaryimage\"},\"thumbnailUrl\":\"https:\\\/\\\/de.ferien-vacances.ch\\\/wp-content\\\/uploads\\\/2026\\\/02\\\/IMG_1581-scaled-e1770379655322.jpg\",\"datePublished\":\"2025-09-26T05:04:11+00:00\",\"dateModified\":\"2026-03-04T09:41:26+00:00\",\"breadcrumb\":{\"@id\":\"https:\\\/\\\/de.ferien-vacances.ch\\\/fr\\\/appartements\\\/26-appartement-de-vacances-3%c2%bd-pieces-chalet-heimatkunst\\\/#breadcrumb\"},\"inLanguage\":\"fr-FR\",\"potentialAction\":[{\"@type\":\"ReadAction\",\"target\":[\"https:\\\/\\\/de.ferien-vacances.ch\\\/fr\\\/appartements\\\/26-appartement-de-vacances-3%c2%bd-pieces-chalet-heimatkunst\\\/\"]}]},{\"@type\":\"ImageObject\",\"inLanguage\":\"fr-FR\",\"@id\":\"https:\\\/\\\/de.ferien-vacances.ch\\\/fr\\\/appartements\\\/26-appartement-de-vacances-3%c2%bd-pieces-chalet-heimatkunst\\\/#primaryimage\",\"url\":\"https:\\\/\\\/de.ferien-vacances.ch\\\/wp-content\\\/uploads\\\/2026\\\/02\\\/IMG_1581-scaled-e1770379655322.jpg\",\"contentUrl\":\"https:\\\/\\\/de.ferien-vacances.ch\\\/wp-content\\\/uploads\\\/2026\\\/02\\\/IMG_1581-scaled-e1770379655322.jpg\",\"width\":184,\"height\":147},{\"@type\":\"BreadcrumbList\",\"@id\":\"https:\\\/\\\/de.ferien-vacances.ch\\\/fr\\\/appartements\\\/26-appartement-de-vacances-3%c2%bd-pieces-chalet-heimatkunst\\\/#breadcrumb\",\"itemListElement\":[{\"@type\":\"ListItem\",\"position\":1,\"name\":\"Home\",\"item\":\"https:\\\/\\\/de.ferien-vacances.ch\\\/fr\\\/accueil\\\/\"},{\"@type\":\"ListItem\",\"position\":2,\"name\":\"Appartements\",\"item\":\"https:\\\/\\\/de.ferien-vacances.ch\\\/fr\\\/appartements\\\/\"},{\"@type\":\"ListItem\",\"position\":3,\"name\":\"Appartement de vacances 3\u00bd pi\u00e8ces Heimatkunst 01\"}]},{\"@type\":\"WebSite\",\"@id\":\"https:\\\/\\\/de.ferien-vacances.ch\\\/#website\",\"url\":\"https:\\\/\\\/de.ferien-vacances.ch\\\/\",\"name\":\"Ferien-Vacances GmbH\",\"description\":\"Ferienwohnungen &amp; Reinigungsservice\",\"publisher\":{\"@id\":\"https:\\\/\\\/de.ferien-vacances.ch\\\/#organization\"},\"potentialAction\":[{\"@type\":\"SearchAction\",\"target\":{\"@type\":\"EntryPoint\",\"urlTemplate\":\"https:\\\/\\\/de.ferien-vacances.ch\\\/?s={search_term_string}\"},\"query-input\":{\"@type\":\"PropertyValueSpecification\",\"valueRequired\":true,\"valueName\":\"search_term_string\"}}],\"inLanguage\":\"fr-FR\"},{\"@type\":\"Organization\",\"@id\":\"https:\\\/\\\/de.ferien-vacances.ch\\\/#organization\",\"name\":\"Ferien-Vacances GmbH\",\"url\":\"https:\\\/\\\/de.ferien-vacances.ch\\\/\",\"logo\":{\"@type\":\"ImageObject\",\"inLanguage\":\"fr-FR\",\"@id\":\"https:\\\/\\\/de.ferien-vacances.ch\\\/#\\\/schema\\\/logo\\\/image\\\/\",\"url\":\"https:\\\/\\\/de.ferien-vacances.ch\\\/wp-content\\\/uploads\\\/2025\\\/11\\\/ferien_vacances_logo_rgb-1.jpg\",\"contentUrl\":\"https:\\\/\\\/de.ferien-vacances.ch\\\/wp-content\\\/uploads\\\/2025\\\/11\\\/ferien_vacances_logo_rgb-1.jpg\",\"width\":1326,\"height\":793,\"caption\":\"Ferien-Vacances GmbH\"},\"image\":{\"@id\":\"https:\\\/\\\/de.ferien-vacances.ch\\\/#\\\/schema\\\/logo\\\/image\\\/\"}}]}<\/script>\n<!-- \/ Yoast SEO plugin. -->","yoast_head_json":{"title":"Appartement de vacances 3\u00bd pi\u00e8ces Heimatkunst 01 - Ferien-Vacances GmbH","robots":{"index":"index","follow":"follow","max-snippet":"max-snippet:-1","max-image-preview":"max-image-preview:large","max-video-preview":"max-video-preview:-1"},"canonical":"https:\/\/de.ferien-vacances.ch\/fr\/appartements\/26-appartement-de-vacances-3\u00bd-pieces-chalet-heimatkunst\/","og_locale":"fr_FR","og_type":"article","og_title":"Appartement de vacances 3\u00bd pi\u00e8ces Heimatkunst 01 - Ferien-Vacances GmbH","og_description":"Heimatkunst 01** (art de la maison)Tuftstrasse 10, 3954 Leukerbad La maison est situ\u00e9e au centre du village de Leukerbad.Les Alpentherme se trouvent en face.Heimatkunst 01** (art de la maison) Appartement de 3\u00bd pi\u00e8ces pour 1 \u00e0 5 personnes Cuisine habitable avec four, 4 plaques de cuisson, r\u00e9frig\u00e9rateur avec compartiment cong\u00e9lateur, cafeti\u00e8re Bialetti, bouilloire, micro-ondes, lave-vaisselle, [&hellip;]","og_url":"https:\/\/de.ferien-vacances.ch\/fr\/appartements\/26-appartement-de-vacances-3\u00bd-pieces-chalet-heimatkunst\/","og_site_name":"Ferien-Vacances GmbH","article_modified_time":"2026-03-04T09:41:26+00:00","og_image":[{"width":184,"height":147,"url":"https:\/\/de.ferien-vacances.ch\/wp-content\/uploads\/2026\/02\/IMG_1581-scaled-e1770379655322.jpg","type":"image\/jpeg"}],"twitter_card":"summary_large_image","twitter_misc":{"Dur\u00e9e de lecture estim\u00e9e":"7 minutes"},"schema":{"@context":"https:\/\/schema.org","@graph":[{"@type":"WebPage","@id":"https:\/\/de.ferien-vacances.ch\/fr\/appartements\/26-appartement-de-vacances-3%c2%bd-pieces-chalet-heimatkunst\/","url":"https:\/\/de.ferien-vacances.ch\/fr\/appartements\/26-appartement-de-vacances-3%c2%bd-pieces-chalet-heimatkunst\/","name":"Appartement de vacances 3\u00bd pi\u00e8ces Heimatkunst 01 - Ferien-Vacances GmbH","isPartOf":{"@id":"https:\/\/de.ferien-vacances.ch\/#website"},"primaryImageOfPage":{"@id":"https:\/\/de.ferien-vacances.ch\/fr\/appartements\/26-appartement-de-vacances-3%c2%bd-pieces-chalet-heimatkunst\/#primaryimage"},"image":{"@id":"https:\/\/de.ferien-vacances.ch\/fr\/appartements\/26-appartement-de-vacances-3%c2%bd-pieces-chalet-heimatkunst\/#primaryimage"},"thumbnailUrl":"https:\/\/de.ferien-vacances.ch\/wp-content\/uploads\/2026\/02\/IMG_1581-scaled-e1770379655322.jpg","datePublished":"2025-09-26T05:04:11+00:00","dateModified":"2026-03-04T09:41:26+00:00","breadcrumb":{"@id":"https:\/\/de.ferien-vacances.ch\/fr\/appartements\/26-appartement-de-vacances-3%c2%bd-pieces-chalet-heimatkunst\/#breadcrumb"},"inLanguage":"fr-FR","potentialAction":[{"@type":"ReadAction","target":["https:\/\/de.ferien-vacances.ch\/fr\/appartements\/26-appartement-de-vacances-3%c2%bd-pieces-chalet-heimatkunst\/"]}]},{"@type":"ImageObject","inLanguage":"fr-FR","@id":"https:\/\/de.ferien-vacances.ch\/fr\/appartements\/26-appartement-de-vacances-3%c2%bd-pieces-chalet-heimatkunst\/#primaryimage","url":"https:\/\/de.ferien-vacances.ch\/wp-content\/uploads\/2026\/02\/IMG_1581-scaled-e1770379655322.jpg","contentUrl":"https:\/\/de.ferien-vacances.ch\/wp-content\/uploads\/2026\/02\/IMG_1581-scaled-e1770379655322.jpg","width":184,"height":147},{"@type":"BreadcrumbList","@id":"https:\/\/de.ferien-vacances.ch\/fr\/appartements\/26-appartement-de-vacances-3%c2%bd-pieces-chalet-heimatkunst\/#breadcrumb","itemListElement":[{"@type":"ListItem","position":1,"name":"Home","item":"https:\/\/de.ferien-vacances.ch\/fr\/accueil\/"},{"@type":"ListItem","position":2,"name":"Appartements","item":"https:\/\/de.ferien-vacances.ch\/fr\/appartements\/"},{"@type":"ListItem","position":3,"name":"Appartement de vacances 3\u00bd pi\u00e8ces Heimatkunst 01"}]},{"@type":"WebSite","@id":"https:\/\/de.ferien-vacances.ch\/#website","url":"https:\/\/de.ferien-vacances.ch\/","name":"Ferien-Vacances GmbH","description":"Ferienwohnungen &amp; Reinigungsservice","publisher":{"@id":"https:\/\/de.ferien-vacances.ch\/#organization"},"potentialAction":[{"@type":"SearchAction","target":{"@type":"EntryPoint","urlTemplate":"https:\/\/de.ferien-vacances.ch\/?s={search_term_string}"},"query-input":{"@type":"PropertyValueSpecification","valueRequired":true,"valueName":"search_term_string"}}],"inLanguage":"fr-FR"},{"@type":"Organization","@id":"https:\/\/de.ferien-vacances.ch\/#organization","name":"Ferien-Vacances GmbH","url":"https:\/\/de.ferien-vacances.ch\/","logo":{"@type":"ImageObject","inLanguage":"fr-FR","@id":"https:\/\/de.ferien-vacances.ch\/#\/schema\/logo\/image\/","url":"https:\/\/de.ferien-vacances.ch\/wp-content\/uploads\/2025\/11\/ferien_vacances_logo_rgb-1.jpg","contentUrl":"https:\/\/de.ferien-vacances.ch\/wp-content\/uploads\/2025\/11\/ferien_vacances_logo_rgb-1.jpg","width":1326,"height":793,"caption":"Ferien-Vacances GmbH"},"image":{"@id":"https:\/\/de.ferien-vacances.ch\/#\/schema\/logo\/image\/"}}]}},"_links":{"self":[{"href":"https:\/\/de.ferien-vacances.ch\/fr\/wp-json\/wp\/v2\/pages\/23692","targetHints":{"allow":["GET"]}}],"collection":[{"href":"https:\/\/de.ferien-vacances.ch\/fr\/wp-json\/wp\/v2\/pages"}],"about":[{"href":"https:\/\/de.ferien-vacances.ch\/fr\/wp-json\/wp\/v2\/types\/page"}],"author":[{"embeddable":true,"href":"https:\/\/de.ferien-vacances.ch\/fr\/wp-json\/wp\/v2\/users\/2"}],"replies":[{"embeddable":true,"href":"https:\/\/de.ferien-vacances.ch\/fr\/wp-json\/wp\/v2\/comments?post=23692"}],"version-history":[{"count":7,"href":"https:\/\/de.ferien-vacances.ch\/fr\/wp-json\/wp\/v2\/pages\/23692\/revisions"}],"predecessor-version":[{"id":57493,"href":"https:\/\/de.ferien-vacances.ch\/fr\/wp-json\/wp\/v2\/pages\/23692\/revisions\/57493"}],"up":[{"embeddable":true,"href":"https:\/\/de.ferien-vacances.ch\/fr\/wp-json\/wp\/v2\/pages\/34705"}],"wp:featuredmedia":[{"embeddable":true,"href":"https:\/\/de.ferien-vacances.ch\/fr\/wp-json\/wp\/v2\/media\/55863"}],"wp:attachment":[{"href":"https:\/\/de.ferien-vacances.ch\/fr\/wp-json\/wp\/v2\/media?parent=23692"}],"curies":[{"name":"wp","href":"https:\/\/api.w.org\/{rel}","templated":true}]}}