{"id":25895,"date":"2018-07-31T12:41:25","date_gmt":"2018-07-31T12:41:25","guid":{"rendered":"https:\/\/de.ferien-vacances.ch\/accueil\/"},"modified":"2026-02-03T16:22:08","modified_gmt":"2026-02-03T16:22:08","slug":"accueil","status":"publish","type":"page","link":"https:\/\/de.ferien-vacances.ch\/fr\/","title":{"rendered":"Accueil"},"content":{"rendered":"<p>[et_pb_section fb_built=\"1&Prime; admin_label=\"Hero Section\" _builder_version=\"4.27.4&Prime; use_background_color_gradient=\"on\" background_color_gradient_direction=\"112deg\" background_color_gradient_stops=\"rgba(244,240,233,0.9) 30%|rgba(244,240,233,0) 100%\" background_color_gradient_overlays_image=\"on\" background_color_gradient_start=\"#f4f0e9&Prime; background_color_gradient_start_position=\"30%\" background_color_gradient_end=\"rgba(244,240,233,0)\" background_image=\"https:\/\/de.ferien-vacances.ch\/wp-content\/uploads\/2025\/09\/IMG-20240514-WA0003.jpg\" background_repeat=\"repeat\" min_height=\"399.9px\" custom_margin=\"|||\" custom_padding=\"5.8%|0px|4.1%|0px|false|false\" background_last_edited=\"off|desktop\" global_colors_info=\"{}\"][et_pb_row custom_padding_last_edited=\"off|desktop\" admin_label=\"Zone de h\u00e9ros\" _builder_version=\"4.27.4&Prime; max_width=\"1480px\" custom_margin=\"|auto|-3px|auto||\" custom_padding=\"27px|0px|0px|0px\" global_colors_info=\"{}\"][et_pb_column type=\"4_4&Prime; _builder_version=\"4.16&Prime; custom_padding=\"|||\" global_colors_info=\"{}\" custom_padding__hover=\"|||\"][et_pb_text admin_label=\"Hero Title\" _builder_version=\"4.27.4&Prime; text_font=\"Playfair Display||||||||\" header_font=\"Alice||||||||\" header_font_size=\"120px\" header_letter_spacing=\"-3px\" header_line_height=\"1.1em\" max_width=\"97%\" animation_style=\"slide\" animation_direction=\"left\" animation_intensity_slide=\"5%\" animation_starting_opacity=\"100%\" text_font_size_last_edited=\"off|desktop\" header_font_size_tablet=\"\" header_font_size_phone=\"60px\" header_font_size_last_edited=\"on|phone\" text_text_shadow_style=\"preset2&Prime; inline_fonts=\"Akshar,Alice\" global_colors_info=\"{}\"]<\/p>\n<h1 style=\"text-align: center;\"><span style=\"font-family: Alice; font-weight: normal; color: #7c3740;\">Ferien-Vacances GmbH<\/span><\/h1>\n<p style=\"text-align: center;\"><span style=\"font-family: Alice; font-weight: normal; color: #7c3740; font-size: xx-large;\">Vos r\u00eaves - notre passion  <\/span><\/p>\n<p><span style=\"font-family: Alice; font-weight: normal; color: #7c3740;\"><\/span><\/p>\n<p>[\/et_pb_text][\/et_pb_column][\/et_pb_row][\/et_pb_section][et_pb_section fb_built=\"1&Prime; _builder_version=\"4.27.5&Prime; _module_preset=\"default\" global_colors_info=\"{}\"][et_pb_row _builder_version=\"4.27.5&Prime; _module_preset=\"default\" width=\"83.4%\" global_colors_info=\"{}\"][et_pb_column type=\"4_4&Prime; _builder_version=\"4.27.5&Prime; _module_preset=\"default\" global_colors_info=\"{}\"][et_pb_button button_url=\"https:\/\/de.ferien-vacances.ch\/fr\/51361-2\/\" button_text=\"Rechercher et r\u00e9server  \" button_alignment=\"center\" _builder_version=\"4.27.5&Prime; custom_button=\"on\" button_text_size=\"20px\" button_text_color=\"#FFFFFF\" button_bg_color=\"#ceaa46&Prime; button_border_width=\"0px\" button_border_radius=\"100px\" button_letter_spacing=\"2px\" button_font=\"|700||||on|||\" button_use_icon=\"off\" custom_padding=\"16px|30px|16px|30px\" animation_style=\"slide\" animation_direction=\"left\" animation_intensity_slide=\"10%\" animation_starting_opacity=\"100%\" hover_enabled=\"0&Prime; button_text_shadow_style=\"preset2&Prime; box_shadow_style=\"preset2&Prime; box_shadow_color=\"rgba(0,0,0,0.4)\" button_letter_spacing_hover=\"2px\" button_bg_color_hover=\"#e0c588&Prime; locked=\"off\" global_colors_info=\"{}\" button_text_size__hover_enabled=\"off\" button_one_text_size__hover_enabled=\"off\" button_two_text_size__hover_enabled=\"off\" button_text_color__hover_enabled=\"off\" button_one_text_color__hover_enabled=\"off\" button_two_text_color__hover_enabled=\"off\" button_border_width__hover_enabled=\"off\" button_one_border_width__hover_enabled=\"off\" button_two_border_width__hover_enabled=\"off\" button_border_color__hover_enabled=\"off\" button_one_border_color__hover_enabled=\"off\" button_two_border_color__hover_enabled=\"off\" button_border_radius__hover_enabled=\"off\" button_one_border_radius__hover_enabled=\"off\" button_two_border_radius__hover_enabled=\"off\" button_letter_spacing__hover_enabled=\"on\" button_letter_spacing__hover=\"2px\" button_one_letter_spacing__hover_enabled=\"off\" button_two_letter_spacing__hover_enabled=\"off\" button_bg_color__hover_enabled=\"on\" button_bg_color__hover=\"#e0c588&Prime; button_one_bg_color__hover_enabled=\"off\" button_two_bg_color__hover_enabled=\"off\" sticky_enabled=\"0&Prime;][\/et_pb_button][\/et_pb_column][\/et_pb_row][\/et_pb_section][et_pb_section fb_built=\"1&Prime; admin_label=\"Promo Banner\" _builder_version=\"4.27.4&Prime; background_color=\"RGBA(255,255,255,0)\" custom_padding=\"0px|0px|136px|0px||\" global_colors_info=\"{}\"][et_pb_row column_structure=\"1_5,3_5,1_5&Prime; _builder_version=\"4.27.4&Prime; width=\"100%\" max_width=\"2560px\" min_height=\"398px\" height=\"1000px\" custom_margin=\"|auto|-763px|auto||\" global_colors_info=\"{}\"][et_pb_column type=\"1_5&Prime; _builder_version=\"4.16&Prime; custom_padding=\"|||\" global_colors_info=\"{}\" custom_padding__hover=\"|||\"][\/et_pb_column][et_pb_column type=\"3_5&Prime; _builder_version=\"4.16&Prime; custom_padding=\"|||\" global_colors_info=\"{}\" custom_padding__hover=\"|||\"][et_pb_text _builder_version=\"4.27.4&Prime; text_font_size=\"16px\" link_font=\"|600|||on||||\" link_text_color=\"rgba(12,12,12,0.59)\" header_2_font=\"Alice||||||||\" header_2_line_height=\"1.5em\" text_orientation=\"center\" background_layout=\"dark\" width=\"100%\" min_height=\"106.3px\" custom_margin=\"||||false|false\" custom_padding=\"4px||2px|0px||\" box_shadow_style=\"preset6&Prime; box_shadow_color=\"#ceaa46&Prime; inline_fonts=\"Alice\" global_colors_info=\"{}\"]<\/p>\n<h4><span style=\"color: #000000;\"><span style=\"font-size: large;\"><\/span><\/span><\/h4>\n<h4><span style=\"color: #000000;\"><span style=\"font-size: large;\"><\/span><\/span><\/h4>\n<h4><span style=\"color: #000000;\"><span style=\"font-size: large;\"><\/span><\/span><\/h4>\n<h4><span style=\"color: #000000;\"><span style=\"font-size: large;\"><\/span><\/span><\/h4>\n<h4><span style=\"font-family: Alice;\"><span style=\"color: #000000;\"><span style=\"font-size: large;\">Tout r\u00eaveur sait que c&rsquo;est tout \u00e0 fait possible, <\/span><\/span><span style=\"color: #000000;\"><span style=\"font-size: large;\">d&rsquo;avoir la nostalgie d&rsquo;un endroit <\/span><\/span><span style=\"color: #000000; font-size: large;\">d&rsquo;avoir envie d&rsquo;aller l\u00e0 o\u00f9 vous n&rsquo;\u00eates jamais all\u00e9,<\/span><\/span><\/h4>\n<h4><span style=\"font-family: Alice;\"><span style=\"color: #000000; font-size: large;\">probablement encore plus fort qu&rsquo;en terrain connu <\/span><span style=\"color: #000000; font-size: large;\">sol\".<\/span><\/span><\/h4>\n<h4><span style=\"color: #000000; font-size: medium; font-family: Alice; font-weight: normal;\">Judith Thurmanen<\/span><\/h4>\n<p><span style=\"color: #000000; font-size: large;\"><\/span><\/p>\n<p><span style=\"color: #000000; font-size: medium; font-family: inherit; font-weight: normal;\"><\/span><\/p>\n<p>[\/et_pb_text][\/et_pb_column][et_pb_column type=\"1_5&Prime; _builder_version=\"4.16&Prime; custom_padding=\"|||\" global_colors_info=\"{}\" custom_padding__hover=\"|||\"][\/et_pb_column][\/et_pb_row][et_pb_row _builder_version=\"4.27.4&Prime; _module_preset=\"default\" global_colors_info=\"{}\"][et_pb_column type=\"4_4&Prime; _builder_version=\"4.27.4&Prime; _module_preset=\"default\" global_colors_info=\"{}\"][et_pb_text _builder_version=\"4.27.4&Prime; _module_preset=\"default\" text_text_color=\"#7c3740&Prime; text_font_size=\"20px\" custom_padding=\"||0px|||\" global_colors_info=\"{}\"]<\/p>\n<p><strong>Bienvenue chez Ferien-Vacances GmbH<\/strong>, l&rsquo;agence qui met toute sa passion \u00e0 vous aider non seulement \u00e0 planifier vos r\u00eaves de vacances, mais aussi \u00e0 les vivre.<\/p>\n<p>&nbsp;<\/p>\n<p><strong>Leukerbad<\/strong>, l&rsquo;un des plus beaux endroits de Suisse, vaut le d\u00e9tour en toute saison. Laissez-vous enchanter par le monde \u00e9poustouflant des montagnes, les thermes vitalisants, les magnifiques sentiers de randonn\u00e9e, la nature impressionnante, les magnifiques plaisirs de la neige, la vaste offre culinaire, la diversit\u00e9 des activit\u00e9s sportives&#8230; et bien plus encore. <\/p>\n<p>&nbsp;<\/p>\n<p>[\/et_pb_text][\/et_pb_column][\/et_pb_row][et_pb_row column_structure=\"1_4,3_4&Prime; _builder_version=\"4.27.4&Prime; _module_preset=\"default\" global_colors_info=\"{}\"][et_pb_column type=\"1_4&Prime; _builder_version=\"4.27.4&Prime; _module_preset=\"default\" global_colors_info=\"{}\"][et_pb_image src=\"https:\/\/de.ferien-vacances.ch\/wp-content\/uploads\/2025\/11\/Winter-hiking_Leukerbad_Direction-Majingsee_Village-View-\u00a9My-Leukerbad-AG.jpg\" title_text=\"Winter hiking_Leukerbad_Direction Majingsee_Village View \u00a9My Leukerbad AG\" force_fullwidth=\"on\" align_tablet=\"center\" align_phone=\"\" align_last_edited=\"on|desktop\" _builder_version=\"4.27.4&Prime; min_height=\"305px\" border_color_all=\"#7c3740&Prime; locked=\"off\" global_colors_info=\"{}\"][\/et_pb_image][\/et_pb_column][et_pb_column type=\"3_4&Prime; _builder_version=\"4.27.4&Prime; _module_preset=\"default\" global_colors_info=\"{}\"][et_pb_text _builder_version=\"4.27.4&Prime; _module_preset=\"default\" global_colors_info=\"{}\"]<\/p>\n<p><span style=\"font-size: large;\"><strong>Vous \u00eates \u00e0 la recherche d&rsquo;une location de vacances ?  <\/strong>Nous vous aidons \u00e0 trouver le logement qui vous convient. Que ce soit pour une pause d\u00e9tente en solo, un moment romantique \u00e0 deux, des vacances en famille ou un voyage r\u00e9ussi entre amis. Quelle que soit votre recherche, nous sommes l\u00e0 pour vous aider.  <\/span><\/p>\n<p><span style=\"font-size: large;\">Parcourez les appartements et r\u00e9servez directement ce qui vous pla\u00eet. Vous avez des questions ? N&rsquo;h\u00e9sitez pas \u00e0 nous contacter, nous serons ravis de vous conseiller.  <\/span><\/p>\n<p><span style=\"font-size: large;\"><\/span><\/p>\n<p><span style=\"font-size: large;\"><\/span><\/p>\n<p><span style=\"font-size: large;\"><\/span><\/p>\n<p>[\/et_pb_text][et_pb_button button_url=\"https:\/\/de.ferien-vacances.ch\/fr\/appartements\/maisons\/\" button_text=\"Logements de vacances\" button_alignment=\"right\" _builder_version=\"4.27.4&Prime; custom_button=\"on\" button_text_size=\"20px\" button_text_color=\"#FFFFFF\" button_bg_color=\"#ceaa46&Prime; button_border_width=\"0px\" button_border_radius=\"100px\" button_letter_spacing=\"2px\" button_font=\"|700||||on|||\" button_use_icon=\"off\" custom_padding=\"16px|30px|16px|30px\" animation_style=\"slide\" animation_direction=\"left\" animation_intensity_slide=\"10%\" animation_starting_opacity=\"100%\" button_text_shadow_style=\"preset2&Prime; box_shadow_style=\"preset2&Prime; box_shadow_color=\"rgba(0,0,0,0.4)\" button_letter_spacing_hover=\"2px\" button_bg_color_hover=\"#e0c588&Prime; global_colors_info=\"{}\" button_text_size__hover_enabled=\"off\" button_one_text_size__hover_enabled=\"off\" button_two_text_size__hover_enabled=\"off\" button_text_color__hover_enabled=\"off\" button_one_text_color__hover_enabled=\"off\" button_two_text_color__hover_enabled=\"off\" button_border_width__hover_enabled=\"off\" button_one_border_width__hover_enabled=\"off\" button_two_border_width__hover_enabled=\"off\" button_border_color__hover_enabled=\"off\" button_one_border_color__hover_enabled=\"off\" button_two_border_color__hover_enabled=\"off\" button_border_radius__hover_enabled=\"off\" button_one_border_radius__hover_enabled=\"off\" button_two_border_radius__hover_enabled=\"off\" button_letter_spacing__hover_enabled=\"on\" button_letter_spacing__hover=\"2px\" button_one_letter_spacing__hover_enabled=\"off\" button_two_letter_spacing__hover_enabled=\"off\" button_bg_color__hover_enabled=\"on\" button_bg_color__hover=\"#e0c588&Prime; button_one_bg_color__hover_enabled=\"off\" button_two_bg_color__hover_enabled=\"off\"][\/et_pb_button][\/et_pb_column][\/et_pb_row][et_pb_row column_structure=\"1_4,3_4&Prime; _builder_version=\"4.27.4&Prime; _module_preset=\"default\" global_colors_info=\"{}\"][et_pb_column type=\"1_4&Prime; _builder_version=\"4.27.4&Prime; _module_preset=\"default\" global_colors_info=\"{}\"][et_pb_image src=\"https:\/\/de.ferien-vacances.ch\/wp-content\/uploads\/2025\/11\/Leukerbad_Summer-with-flower-fields-\u00a9MyLeukerbadAG.jpg\" title_text=\"Lo\u00e8che-les-Bains_\u00c9t\u00e9 avec champs de fleurs \u00a9MyLeukerbadAG\" force_fullwidth=\"on\" align_tablet=\"center\" align_phone=\"\" align_last_edited=\"on|desktop\" _builder_version=\"4.27.4&Prime; min_height=\"305px\" border_color_all=\"#7c3740&Prime; locked=\"off\" global_colors_info=\"{}\"][\/et_pb_image][\/et_pb_column][et_pb_column type=\"3_4&Prime; _builder_version=\"4.27.4&Prime; _module_preset=\"default\" global_colors_info=\"{}\"][et_pb_text _builder_version=\"4.27.4&Prime; _module_preset=\"default\" global_colors_info=\"{}\"]<\/p>\n<p><span style=\"font-size: large;\"><strong>Vous \u00eates propri\u00e9taire <\/strong>d&rsquo;une maison de vacances et vous cherchez le partenaire id\u00e9al pour la location et la gestion de votre bien immobilier ?<\/span><\/p>\n<p><span style=\"font-size: large;\">Nous vous proposons un service complet.<\/span><\/p>\n<p><span style=\"font-size: large;\">Laissez-nous faire le travail pendant que vous avez plus de temps pour profiter de la vie.<\/span><\/p>\n<p><span style=\"font-size: large;\"> <\/span><span style=\"font-size: large;\"><\/span><\/p>\n<p><span style=\"font-size: large;\"><\/span><\/p>\n<p><span style=\"font-size: large;\"><\/span><\/p>\n<p>[\/et_pb_text][et_pb_button button_url=\"https:\/\/de.ferien-vacances.ch\/fr\/service-de-location-pour-les-proprietaires-dimmeubles\/\" button_text=\"Service de location\" button_alignment=\"right\" _builder_version=\"4.27.4&Prime; custom_button=\"on\" button_text_size=\"20px\" button_text_color=\"#FFFFFF\" button_bg_color=\"#ceaa46&Prime; button_border_width=\"0px\" button_border_radius=\"100px\" button_letter_spacing=\"2px\" button_font=\"|700||||on|||\" button_use_icon=\"off\" custom_padding=\"16px|30px|16px|30px\" animation_style=\"slide\" animation_direction=\"left\" animation_intensity_slide=\"10%\" animation_starting_opacity=\"100%\" button_text_shadow_style=\"preset2&Prime; box_shadow_style=\"preset2&Prime; box_shadow_color=\"rgba(0,0,0,0.4)\" button_letter_spacing_hover=\"2px\" button_bg_color_hover=\"#e0c588&Prime; global_colors_info=\"{}\" button_text_size__hover_enabled=\"off\" button_one_text_size__hover_enabled=\"off\" button_two_text_size__hover_enabled=\"off\" button_text_color__hover_enabled=\"off\" button_one_text_color__hover_enabled=\"off\" button_two_text_color__hover_enabled=\"off\" button_border_width__hover_enabled=\"off\" button_one_border_width__hover_enabled=\"off\" button_two_border_width__hover_enabled=\"off\" button_border_color__hover_enabled=\"off\" button_one_border_color__hover_enabled=\"off\" button_two_border_color__hover_enabled=\"off\" button_border_radius__hover_enabled=\"off\" button_one_border_radius__hover_enabled=\"off\" button_two_border_radius__hover_enabled=\"off\" button_letter_spacing__hover_enabled=\"on\" button_letter_spacing__hover=\"2px\" button_one_letter_spacing__hover_enabled=\"off\" button_two_letter_spacing__hover_enabled=\"off\" button_bg_color__hover_enabled=\"on\" button_bg_color__hover=\"#e0c588&Prime; button_one_bg_color__hover_enabled=\"off\" button_two_bg_color__hover_enabled=\"off\"][\/et_pb_button][\/et_pb_column][\/et_pb_row][et_pb_row column_structure=\"1_4,3_4&Prime; _builder_version=\"4.27.4&Prime; _module_preset=\"default\" global_colors_info=\"{}\"][et_pb_column type=\"1_4&Prime; _builder_version=\"4.27.4&Prime; _module_preset=\"default\" global_colors_info=\"{}\"][et_pb_image src=\"https:\/\/de.ferien-vacances.ch\/wp-content\/uploads\/2025\/11\/Winter-hiking_Torrent_Panorama-trail_5-\u00a9My-Leukerbad-AG-1-scaled.jpg\" title_text=\"Winter hiking_Torrent_Panorama trail_5 \u00a9My Leukerbad AG\" force_fullwidth=\"on\" align_tablet=\"center\" align_phone=\"\" align_last_edited=\"on|desktop\" _builder_version=\"4.27.4&Prime; min_height=\"305px\" border_color_all=\"#7c3740&Prime; locked=\"off\" global_colors_info=\"{}\"][\/et_pb_image][\/et_pb_column][et_pb_column type=\"3_4&Prime; _builder_version=\"4.27.4&Prime; _module_preset=\"default\" global_colors_info=\"{}\"][et_pb_text _builder_version=\"4.27.4&Prime; _module_preset=\"default\" global_colors_info=\"{}\"]<\/p>\n<p><span style=\"font-size: large;\"><strong>Vous \u00eates propri\u00e9taire <\/strong>d&rsquo;une maison de vacances et vous cherchez un service de nettoyage et\/ou de blanchisserie professionnel ? N&rsquo;h\u00e9sitez pas \u00e0 nous contacter. Nous vous \u00e9coutons attentivement et vous soumettons l&rsquo;offre qui correspond \u00e0 vos attentes.  <\/span><span style=\"font-size: large;\"><\/span><\/p>\n<p><span style=\"font-size: large;\">Profitez de votre s\u00e9jour de la premi\u00e8re \u00e0 la derni\u00e8re seconde.  <\/span><\/p>\n<p><span style=\"font-size: large;\">Nous nous occupons pour vous de l&rsquo;avant et de l&rsquo;apr\u00e8s.<\/span><span style=\"font-size: large;\"> <\/span><span style=\"font-size: large;\"><\/span><\/p>\n<p><span style=\"font-size: large;\"><\/span><\/p>\n<p><span style=\"font-size: large;\"><\/span><\/p>\n<p>[\/et_pb_text][et_pb_button button_url=\"https:\/\/de.ferien-vacances.ch\/fr\/service-de-nettoyage\/\" button_text=\"Service de nettoyage\" button_alignment=\"right\" _builder_version=\"4.27.4&Prime; custom_button=\"on\" button_text_size=\"20px\" button_text_color=\"#FFFFFF\" button_bg_color=\"#ceaa46&Prime; button_border_width=\"0px\" button_border_radius=\"100px\" button_letter_spacing=\"2px\" button_font=\"|700||||on|||\" button_use_icon=\"off\" custom_padding=\"16px|30px|16px|30px\" animation_style=\"slide\" animation_direction=\"left\" animation_intensity_slide=\"10%\" animation_starting_opacity=\"100%\" button_text_shadow_style=\"preset2&Prime; box_shadow_style=\"preset2&Prime; box_shadow_color=\"rgba(0,0,0,0.4)\" button_letter_spacing_hover=\"2px\" button_bg_color_hover=\"#e0c588&Prime; global_colors_info=\"{}\" button_text_size__hover_enabled=\"off\" button_one_text_size__hover_enabled=\"off\" button_two_text_size__hover_enabled=\"off\" button_text_color__hover_enabled=\"off\" button_one_text_color__hover_enabled=\"off\" button_two_text_color__hover_enabled=\"off\" button_border_width__hover_enabled=\"off\" button_one_border_width__hover_enabled=\"off\" button_two_border_width__hover_enabled=\"off\" button_border_color__hover_enabled=\"off\" button_one_border_color__hover_enabled=\"off\" button_two_border_color__hover_enabled=\"off\" button_border_radius__hover_enabled=\"off\" button_one_border_radius__hover_enabled=\"off\" button_two_border_radius__hover_enabled=\"off\" button_letter_spacing__hover_enabled=\"on\" button_letter_spacing__hover=\"2px\" button_one_letter_spacing__hover_enabled=\"off\" button_two_letter_spacing__hover_enabled=\"off\" button_bg_color__hover_enabled=\"on\" button_bg_color__hover=\"#e0c588&Prime; button_one_bg_color__hover_enabled=\"off\" button_two_bg_color__hover_enabled=\"off\"][\/et_pb_button][\/et_pb_column][\/et_pb_row][et_pb_row column_structure=\"3_4,1_4&Prime; _builder_version=\"4.27.4&Prime; _module_preset=\"default\" min_height=\"210.1px\" custom_padding=\"93px|||||\" global_colors_info=\"{}\"][et_pb_column type=\"3_4&Prime; _builder_version=\"4.27.4&Prime; _module_preset=\"default\" global_colors_info=\"{}\"][et_pb_text _builder_version=\"4.27.4&Prime; _module_preset=\"default\" text_text_color=\"#7c3740&Prime; text_font_size=\"20px\" global_colors_info=\"{}\"]<\/p>\n<p>Bien entendu, nous restons \u00e0 votre disposition pour toute autre question ou demande.<em><\/em><\/p>\n<p><strong>Votre \u00e9quipe de Ferien-Vacances GmbH<\/strong><\/p>\n<p>[\/et_pb_text][et_pb_button button_url=\"https:\/\/de.ferien-vacances.ch\/fr\/contact\/\" button_text=\"Contactez-nous\" _builder_version=\"4.27.4&Prime; custom_button=\"on\" button_text_size=\"20px\" button_text_color=\"#FFFFFF\" button_bg_color=\"#ceaa46&Prime; button_border_width=\"0px\" button_border_radius=\"100px\" button_letter_spacing=\"2px\" button_font=\"|700||||on|||\" button_use_icon=\"off\" custom_padding=\"16px|30px|16px|30px\" animation_style=\"slide\" animation_direction=\"left\" animation_intensity_slide=\"10%\" animation_starting_opacity=\"100%\" button_text_shadow_style=\"preset2&Prime; box_shadow_style=\"preset2&Prime; box_shadow_color=\"rgba(0,0,0,0.4)\" button_letter_spacing_hover=\"2px\" button_bg_color_hover=\"#e0c588&Prime; global_colors_info=\"{}\" button_text_size__hover_enabled=\"off\" button_one_text_size__hover_enabled=\"off\" button_two_text_size__hover_enabled=\"off\" button_text_color__hover_enabled=\"off\" button_one_text_color__hover_enabled=\"off\" button_two_text_color__hover_enabled=\"off\" button_border_width__hover_enabled=\"off\" button_one_border_width__hover_enabled=\"off\" button_two_border_width__hover_enabled=\"off\" button_border_color__hover_enabled=\"off\" button_one_border_color__hover_enabled=\"off\" button_two_border_color__hover_enabled=\"off\" button_border_radius__hover_enabled=\"off\" button_one_border_radius__hover_enabled=\"off\" button_two_border_radius__hover_enabled=\"off\" button_letter_spacing__hover_enabled=\"on\" button_letter_spacing__hover=\"2px\" button_one_letter_spacing__hover_enabled=\"off\" button_two_letter_spacing__hover_enabled=\"off\" button_bg_color__hover_enabled=\"on\" button_bg_color__hover=\"#e0c588&Prime; button_one_bg_color__hover_enabled=\"off\" button_two_bg_color__hover_enabled=\"off\"][\/et_pb_button][\/et_pb_column][et_pb_column type=\"1_4&Prime; _builder_version=\"4.27.4&Prime; _module_preset=\"default\" global_colors_info=\"{}\"][et_pb_image src=\"https:\/\/de.ferien-vacances.ch\/wp-content\/uploads\/2025\/11\/ferien_vacances_logo_rgb-1.jpg\" title_text=\"logo7&Prime; _builder_version=\"4.27.4&Prime; _module_preset=\"default\" global_colors_info=\"{}\"][\/et_pb_image][\/et_pb_column][\/et_pb_row][\/et_pb_section][et_pb_section fb_built=\"1&Prime; admin_label=\"Gallery Row\" _builder_version=\"4.16&Prime; custom_padding=\"0px|0px|0px|0px\" global_colors_info=\"{}\"][et_pb_row column_structure=\"1_4,1_4,1_4,1_4&Prime; use_custom_gutter=\"on\" gutter_width=\"1&Prime; module_class=\" et_pb_row_fullwidth\" _builder_version=\"4.16&Prime; width=\"100%\" width_tablet=\"100%\" width_phone=\"\" width_last_edited=\"on|desktop\" max_width=\"100%\" max_width_tablet=\"100%\" max_width_phone=\"\" max_width_last_edited=\"on|desktop\" custom_padding=\"0px|0px|0px|0px\" make_fullwidth=\"on\" global_colors_info=\"{}\"][et_pb_column type=\"1_4&Prime; _builder_version=\"4.16&Prime; custom_padding=\"|||\" global_colors_info=\"{}\" custom_padding__hover=\"|||\"][et_pb_image src=\"https:\/\/de.ferien-vacances.ch\/wp-content\/uploads\/2025\/11\/Village_Summer_6-\u00a9MyLeukerbadAG-scaled.jpg\" title_text=\"Village_Summer_6 \u00a9MyLeukerbadAG\" force_fullwidth=\"on\" align_tablet=\"center\" align_phone=\"\" align_last_edited=\"on|desktop\" _builder_version=\"4.27.4&Prime; border_width_all=\"1px\" border_color_all=\"#7c3740&Prime; locked=\"off\" global_colors_info=\"{}\"][\/et_pb_image][\/et_pb_column][et_pb_column type=\"1_4&Prime; _builder_version=\"4.16&Prime; custom_padding=\"|||\" global_colors_info=\"{}\" custom_padding__hover=\"|||\"][et_pb_image src=\"https:\/\/de.ferien-vacances.ch\/wp-content\/uploads\/2025\/11\/Erli_5352_\u00a9MyLeukerbadAG-scaled.jpg\" title_text=\"Erli_5352_\u00a9MyLeukerbadAG\" force_fullwidth=\"on\" align_tablet=\"center\" align_phone=\"\" align_last_edited=\"on|desktop\" _builder_version=\"4.27.4&Prime; border_width_all=\"1px\" border_color_all=\"#7c3740&Prime; locked=\"off\" global_colors_info=\"{}\"][\/et_pb_image][\/et_pb_column][et_pb_column type=\"1_4&Prime; _builder_version=\"4.16&Prime; custom_padding=\"|||\" global_colors_info=\"{}\" custom_padding__hover=\"|||\"][et_pb_image src=\"https:\/\/de.ferien-vacances.ch\/wp-content\/uploads\/2025\/11\/ThermeFamily_3781_\u00a9MyLeukerbadAG-scaled.jpg\" title_text=\"ThermeFamily_3781_\u00a9MyLeukerbadAG\" force_fullwidth=\"on\" align_tablet=\"center\" align_phone=\"\" align_last_edited=\"on|desktop\" _builder_version=\"4.27.4&Prime; border_width_all=\"1px\" border_color_all=\"#7c3740&Prime; locked=\"off\" global_colors_info=\"{}\"][\/et_pb_image][\/et_pb_column][et_pb_column type=\"1_4&Prime; _builder_version=\"4.16&Prime; custom_padding=\"|||\" global_colors_info=\"{}\" custom_padding__hover=\"|||\"][et_pb_image src=\"https:\/\/de.ferien-vacances.ch\/wp-content\/uploads\/2025\/11\/Gemmi_Viewpoint_Winter\u00a9MyLeukerbadAG-scaled.jpg\" title_text=\"Gemmi_Viewpoint_Hiver\u00a9MyLeukerbadAG\" force_fullwidth=\"on\" align_tablet=\"center\" align_phone=\"\" align_last_edited=\"on|desktop\" _builder_version=\"4.27.4&Prime; border_width_all=\"1px\" border_color_all=\"#7c3740&Prime; locked=\"off\" global_colors_info=\"{}\"][\/et_pb_image][\/et_pb_column][\/et_pb_row][\/et_pb_section]<\/p>\n","protected":false},"excerpt":{"rendered":"<p>Ferien-Vacances GmbH Vos r\u00eaves - notre passion Tout r\u00eaveur sait que c&rsquo;est tout \u00e0 fait possible, d&rsquo;avoir la nostalgie d&rsquo;un endroit d&rsquo;avoir envie d&rsquo;aller l\u00e0 o\u00f9 vous n&rsquo;\u00eates jamais all\u00e9, probablement encore plus fort qu&rsquo;en terrain connu sol\". Judith Thurmanen Bienvenue chez Ferien-Vacances GmbH, l&rsquo;agence qui met toute sa passion \u00e0 vous aider non seulement [&hellip;]<\/p>\n","protected":false},"author":2,"featured_media":0,"parent":0,"menu_order":0,"comment_status":"closed","ping_status":"closed","template":"","meta":{"_acf_changed":false,"_et_pb_use_builder":"on","_et_pb_old_content":"","_et_gb_content_width":"","footnotes":""},"class_list":["post-25895","page","type-page","status-publish","hentry"],"acf":[],"yoast_head":"<!-- This site is optimized with the Yoast SEO plugin v27.4 - https:\/\/yoast.com\/product\/yoast-seo-wordpress\/ -->\n<title>Accueil - Ferien-Vacances GmbH<\/title>\n<meta name=\"robots\" content=\"index, follow, max-snippet:-1, max-image-preview:large, max-video-preview:-1\" \/>\n<link rel=\"canonical\" href=\"https:\/\/de.ferien-vacances.ch\/fr\/accueil\/\" \/>\n<meta property=\"og:locale\" content=\"fr_FR\" \/>\n<meta property=\"og:type\" content=\"article\" \/>\n<meta property=\"og:title\" content=\"Accueil - Ferien-Vacances GmbH\" \/>\n<meta property=\"og:description\" content=\"Ferien-Vacances GmbH Vos r\u00eaves - notre passion Tout r\u00eaveur sait que c&#039;est tout \u00e0 fait possible, d&#039;avoir la nostalgie d&#039;un endroit d&#039;avoir envie d&#039;aller l\u00e0 o\u00f9 vous n&#039;\u00eates jamais all\u00e9, probablement encore plus fort qu&#039;en terrain connu sol&quot;. Judith Thurmanen Bienvenue chez Ferien-Vacances GmbH, l&#039;agence qui met toute sa passion \u00e0 vous aider non seulement [&hellip;]\" \/>\n<meta property=\"og:url\" content=\"https:\/\/de.ferien-vacances.ch\/fr\/accueil\/\" \/>\n<meta property=\"og:site_name\" content=\"Ferien-Vacances GmbH\" \/>\n<meta property=\"article:modified_time\" content=\"2026-02-03T16:22:08+00:00\" \/>\n<meta name=\"twitter:card\" content=\"summary_large_image\" \/>\n<meta name=\"twitter:label1\" content=\"Dur\u00e9e de lecture estim\u00e9e\" \/>\n\t<meta name=\"twitter:data1\" content=\"14 minutes\" \/>\n<script type=\"application\/ld+json\" class=\"yoast-schema-graph\">{\"@context\":\"https:\\\/\\\/schema.org\",\"@graph\":[{\"@type\":\"WebPage\",\"@id\":\"https:\\\/\\\/de.ferien-vacances.ch\\\/fr\\\/accueil\\\/\",\"url\":\"https:\\\/\\\/de.ferien-vacances.ch\\\/fr\\\/accueil\\\/\",\"name\":\"Accueil - Ferien-Vacances GmbH\",\"isPartOf\":{\"@id\":\"https:\\\/\\\/de.ferien-vacances.ch\\\/#website\"},\"datePublished\":\"2018-07-31T12:41:25+00:00\",\"dateModified\":\"2026-02-03T16:22:08+00:00\",\"breadcrumb\":{\"@id\":\"https:\\\/\\\/de.ferien-vacances.ch\\\/fr\\\/accueil\\\/#breadcrumb\"},\"inLanguage\":\"fr-FR\",\"potentialAction\":[{\"@type\":\"ReadAction\",\"target\":[\"https:\\\/\\\/de.ferien-vacances.ch\\\/fr\\\/accueil\\\/\"]}]},{\"@type\":\"BreadcrumbList\",\"@id\":\"https:\\\/\\\/de.ferien-vacances.ch\\\/fr\\\/accueil\\\/#breadcrumb\",\"itemListElement\":[{\"@type\":\"ListItem\",\"position\":1,\"name\":\"Home\",\"item\":\"https:\\\/\\\/de.ferien-vacances.ch\\\/fr\\\/accueil\\\/\"},{\"@type\":\"ListItem\",\"position\":2,\"name\":\"Accueil\"}]},{\"@type\":\"WebSite\",\"@id\":\"https:\\\/\\\/de.ferien-vacances.ch\\\/#website\",\"url\":\"https:\\\/\\\/de.ferien-vacances.ch\\\/\",\"name\":\"Ferien-Vacances GmbH\",\"description\":\"Ferienwohnungen &amp; Reinigungsservice\",\"publisher\":{\"@id\":\"https:\\\/\\\/de.ferien-vacances.ch\\\/#organization\"},\"potentialAction\":[{\"@type\":\"SearchAction\",\"target\":{\"@type\":\"EntryPoint\",\"urlTemplate\":\"https:\\\/\\\/de.ferien-vacances.ch\\\/?s={search_term_string}\"},\"query-input\":{\"@type\":\"PropertyValueSpecification\",\"valueRequired\":true,\"valueName\":\"search_term_string\"}}],\"inLanguage\":\"fr-FR\"},{\"@type\":\"Organization\",\"@id\":\"https:\\\/\\\/de.ferien-vacances.ch\\\/#organization\",\"name\":\"Ferien-Vacances GmbH\",\"url\":\"https:\\\/\\\/de.ferien-vacances.ch\\\/\",\"logo\":{\"@type\":\"ImageObject\",\"inLanguage\":\"fr-FR\",\"@id\":\"https:\\\/\\\/de.ferien-vacances.ch\\\/#\\\/schema\\\/logo\\\/image\\\/\",\"url\":\"https:\\\/\\\/de.ferien-vacances.ch\\\/wp-content\\\/uploads\\\/2025\\\/11\\\/ferien_vacances_logo_rgb-1.jpg\",\"contentUrl\":\"https:\\\/\\\/de.ferien-vacances.ch\\\/wp-content\\\/uploads\\\/2025\\\/11\\\/ferien_vacances_logo_rgb-1.jpg\",\"width\":1326,\"height\":793,\"caption\":\"Ferien-Vacances GmbH\"},\"image\":{\"@id\":\"https:\\\/\\\/de.ferien-vacances.ch\\\/#\\\/schema\\\/logo\\\/image\\\/\"}}]}<\/script>\n<!-- \/ Yoast SEO plugin. -->","yoast_head_json":{"title":"Accueil - Ferien-Vacances GmbH","robots":{"index":"index","follow":"follow","max-snippet":"max-snippet:-1","max-image-preview":"max-image-preview:large","max-video-preview":"max-video-preview:-1"},"canonical":"https:\/\/de.ferien-vacances.ch\/fr\/accueil\/","og_locale":"fr_FR","og_type":"article","og_title":"Accueil - Ferien-Vacances GmbH","og_description":"Ferien-Vacances GmbH Vos r\u00eaves - notre passion Tout r\u00eaveur sait que c'est tout \u00e0 fait possible, d'avoir la nostalgie d'un endroit d'avoir envie d'aller l\u00e0 o\u00f9 vous n'\u00eates jamais all\u00e9, probablement encore plus fort qu'en terrain connu sol\". Judith Thurmanen Bienvenue chez Ferien-Vacances GmbH, l'agence qui met toute sa passion \u00e0 vous aider non seulement [&hellip;]","og_url":"https:\/\/de.ferien-vacances.ch\/fr\/accueil\/","og_site_name":"Ferien-Vacances GmbH","article_modified_time":"2026-02-03T16:22:08+00:00","twitter_card":"summary_large_image","twitter_misc":{"Dur\u00e9e de lecture estim\u00e9e":"14 minutes"},"schema":{"@context":"https:\/\/schema.org","@graph":[{"@type":"WebPage","@id":"https:\/\/de.ferien-vacances.ch\/fr\/accueil\/","url":"https:\/\/de.ferien-vacances.ch\/fr\/accueil\/","name":"Accueil - Ferien-Vacances GmbH","isPartOf":{"@id":"https:\/\/de.ferien-vacances.ch\/#website"},"datePublished":"2018-07-31T12:41:25+00:00","dateModified":"2026-02-03T16:22:08+00:00","breadcrumb":{"@id":"https:\/\/de.ferien-vacances.ch\/fr\/accueil\/#breadcrumb"},"inLanguage":"fr-FR","potentialAction":[{"@type":"ReadAction","target":["https:\/\/de.ferien-vacances.ch\/fr\/accueil\/"]}]},{"@type":"BreadcrumbList","@id":"https:\/\/de.ferien-vacances.ch\/fr\/accueil\/#breadcrumb","itemListElement":[{"@type":"ListItem","position":1,"name":"Home","item":"https:\/\/de.ferien-vacances.ch\/fr\/accueil\/"},{"@type":"ListItem","position":2,"name":"Accueil"}]},{"@type":"WebSite","@id":"https:\/\/de.ferien-vacances.ch\/#website","url":"https:\/\/de.ferien-vacances.ch\/","name":"Ferien-Vacances GmbH","description":"Ferienwohnungen &amp; Reinigungsservice","publisher":{"@id":"https:\/\/de.ferien-vacances.ch\/#organization"},"potentialAction":[{"@type":"SearchAction","target":{"@type":"EntryPoint","urlTemplate":"https:\/\/de.ferien-vacances.ch\/?s={search_term_string}"},"query-input":{"@type":"PropertyValueSpecification","valueRequired":true,"valueName":"search_term_string"}}],"inLanguage":"fr-FR"},{"@type":"Organization","@id":"https:\/\/de.ferien-vacances.ch\/#organization","name":"Ferien-Vacances GmbH","url":"https:\/\/de.ferien-vacances.ch\/","logo":{"@type":"ImageObject","inLanguage":"fr-FR","@id":"https:\/\/de.ferien-vacances.ch\/#\/schema\/logo\/image\/","url":"https:\/\/de.ferien-vacances.ch\/wp-content\/uploads\/2025\/11\/ferien_vacances_logo_rgb-1.jpg","contentUrl":"https:\/\/de.ferien-vacances.ch\/wp-content\/uploads\/2025\/11\/ferien_vacances_logo_rgb-1.jpg","width":1326,"height":793,"caption":"Ferien-Vacances GmbH"},"image":{"@id":"https:\/\/de.ferien-vacances.ch\/#\/schema\/logo\/image\/"}}]}},"_links":{"self":[{"href":"https:\/\/de.ferien-vacances.ch\/fr\/wp-json\/wp\/v2\/pages\/25895","targetHints":{"allow":["GET"]}}],"collection":[{"href":"https:\/\/de.ferien-vacances.ch\/fr\/wp-json\/wp\/v2\/pages"}],"about":[{"href":"https:\/\/de.ferien-vacances.ch\/fr\/wp-json\/wp\/v2\/types\/page"}],"author":[{"embeddable":true,"href":"https:\/\/de.ferien-vacances.ch\/fr\/wp-json\/wp\/v2\/users\/2"}],"replies":[{"embeddable":true,"href":"https:\/\/de.ferien-vacances.ch\/fr\/wp-json\/wp\/v2\/comments?post=25895"}],"version-history":[{"count":0,"href":"https:\/\/de.ferien-vacances.ch\/fr\/wp-json\/wp\/v2\/pages\/25895\/revisions"}],"wp:attachment":[{"href":"https:\/\/de.ferien-vacances.ch\/fr\/wp-json\/wp\/v2\/media?parent=25895"}],"curies":[{"name":"wp","href":"https:\/\/api.w.org\/{rel}","templated":true}]}}