{"id":48675,"date":"2025-12-24T09:16:41","date_gmt":"2025-12-24T09:16:41","guid":{"rendered":"https:\/\/de.ferien-vacances.ch\/appartements\/appartement-1-piece-laerchenwald-404\/"},"modified":"2026-01-13T08:11:36","modified_gmt":"2026-01-13T08:11:36","slug":"appartement-1-piece-laerchenwald-404","status":"publish","type":"page","link":"https:\/\/de.ferien-vacances.ch\/fr\/appartements\/appartement-1-piece-laerchenwald-404\/","title":{"rendered":"Appartement 1 pi\u00e8ce L\u00e4rchenwald 404"},"content":{"rendered":"<p>[et_pb_section fb_built=\"1&Prime; admin_label=\"Hero Section\" _builder_version=\"4.27.4&Prime; use_background_color_gradient=\"on\" background_color_gradient_direction=\"90deg\" background_color_gradient_stops=\"rgba(244,240,233,0.9) 30%|rgba(244,240,233,0) 100%\" background_color_gradient_overlays_image=\"on\" background_color_gradient_start=\"rgba(244,240,233,0.9)\" background_color_gradient_start_position=\"30%\" background_color_gradient_end=\"rgba(244,240,233,0)\" background_image=\"https:\/\/de.ferien-vacances.ch\/wp-content\/uploads\/2025\/11\/Varneralp_View_-Autumn_2-\u00a9MyLeukerbadAG-1-scaled.jpg\" custom_margin=\"|||\" custom_padding=\"300px|0px|33px|0px|false|false\" global_colors_info=\"{}\"][et_pb_row custom_padding_last_edited=\"off|desktop\" admin_label=\"Zone H\u00e9ro\" _builder_version=\"4.16&Prime; custom_padding=\"27px|0px|0px|0px\" global_colors_info=\"{}\"][et_pb_column type=\"4_4&Prime; _builder_version=\"4.16&Prime; custom_padding=\"|||\" global_colors_info=\"{}\" custom_padding__hover=\"|||\"][et_pb_text admin_label=\"Hero Title\" _builder_version=\"4.16&Prime; text_font=\"Playfair Display||||||||\" header_font=\"Alice||||||||\" header_font_size=\"80px\" header_letter_spacing=\"-3px\" header_line_height=\"1.1em\" custom_margin=\"||0px|\" custom_padding=\"|||\" animation_style=\"slide\" animation_direction=\"left\" animation_intensity_slide=\"5%\" animation_starting_opacity=\"100%\" text_font_size_last_edited=\"off|desktop\" header_font_size_tablet=\"\" header_font_size_phone=\"60px\" header_font_size_last_edited=\"on|phone\" global_colors_info=\"{}\"]<\/p>\n<h1>L\u00e4rchenwald 404***<\/h1>\n<p>[\/et_pb_text][et_pb_text _builder_version=\"4.16&Prime; text_font=\"||||||||\" text_font_size=\"18px\" text_line_height=\"1.8em\" header_font=\"||||||||\" max_width=\"500px\" custom_margin=\"|||\" custom_padding=\"||10px|\" animation_style=\"slide\" animation_direction=\"left\" animation_intensity_slide=\"5%\" animation_starting_opacity=\"100%\" global_colors_info=\"{}\"]<\/p>\n<p>Ringstrasse 283, 3954 Leukerbad<\/p>\n<p>La maison est situ\u00e9e au sud du village de Leukerbad.<br \/>Situation calme avec une belle vue sur les montagnes.<\/p>\n<p>[\/et_pb_text][\/et_pb_column][\/et_pb_row][\/et_pb_section][et_pb_section fb_built=\"1&Prime; _builder_version=\"4.16&Prime; global_colors_info=\"{}\"][et_pb_row column_structure=\"1_3,2_3&Prime; _builder_version=\"4.16&Prime; background_color=\"rgba(0,0,0,0.05)\" custom_padding=\"1px|0px|0|0px|false|false\" global_colors_info=\"{}\"][et_pb_column type=\"1_3&Prime; _builder_version=\"4.16&Prime; custom_padding=\"|||\" global_colors_info=\"{}\" custom_padding__hover=\"|||\"][et_pb_gallery gallery_ids=\"48676,48677,48678,48679,48680,48681,48682,48683,48684,48685,48686,48687,48688,48689,48690,48691,48692,48693,48694,48695,48696,39140,39141,39139,39137,39136,39138,39495,39493,39142,39143&Prime; fullwidth=\"on\" _builder_version=\"4.27.5&Prime; pagination_text_color=\"#ffffff\" text_orientation=\"center\" custom_padding=\"35px|50px|35px|50px\" global_colors_info=\"{}\"][\/et_pb_gallery][\/et_pb_column][et_pb_column type=\"2_3&Prime; _builder_version=\"4.16&Prime; custom_padding=\"|||\" global_colors_info=\"{}\" custom_padding__hover=\"|||\"][et_pb_divider show_divider=\"off\" admin_label=\"Divider 30px\" _builder_version=\"4.16&Prime; height=\"30px\" custom_margin=\"||-2px|||\" saved_tabs=\"all\" global_colors_info=\"{}\"][\/et_pb_divider][et_pb_text _builder_version=\"4.16&Prime; background_color=\"rgba(255,255,255,0.07)\" width=\"91.3%\" custom_margin=\"|38px||||\" global_colors_info=\"{}\"]<\/p>\n<p><strong>L\u00e4rchenwald 404***<\/strong><\/p>\n<p><strong><\/strong><\/p>\n<ul>\n<li>Appartement d&rsquo;une pi\u00e8ce de 35 m2 pour 1 - 3 personnes<\/li>\n<li>Cuisine avec four, plaque vitroc\u00e9ramique, r\u00e9frig\u00e9rateur avec compartiment cong\u00e9lateur, micro-ondes, set \u00e0 raclette et fondue<\/li>\n<li>Salon \/ salle \u00e0 manger avec table, un lit simple, un canap\u00e9-lit convertible et sortie sur la terrasse avec vue sur la montagne.<\/li>\n<li>Douche \/ WC<\/li>\n<li>TV \/ Radio<\/li>\n<li>WIFI<\/li>\n<li>Terrasse<\/li>\n<li>Place de parking dans le garage souterrain de la maison<\/li>\n<li>Local \u00e0 skis<\/li>\n<li>Animaux domestiques autoris\u00e9s<\/li>\n<\/ul>\n<p>[\/et_pb_text][et_pb_divider show_divider=\"off\" admin_label=\"Divider 6px\" _builder_version=\"4.16&Prime; height=\"6px\" saved_tabs=\"all\" global_colors_info=\"{}\"][\/et_pb_divider][\/et_pb_column][\/et_pb_row][et_pb_row column_structure=\"2_3,1_3&Prime; _builder_version=\"4.16&Prime; custom_padding=\"90px|0px|27px|0px|false|false\" global_colors_info=\"{}\"][et_pb_column type=\"2_3&Prime; _builder_version=\"4.16&Prime; custom_padding=\"|||\" global_colors_info=\"{}\" custom_padding__hover=\"|||\"][et_pb_text _builder_version=\"4.16&Prime; global_colors_info=\"{}\"]<\/p>\n<h1>Frais<\/h1>\n<p>[\/et_pb_text][et_pb_tabs _builder_version=\"4.16&Prime; global_colors_info=\"{}\"][et_pb_tab title=\"Haute saison\" _builder_version=\"4.16&Prime; global_colors_info=\"{}\"]<\/p>\n<p><strong>Haute saison<br \/><\/strong><\/p>\n<ul>\n<li>CHF 90.00 par jour<\/li>\n<\/ul>\n<p><strong>Frais suppl\u00e9mentaires<\/strong><\/p>\n<ul>\n<li>Linge de lit et de toilette obligatoire, par personne et par s\u00e9jour CHF 28.00<\/li>\n<li>Torchons, chiffons, \u00e9ponge et un sac poubelle payant inclus<\/li>\n<li>Nettoyage final obligatoire CHF 90.00<\/li>\n<li>Parking inclus dans le b\u00e2timent et le prix<\/li>\n<\/ul>\n<p><strong>Conditions de location<br \/><\/strong><\/p>\n<ul>\n<li>Check-in 16h00 \u2013 18h30<\/li>\n<li>Self-check-in jusqu&rsquo;\u00e0 20h00 au plus tard<\/li>\n<li>Check-out 9h00<\/li>\n<\/ul>\n<p><strong>Taxe de s\u00e9jour <br \/><\/strong><\/p>\n<p><strong><\/strong><\/p>\n<ul>\n<li>Adultes \u00e0 partir de 16 ans&nbsp;: CHF&nbsp;6.00 par jour<\/li>\n<li>Enfants de 6 \u00e0 15 ans&nbsp;: CHF&nbsp;3.00 par jour<\/li>\n<li>Enfants en bas \u00e2ge de 0 \u00e0 5 ans&nbsp;: gratuit<\/li>\n<\/ul>\n<p>[\/et_pb_tab][et_pb_tab title=\"Saison principale\" _builder_version=\"4.16&Prime; global_colors_info=\"{}\"]<\/p>\n<p><strong>Saison principale<br \/><\/strong><\/p>\n<ul>\n<li>CHF 85.00 par jour<\/li>\n<\/ul>\n<p><strong>Frais suppl\u00e9mentaires<\/strong><\/p>\n<ul>\n<li>Linge de lit et de toilette obligatoire, par personne et par s\u00e9jour CHF 28.00<\/li>\n<li>Torchons, chiffons, \u00e9ponge et un sac poubelle payant inclus<\/li>\n<li>Nettoyage final obligatoire CHF 90.00<\/li>\n<li>Parking inclus dans le b\u00e2timent et le prix<\/li>\n<\/ul>\n<p><strong>Conditions de location<br \/><\/strong><\/p>\n<ul>\n<li>Check-in 16h00 \u2013 18h30<\/li>\n<li>Self-check-in jusqu&rsquo;\u00e0 20h00 au plus tard<\/li>\n<li>Check-out 9h00<\/li>\n<\/ul>\n<p><strong>Taxe de s\u00e9jour <br \/><\/strong><\/p>\n<p><strong><\/strong><\/p>\n<ul>\n<li>Adultes \u00e0 partir de 16 ans&nbsp;: CHF&nbsp;6.00 par jour<\/li>\n<li>Enfants de 6 \u00e0 15 ans&nbsp;: CHF&nbsp;3.00 par jour<\/li>\n<li>Enfants en bas \u00e2ge de 0 \u00e0 5 ans&nbsp;: gratuit<\/li>\n<\/ul>\n<p>[\/et_pb_tab][et_pb_tab title=\"Entre-saison\" _builder_version=\"4.16&Prime; global_colors_info=\"{}\"]<\/p>\n<p><strong>Entre-saison<\/strong><\/p>\n<ul>\n<li>CHF 80.00 par jour<\/li>\n<\/ul>\n<p><strong>Frais suppl\u00e9mentaires<\/strong><\/p>\n<ul>\n<li>Linge de lit et de toilette en option, par personne et par s\u00e9jour CHF 28.00<\/li>\n<li>Torchons, chiffons, \u00e9ponge et un sac poubelle payant inclus<\/li>\n<li>Nettoyage final obligatoire CHF 90.00<\/li>\n<li>Parking inclus dans le b\u00e2timent et le prix<\/li>\n<\/ul>\n<p><strong>Conditions de location<br \/><\/strong><\/p>\n<ul>\n<li>pas de check-in le dimanche<\/li>\n<li>Heure de check-in \/ check-out selon disponibilit\u00e9 et accord<\/li>\n<li>Self-check-in jusqu&rsquo;\u00e0 20h00 au plus tard<\/li>\n<\/ul>\n<p><strong>Taxe de s\u00e9jour <br \/><\/strong><\/p>\n<ul>\n<li>Adultes \u00e0 partir de 16 ans&nbsp;: CHF&nbsp;6.00 par jour<\/li>\n<li>Enfants de 6 \u00e0 15 ans&nbsp;: CHF&nbsp;3.00 par jour<\/li>\n<li>Enfants en bas \u00e2ge de 0 \u00e0 5 ans&nbsp;: gratuit<\/li>\n<\/ul>\n<p><strong>R\u00e9ductions<\/strong><strong><\/strong><\/p>\n<p><strong><\/strong><\/p>\n<ul>\n<li>\u00e0 partir de 14 jours, 10% sur le prix de la location<\/li>\n<li>\u00e0 partir de 21 jours, 15% sur le prix de la location<\/li>\n<\/ul>\n<p>[\/et_pb_tab][et_pb_tab title=\"Basse saison\" _builder_version=\"4.16&Prime; global_colors_info=\"{}\"]<\/p>\n<p><strong>Basse saison<\/strong><\/p>\n<ul>\n<li>CHF 75.00 par jour<\/li>\n<\/ul>\n<p><strong>Frais suppl\u00e9mentaires<\/strong><\/p>\n<ul>\n<li>Linge de lit et de toilette en option, par personne et par s\u00e9jour CHF 28.00<\/li>\n<li>Torchons, chiffons, \u00e9ponge et un sac poubelle payant inclus<\/li>\n<li>Nettoyage final obligatoire CHF 90.00<\/li>\n<li>Parking inclus dans le b\u00e2timent et le prix<\/li>\n<\/ul>\n<p><strong>Conditions de location<br \/><\/strong><\/p>\n<ul>\n<li>pas de check-in le dimanche<\/li>\n<li>Heure de check-in \/ check-out selon disponibilit\u00e9 et accord<\/li>\n<li>Self-check-in jusqu&rsquo;\u00e0 20h00 au plus tard<\/li>\n<\/ul>\n<p><strong>Taxe de s\u00e9jour <br \/><\/strong><\/p>\n<ul>\n<li>Adultes \u00e0 partir de 16 ans&nbsp;: CHF&nbsp;6.00 par jour<\/li>\n<li>Enfants de 6 \u00e0 15 ans&nbsp;: CHF&nbsp;3.00 par jour<\/li>\n<li>Enfants en bas \u00e2ge de 0 \u00e0 5 ans&nbsp;: gratuit<\/li>\n<\/ul>\n<p><strong>R\u00e9ductions<\/strong><strong><\/strong><strong><\/strong><\/p>\n<p><strong><\/strong><\/p>\n<ul>\n<li>\u00e0 partir de 14 jours, 10% sur le prix de la location<\/li>\n<li>\u00e0 partir de 21 jours, 15% sur le prix de la location<\/li>\n<\/ul>\n<p>[\/et_pb_tab][\/et_pb_tabs][\/et_pb_column][et_pb_column type=\"1_3&Prime; _builder_version=\"4.16&Prime; custom_padding=\"|||\" global_colors_info=\"{}\" custom_padding__hover=\"|||\"][et_pb_text _builder_version=\"4.16&Prime; global_colors_info=\"{}\"]<\/p>\n<h1>\u00c0 proximit\u00e9<\/h1>\n<p>[\/et_pb_text][et_pb_text _builder_version=\"4.16&Prime; global_colors_info=\"{}\"]<\/p>\n<ul>\n<li>Arr\u00eat de bus en face<\/li>\n<li>Clinique de r\u00e9adaptation \u00e0 5 minutes \u00e0 pied<\/li>\n<li>Remont\u00e9es m\u00e9caniques de la Gemmi 1500 m\u00e8tres<\/li>\n<li>Remont\u00e9es m\u00e9caniques de Torrent 200 m\u00e8tres<\/li>\n<li>Thermes Alpentherme \u00e0 300 m\u00e8tres<\/li>\n<li>Bains thermaux Burgerbad 700 m\u00e8tres<\/li>\n<\/ul>\n<p>[\/et_pb_text][et_pb_map address=\"Obere Maressenstrasse 18, 3954 Leukerbad\" address_lat=\"46.377066625497115&Prime; address_lng=\"7.631493130354784&Prime; _builder_version=\"4.16&Prime; global_colors_info=\"{}\"][et_pb_map_pin title=\"Obere Maressenstrasse 18, 3954 Leukerbad\" pin_address=\"Obere Maressenstrasse 18, 3954 Leukerbad\" pin_address_lat=\"46.37698929107566&Prime; pin_address_lng=\"7.631559524359091&Prime; _builder_version=\"3.12.2&Prime; global_colors_info=\"{}\"][\/et_pb_map_pin][\/et_pb_map][\/et_pb_column][\/et_pb_row][et_pb_row _builder_version=\"4.16&Prime; background_size=\"initial\" background_position=\"top_left\" background_repeat=\"repeat\" global_colors_info=\"{}\"][et_pb_column type=\"4_4&Prime; _builder_version=\"4.16&Prime; custom_padding=\"|||\" global_colors_info=\"{}\" custom_padding__hover=\"|||\"][wpbs_divi_single_calendar id=\"120&Prime; form_id=\"232&Prime; legend_position=\"top\" highlighttoday=\"yes\" weeknumbers=\"yes\" show_prices=\"yes\" show_date_selection=\"yes\" _builder_version=\"4.27.5&Prime; _module_preset=\"default\" global_colors_info=\"{}\"][\/wpbs_divi_single_calendar][\/et_pb_column][\/et_pb_row][\/et_pb_section]<\/p>\n","protected":false},"excerpt":{"rendered":"<p>L\u00e4rchenwald 404***Ringstrasse 283, 3954 Leukerbad La maison est situ\u00e9e au sud du village de Leukerbad.Situation calme avec une belle vue sur les montagnes.L\u00e4rchenwald 404*** Appartement d&rsquo;une pi\u00e8ce de 35 m2 pour 1 - 3 personnes Cuisine avec four, plaque vitroc\u00e9ramique, r\u00e9frig\u00e9rateur avec compartiment cong\u00e9lateur, micro-ondes, set \u00e0 raclette et fondue Salon \/ salle \u00e0 manger [&hellip;]<\/p>\n","protected":false},"author":6,"featured_media":50457,"parent":34705,"menu_order":0,"comment_status":"closed","ping_status":"closed","template":"","meta":{"_acf_changed":false,"_et_pb_use_builder":"on","_et_pb_old_content":"","_et_gb_content_width":"","footnotes":""},"class_list":["post-48675","page","type-page","status-publish","has-post-thumbnail","hentry"],"acf":[],"yoast_head":"<!-- This site is optimized with the Yoast SEO plugin v27.4 - https:\/\/yoast.com\/product\/yoast-seo-wordpress\/ -->\n<title>Appartement 1 pi\u00e8ce L\u00e4rchenwald 404 - Ferien-Vacances GmbH<\/title>\n<meta name=\"robots\" content=\"index, follow, max-snippet:-1, max-image-preview:large, max-video-preview:-1\" \/>\n<link rel=\"canonical\" href=\"https:\/\/de.ferien-vacances.ch\/fr\/appartements\/appartement-1-piece-laerchenwald-404\/\" \/>\n<meta property=\"og:locale\" content=\"fr_FR\" \/>\n<meta property=\"og:type\" content=\"article\" \/>\n<meta property=\"og:title\" content=\"Appartement 1 pi\u00e8ce L\u00e4rchenwald 404 - Ferien-Vacances GmbH\" \/>\n<meta property=\"og:description\" content=\"L\u00e4rchenwald 404***Ringstrasse 283, 3954 Leukerbad La maison est situ\u00e9e au sud du village de Leukerbad.Situation calme avec une belle vue sur les montagnes.L\u00e4rchenwald 404*** Appartement d&#039;une pi\u00e8ce de 35 m2 pour 1 - 3 personnes Cuisine avec four, plaque vitroc\u00e9ramique, r\u00e9frig\u00e9rateur avec compartiment cong\u00e9lateur, micro-ondes, set \u00e0 raclette et fondue Salon \/ salle \u00e0 manger [&hellip;]\" \/>\n<meta property=\"og:url\" content=\"https:\/\/de.ferien-vacances.ch\/fr\/appartements\/appartement-1-piece-laerchenwald-404\/\" \/>\n<meta property=\"og:site_name\" content=\"Ferien-Vacances GmbH\" \/>\n<meta property=\"article:modified_time\" content=\"2026-01-13T08:11:36+00:00\" \/>\n<meta property=\"og:image\" content=\"https:\/\/de.ferien-vacances.ch\/wp-content\/uploads\/2026\/01\/Laerchenwald-404-70-e1769351338429.jpg\" \/>\n\t<meta property=\"og:image:width\" content=\"155\" \/>\n\t<meta property=\"og:image:height\" content=\"145\" \/>\n\t<meta property=\"og:image:type\" content=\"image\/jpeg\" \/>\n<meta name=\"twitter:card\" content=\"summary_large_image\" \/>\n<meta name=\"twitter:label1\" content=\"Dur\u00e9e de lecture estim\u00e9e\" \/>\n\t<meta name=\"twitter:data1\" content=\"6 minutes\" \/>\n<script type=\"application\/ld+json\" class=\"yoast-schema-graph\">{\"@context\":\"https:\\\/\\\/schema.org\",\"@graph\":[{\"@type\":\"WebPage\",\"@id\":\"https:\\\/\\\/de.ferien-vacances.ch\\\/fr\\\/appartements\\\/appartement-1-piece-laerchenwald-404\\\/\",\"url\":\"https:\\\/\\\/de.ferien-vacances.ch\\\/fr\\\/appartements\\\/appartement-1-piece-laerchenwald-404\\\/\",\"name\":\"Appartement 1 pi\u00e8ce L\u00e4rchenwald 404 - Ferien-Vacances GmbH\",\"isPartOf\":{\"@id\":\"https:\\\/\\\/de.ferien-vacances.ch\\\/#website\"},\"primaryImageOfPage\":{\"@id\":\"https:\\\/\\\/de.ferien-vacances.ch\\\/fr\\\/appartements\\\/appartement-1-piece-laerchenwald-404\\\/#primaryimage\"},\"image\":{\"@id\":\"https:\\\/\\\/de.ferien-vacances.ch\\\/fr\\\/appartements\\\/appartement-1-piece-laerchenwald-404\\\/#primaryimage\"},\"thumbnailUrl\":\"https:\\\/\\\/de.ferien-vacances.ch\\\/wp-content\\\/uploads\\\/2026\\\/01\\\/Laerchenwald-404-70-e1769351338429.jpg\",\"datePublished\":\"2025-12-24T09:16:41+00:00\",\"dateModified\":\"2026-01-13T08:11:36+00:00\",\"breadcrumb\":{\"@id\":\"https:\\\/\\\/de.ferien-vacances.ch\\\/fr\\\/appartements\\\/appartement-1-piece-laerchenwald-404\\\/#breadcrumb\"},\"inLanguage\":\"fr-FR\",\"potentialAction\":[{\"@type\":\"ReadAction\",\"target\":[\"https:\\\/\\\/de.ferien-vacances.ch\\\/fr\\\/appartements\\\/appartement-1-piece-laerchenwald-404\\\/\"]}]},{\"@type\":\"ImageObject\",\"inLanguage\":\"fr-FR\",\"@id\":\"https:\\\/\\\/de.ferien-vacances.ch\\\/fr\\\/appartements\\\/appartement-1-piece-laerchenwald-404\\\/#primaryimage\",\"url\":\"https:\\\/\\\/de.ferien-vacances.ch\\\/wp-content\\\/uploads\\\/2026\\\/01\\\/Laerchenwald-404-70-e1769351338429.jpg\",\"contentUrl\":\"https:\\\/\\\/de.ferien-vacances.ch\\\/wp-content\\\/uploads\\\/2026\\\/01\\\/Laerchenwald-404-70-e1769351338429.jpg\",\"width\":155,\"height\":145},{\"@type\":\"BreadcrumbList\",\"@id\":\"https:\\\/\\\/de.ferien-vacances.ch\\\/fr\\\/appartements\\\/appartement-1-piece-laerchenwald-404\\\/#breadcrumb\",\"itemListElement\":[{\"@type\":\"ListItem\",\"position\":1,\"name\":\"Home\",\"item\":\"https:\\\/\\\/de.ferien-vacances.ch\\\/fr\\\/accueil\\\/\"},{\"@type\":\"ListItem\",\"position\":2,\"name\":\"Appartements\",\"item\":\"https:\\\/\\\/de.ferien-vacances.ch\\\/fr\\\/appartements\\\/\"},{\"@type\":\"ListItem\",\"position\":3,\"name\":\"Appartement 1 pi\u00e8ce L\u00e4rchenwald 404\"}]},{\"@type\":\"WebSite\",\"@id\":\"https:\\\/\\\/de.ferien-vacances.ch\\\/#website\",\"url\":\"https:\\\/\\\/de.ferien-vacances.ch\\\/\",\"name\":\"Ferien-Vacances GmbH\",\"description\":\"Ferienwohnungen &amp; Reinigungsservice\",\"publisher\":{\"@id\":\"https:\\\/\\\/de.ferien-vacances.ch\\\/#organization\"},\"potentialAction\":[{\"@type\":\"SearchAction\",\"target\":{\"@type\":\"EntryPoint\",\"urlTemplate\":\"https:\\\/\\\/de.ferien-vacances.ch\\\/?s={search_term_string}\"},\"query-input\":{\"@type\":\"PropertyValueSpecification\",\"valueRequired\":true,\"valueName\":\"search_term_string\"}}],\"inLanguage\":\"fr-FR\"},{\"@type\":\"Organization\",\"@id\":\"https:\\\/\\\/de.ferien-vacances.ch\\\/#organization\",\"name\":\"Ferien-Vacances GmbH\",\"url\":\"https:\\\/\\\/de.ferien-vacances.ch\\\/\",\"logo\":{\"@type\":\"ImageObject\",\"inLanguage\":\"fr-FR\",\"@id\":\"https:\\\/\\\/de.ferien-vacances.ch\\\/#\\\/schema\\\/logo\\\/image\\\/\",\"url\":\"https:\\\/\\\/de.ferien-vacances.ch\\\/wp-content\\\/uploads\\\/2025\\\/11\\\/ferien_vacances_logo_rgb-1.jpg\",\"contentUrl\":\"https:\\\/\\\/de.ferien-vacances.ch\\\/wp-content\\\/uploads\\\/2025\\\/11\\\/ferien_vacances_logo_rgb-1.jpg\",\"width\":1326,\"height\":793,\"caption\":\"Ferien-Vacances GmbH\"},\"image\":{\"@id\":\"https:\\\/\\\/de.ferien-vacances.ch\\\/#\\\/schema\\\/logo\\\/image\\\/\"}}]}<\/script>\n<!-- \/ Yoast SEO plugin. -->","yoast_head_json":{"title":"Appartement 1 pi\u00e8ce L\u00e4rchenwald 404 - Ferien-Vacances GmbH","robots":{"index":"index","follow":"follow","max-snippet":"max-snippet:-1","max-image-preview":"max-image-preview:large","max-video-preview":"max-video-preview:-1"},"canonical":"https:\/\/de.ferien-vacances.ch\/fr\/appartements\/appartement-1-piece-laerchenwald-404\/","og_locale":"fr_FR","og_type":"article","og_title":"Appartement 1 pi\u00e8ce L\u00e4rchenwald 404 - Ferien-Vacances GmbH","og_description":"L\u00e4rchenwald 404***Ringstrasse 283, 3954 Leukerbad La maison est situ\u00e9e au sud du village de Leukerbad.Situation calme avec une belle vue sur les montagnes.L\u00e4rchenwald 404*** Appartement d'une pi\u00e8ce de 35 m2 pour 1 - 3 personnes Cuisine avec four, plaque vitroc\u00e9ramique, r\u00e9frig\u00e9rateur avec compartiment cong\u00e9lateur, micro-ondes, set \u00e0 raclette et fondue Salon \/ salle \u00e0 manger [&hellip;]","og_url":"https:\/\/de.ferien-vacances.ch\/fr\/appartements\/appartement-1-piece-laerchenwald-404\/","og_site_name":"Ferien-Vacances GmbH","article_modified_time":"2026-01-13T08:11:36+00:00","og_image":[{"width":155,"height":145,"url":"https:\/\/de.ferien-vacances.ch\/wp-content\/uploads\/2026\/01\/Laerchenwald-404-70-e1769351338429.jpg","type":"image\/jpeg"}],"twitter_card":"summary_large_image","twitter_misc":{"Dur\u00e9e de lecture estim\u00e9e":"6 minutes"},"schema":{"@context":"https:\/\/schema.org","@graph":[{"@type":"WebPage","@id":"https:\/\/de.ferien-vacances.ch\/fr\/appartements\/appartement-1-piece-laerchenwald-404\/","url":"https:\/\/de.ferien-vacances.ch\/fr\/appartements\/appartement-1-piece-laerchenwald-404\/","name":"Appartement 1 pi\u00e8ce L\u00e4rchenwald 404 - Ferien-Vacances GmbH","isPartOf":{"@id":"https:\/\/de.ferien-vacances.ch\/#website"},"primaryImageOfPage":{"@id":"https:\/\/de.ferien-vacances.ch\/fr\/appartements\/appartement-1-piece-laerchenwald-404\/#primaryimage"},"image":{"@id":"https:\/\/de.ferien-vacances.ch\/fr\/appartements\/appartement-1-piece-laerchenwald-404\/#primaryimage"},"thumbnailUrl":"https:\/\/de.ferien-vacances.ch\/wp-content\/uploads\/2026\/01\/Laerchenwald-404-70-e1769351338429.jpg","datePublished":"2025-12-24T09:16:41+00:00","dateModified":"2026-01-13T08:11:36+00:00","breadcrumb":{"@id":"https:\/\/de.ferien-vacances.ch\/fr\/appartements\/appartement-1-piece-laerchenwald-404\/#breadcrumb"},"inLanguage":"fr-FR","potentialAction":[{"@type":"ReadAction","target":["https:\/\/de.ferien-vacances.ch\/fr\/appartements\/appartement-1-piece-laerchenwald-404\/"]}]},{"@type":"ImageObject","inLanguage":"fr-FR","@id":"https:\/\/de.ferien-vacances.ch\/fr\/appartements\/appartement-1-piece-laerchenwald-404\/#primaryimage","url":"https:\/\/de.ferien-vacances.ch\/wp-content\/uploads\/2026\/01\/Laerchenwald-404-70-e1769351338429.jpg","contentUrl":"https:\/\/de.ferien-vacances.ch\/wp-content\/uploads\/2026\/01\/Laerchenwald-404-70-e1769351338429.jpg","width":155,"height":145},{"@type":"BreadcrumbList","@id":"https:\/\/de.ferien-vacances.ch\/fr\/appartements\/appartement-1-piece-laerchenwald-404\/#breadcrumb","itemListElement":[{"@type":"ListItem","position":1,"name":"Home","item":"https:\/\/de.ferien-vacances.ch\/fr\/accueil\/"},{"@type":"ListItem","position":2,"name":"Appartements","item":"https:\/\/de.ferien-vacances.ch\/fr\/appartements\/"},{"@type":"ListItem","position":3,"name":"Appartement 1 pi\u00e8ce L\u00e4rchenwald 404"}]},{"@type":"WebSite","@id":"https:\/\/de.ferien-vacances.ch\/#website","url":"https:\/\/de.ferien-vacances.ch\/","name":"Ferien-Vacances GmbH","description":"Ferienwohnungen &amp; Reinigungsservice","publisher":{"@id":"https:\/\/de.ferien-vacances.ch\/#organization"},"potentialAction":[{"@type":"SearchAction","target":{"@type":"EntryPoint","urlTemplate":"https:\/\/de.ferien-vacances.ch\/?s={search_term_string}"},"query-input":{"@type":"PropertyValueSpecification","valueRequired":true,"valueName":"search_term_string"}}],"inLanguage":"fr-FR"},{"@type":"Organization","@id":"https:\/\/de.ferien-vacances.ch\/#organization","name":"Ferien-Vacances GmbH","url":"https:\/\/de.ferien-vacances.ch\/","logo":{"@type":"ImageObject","inLanguage":"fr-FR","@id":"https:\/\/de.ferien-vacances.ch\/#\/schema\/logo\/image\/","url":"https:\/\/de.ferien-vacances.ch\/wp-content\/uploads\/2025\/11\/ferien_vacances_logo_rgb-1.jpg","contentUrl":"https:\/\/de.ferien-vacances.ch\/wp-content\/uploads\/2025\/11\/ferien_vacances_logo_rgb-1.jpg","width":1326,"height":793,"caption":"Ferien-Vacances GmbH"},"image":{"@id":"https:\/\/de.ferien-vacances.ch\/#\/schema\/logo\/image\/"}}]}},"_links":{"self":[{"href":"https:\/\/de.ferien-vacances.ch\/fr\/wp-json\/wp\/v2\/pages\/48675","targetHints":{"allow":["GET"]}}],"collection":[{"href":"https:\/\/de.ferien-vacances.ch\/fr\/wp-json\/wp\/v2\/pages"}],"about":[{"href":"https:\/\/de.ferien-vacances.ch\/fr\/wp-json\/wp\/v2\/types\/page"}],"author":[{"embeddable":true,"href":"https:\/\/de.ferien-vacances.ch\/fr\/wp-json\/wp\/v2\/users\/6"}],"replies":[{"embeddable":true,"href":"https:\/\/de.ferien-vacances.ch\/fr\/wp-json\/wp\/v2\/comments?post=48675"}],"version-history":[{"count":0,"href":"https:\/\/de.ferien-vacances.ch\/fr\/wp-json\/wp\/v2\/pages\/48675\/revisions"}],"up":[{"embeddable":true,"href":"https:\/\/de.ferien-vacances.ch\/fr\/wp-json\/wp\/v2\/pages\/34705"}],"wp:featuredmedia":[{"embeddable":true,"href":"https:\/\/de.ferien-vacances.ch\/fr\/wp-json\/wp\/v2\/media\/50457"}],"wp:attachment":[{"href":"https:\/\/de.ferien-vacances.ch\/fr\/wp-json\/wp\/v2\/media?parent=48675"}],"curies":[{"name":"wp","href":"https:\/\/api.w.org\/{rel}","templated":true}]}}