{"id":16347,"date":"2025-10-02T15:21:05","date_gmt":"2025-10-02T15:21:05","guid":{"rendered":"https:\/\/de.ferien-vacances.ch\/haus-fluee\/"},"modified":"2025-11-25T09:19:59","modified_gmt":"2025-11-25T09:19:59","slug":"haus-fluee","status":"publish","type":"page","link":"https:\/\/de.ferien-vacances.ch\/it\/appartamenti\/case\/haus-fluee\/","title":{"rendered":"Haus Fl\u00fce"},"content":{"rendered":"<p>[et_pb_section fb_built=\"1&#8243; admin_label=\"Our Specialties Section\" _builder_version=\"4.27.4&#8243; use_background_color_gradient=\"on\" background_color_gradient_stops=\"rgba(206,170,70,0.28) 0%|rgba(255, 255, 255, 0) 60%\" background_enable_image=\"off\" parallax=\"on\" background_blend=\"lighten\" min_height=\"657px\" height=\"510px\" max_height=\"1000px\" custom_margin=\"3px|||||\" custom_padding=\"2px||0px|||\" global_colors_info=\"{}\" theme_builder_area=\"post_content\"][et_pb_row column_structure=\"1_3,1_3,1_3&#8243; _builder_version=\"4.27.4&#8243; _module_preset=\"default\" width=\"100%\" max_width=\"2560px\" min_height=\"546px\" height=\"1000px\" max_height=\"415px\" global_colors_info=\"{}\" theme_builder_area=\"post_content\"][et_pb_column type=\"1_3&#8243; _builder_version=\"4.27.4&#8243; _module_preset=\"default\" global_colors_info=\"{}\" theme_builder_area=\"post_content\"][\/et_pb_column][et_pb_column type=\"1_3&#8243; _builder_version=\"4.27.4&#8243; _module_preset=\"default\" global_colors_info=\"{}\" theme_builder_area=\"post_content\"][et_pb_image src=\"https:\/\/de.ferien-vacances.ch\/wp-content\/uploads\/2025\/10\/Fluee-4.jpg\" title_text=\"Fl\u00fce (4)\" align=\"center\" _builder_version=\"4.27.4&#8243; _module_preset=\"default\" width=\"85%\" max_height=\"483px\" custom_margin=\"||22px|||\" hover_enabled=\"0&#8243; border_width_all=\"1px\" border_color_all=\"#7c3740&#8243; global_colors_info=\"{}\" theme_builder_area=\"post_content\" sticky_enabled=\"0&#8243;][\/et_pb_image][et_pb_text admin_label=\"Title\" _builder_version=\"4.16&#8243; text_font=\"||||||||\" header_font=\"||||||||\" header_2_font=\"Alice||||||||\" header_2_text_align=\"center\" header_2_font_size=\"42px\" header_2_line_height=\"1.3em\" custom_margin=\"||20px|\" animation_style=\"slide\" animation_direction=\"top\" animation_intensity_slide=\"30%\" animation_starting_opacity=\"100%\" inline_fonts=\"Alice\" global_colors_info=\"{}\" theme_builder_area=\"post_content\"]<\/p>\n<h2>Fl\u00fce<\/h2>\n<h4 style=\"text-align: center;\"><span style=\"font-family: Alice; font-weight: normal;\">Teretschenstrasse 18, 3954 Leukerbad<\/span><\/h4>\n<p>[\/et_pb_text][\/et_pb_column][et_pb_column type=\"1_3&#8243; _builder_version=\"4.27.4&#8243; _module_preset=\"default\" global_colors_info=\"{}\" theme_builder_area=\"post_content\"][\/et_pb_column][\/et_pb_row][\/et_pb_section][et_pb_section fb_built=\"1&#8243; _builder_version=\"4.16&#8243; global_colors_info=\"{}\" custom_padding=\"4px||4px|||\"][et_pb_row column_structure=\"1_3,2_3&#8243; _builder_version=\"4.16&#8243; background_color=\"rgba(0,0,0,0.05)\" custom_padding=\"1px|0px|0|0px|false|false\" global_colors_info=\"{}\"][et_pb_column type=\"1_3&#8243; _builder_version=\"4.16&#8243; custom_padding=\"|||\" global_colors_info=\"{}\" custom_padding__hover=\"|||\"][et_pb_gallery gallery_ids=\"29822,29811,29827,29833,29836&#8243; fullwidth=\"on\" admin_label=\"Gallery 14&#8243; _builder_version=\"4.27.4&#8243; pagination_text_color=\"#ffffff\" text_orientation=\"center\" custom_padding=\"35px|50px|35px|50px\" hover_enabled=\"0&#8243; global_colors_info=\"{}\" sticky_enabled=\"0&#8243;][\/et_pb_gallery][\/et_pb_column][et_pb_column type=\"2_3&#8243; _builder_version=\"4.16&#8243; custom_padding=\"|||\" global_colors_info=\"{}\" custom_padding__hover=\"|||\"][et_pb_text _builder_version=\"4.16&#8243; background_color=\"rgba(255,255,255,0.07)\" global_colors_info=\"{}\" custom_padding=\"35px|||||\"]<\/p>\n<p><strong>Fl\u00fce 8<br \/><\/strong><\/p>\n<p><strong><\/strong><\/p>\n<ul>\n<li>Appartamento di 2,5 locali di 58 m2 per 1-4 persone<\/li>\n<li>Soggiorno aperto con zona pranzo e cucina<\/li>\n<li>Cucina con forno, 3 piastre di cottura, frigorifero con congelatore, macchina da caff\u00e8, bollitore, set per raclette e fonduta<\/li>\n<li>1 camera da letto con 2 letti singoli<\/li>\n<li>2 letti pieghevoli nel soggiorno<\/li>\n<li>Bagno \u2013 Doccia \/ WC<\/li>\n<li>TV \/ Radio<\/li>\n<li>Balcone esposto a sud<\/li>\n<\/ul>\n<p>[\/et_pb_text][et_pb_button button_url=\"https:\/\/de.ferien-vacances.ch\/it\/appartamenti\/14-2%c2%bd-locali-appartamento-per-vacanze-fluee-8\/\" button_text=\"Altro&#8230;\" _builder_version=\"4.27.4&#8243; custom_button=\"on\" button_text_size=\"20px\" button_text_color=\"#FFFFFF\" button_bg_color=\"#ceaa46&#8243; button_border_width=\"0px\" button_border_radius=\"100px\" button_letter_spacing=\"2px\" button_font=\"|700||||on|||\" button_use_icon=\"off\" custom_padding=\"16px|30px|16px|30px\" animation_style=\"slide\" animation_direction=\"left\" animation_intensity_slide=\"10%\" animation_starting_opacity=\"100%\" hover_enabled=\"0&#8243; button_text_shadow_style=\"preset2&#8243; box_shadow_style=\"preset2&#8243; box_shadow_color=\"rgba(0,0,0,0.4)\" button_letter_spacing_hover=\"2px\" button_bg_color_hover=\"#e0c588&#8243; global_colors_info=\"{}\" button_text_size__hover_enabled=\"off\" button_one_text_size__hover_enabled=\"off\" button_two_text_size__hover_enabled=\"off\" button_text_color__hover_enabled=\"off\" button_one_text_color__hover_enabled=\"off\" button_two_text_color__hover_enabled=\"off\" button_border_width__hover_enabled=\"off\" button_one_border_width__hover_enabled=\"off\" button_two_border_width__hover_enabled=\"off\" button_border_color__hover_enabled=\"off\" button_one_border_color__hover_enabled=\"off\" button_two_border_color__hover_enabled=\"off\" button_border_radius__hover_enabled=\"off\" button_one_border_radius__hover_enabled=\"off\" button_two_border_radius__hover_enabled=\"off\" button_letter_spacing__hover_enabled=\"on\" button_letter_spacing__hover=\"2px\" button_one_letter_spacing__hover_enabled=\"off\" button_two_letter_spacing__hover_enabled=\"off\" button_bg_color__hover_enabled=\"on\" button_bg_color__hover=\"#e0c588&#8243; button_one_bg_color__hover_enabled=\"off\" button_two_bg_color__hover_enabled=\"off\" theme_builder_area=\"post_content\" sticky_enabled=\"0&#8243;][\/et_pb_button][et_pb_divider show_divider=\"off\" admin_label=\"Divider 6px\" _builder_version=\"4.16&#8243; height=\"6px\" saved_tabs=\"all\" global_colors_info=\"{}\"][\/et_pb_divider][\/et_pb_column][\/et_pb_row][\/et_pb_section]<\/p>\n","protected":false},"excerpt":{"rendered":"<p>Fl\u00fce Teretschenstrasse 18, 3954 LeukerbadFl\u00fce 8 Appartamento di 2,5 locali di 58 m2 per 1-4 persone Soggiorno aperto con zona pranzo e cucina Cucina con forno, 3 piastre di cottura, frigorifero con congelatore, macchina da caff\u00e8, bollitore, set per raclette e fonduta 1 camera da letto con 2 letti singoli 2 letti pieghevoli nel soggiorno [&hellip;]<\/p>\n","protected":false},"author":2,"featured_media":58622,"parent":26022,"menu_order":0,"comment_status":"closed","ping_status":"closed","template":"","meta":{"_acf_changed":false,"_et_pb_use_builder":"on","_et_pb_old_content":"","_et_gb_content_width":"","footnotes":""},"class_list":["post-16347","page","type-page","status-publish","has-post-thumbnail","hentry"],"acf":[],"yoast_head":"<!-- This site is optimized with the Yoast SEO plugin v27.4 - https:\/\/yoast.com\/product\/yoast-seo-wordpress\/ -->\n<title>Haus Fl\u00fce - Ferien-Vacances GmbH<\/title>\n<meta name=\"robots\" content=\"index, follow, max-snippet:-1, max-image-preview:large, max-video-preview:-1\" \/>\n<link rel=\"canonical\" href=\"https:\/\/de.ferien-vacances.ch\/it\/appartamenti\/case\/haus-fluee\/\" \/>\n<meta property=\"og:locale\" content=\"it_IT\" \/>\n<meta property=\"og:type\" content=\"article\" \/>\n<meta property=\"og:title\" content=\"Haus Fl\u00fce - Ferien-Vacances GmbH\" \/>\n<meta property=\"og:description\" content=\"Fl\u00fce Teretschenstrasse 18, 3954 LeukerbadFl\u00fce 8 Appartamento di 2,5 locali di 58 m2 per 1-4 persone Soggiorno aperto con zona pranzo e cucina Cucina con forno, 3 piastre di cottura, frigorifero con congelatore, macchina da caff\u00e8, bollitore, set per raclette e fonduta 1 camera da letto con 2 letti singoli 2 letti pieghevoli nel soggiorno [&hellip;]\" \/>\n<meta property=\"og:url\" content=\"https:\/\/de.ferien-vacances.ch\/it\/appartamenti\/case\/haus-fluee\/\" \/>\n<meta property=\"og:site_name\" content=\"Ferien-Vacances GmbH\" \/>\n<meta property=\"article:modified_time\" content=\"2025-11-25T09:19:59+00:00\" \/>\n<meta name=\"twitter:card\" content=\"summary_large_image\" \/>\n<meta name=\"twitter:label1\" content=\"Tempo di lettura stimato\" \/>\n\t<meta name=\"twitter:data1\" content=\"minuti 4\" \/>\n<script type=\"application\/ld+json\" class=\"yoast-schema-graph\">{\"@context\":\"https:\\\/\\\/schema.org\",\"@graph\":[{\"@type\":\"WebPage\",\"@id\":\"https:\\\/\\\/de.ferien-vacances.ch\\\/it\\\/appartamenti\\\/case\\\/haus-fluee\\\/\",\"url\":\"https:\\\/\\\/de.ferien-vacances.ch\\\/it\\\/appartamenti\\\/case\\\/haus-fluee\\\/\",\"name\":\"Haus Fl\u00fce - Ferien-Vacances GmbH\",\"isPartOf\":{\"@id\":\"https:\\\/\\\/de.ferien-vacances.ch\\\/#website\"},\"primaryImageOfPage\":{\"@id\":\"https:\\\/\\\/de.ferien-vacances.ch\\\/it\\\/appartamenti\\\/case\\\/haus-fluee\\\/#primaryimage\"},\"image\":{\"@id\":\"https:\\\/\\\/de.ferien-vacances.ch\\\/it\\\/appartamenti\\\/case\\\/haus-fluee\\\/#primaryimage\"},\"thumbnailUrl\":\"https:\\\/\\\/de.ferien-vacances.ch\\\/wp-content\\\/uploads\\\/2026\\\/03\\\/Fluee-4-e1772630393834.jpg\",\"datePublished\":\"2025-10-02T15:21:05+00:00\",\"dateModified\":\"2025-11-25T09:19:59+00:00\",\"breadcrumb\":{\"@id\":\"https:\\\/\\\/de.ferien-vacances.ch\\\/it\\\/appartamenti\\\/case\\\/haus-fluee\\\/#breadcrumb\"},\"inLanguage\":\"it-IT\",\"potentialAction\":[{\"@type\":\"ReadAction\",\"target\":[\"https:\\\/\\\/de.ferien-vacances.ch\\\/it\\\/appartamenti\\\/case\\\/haus-fluee\\\/\"]}]},{\"@type\":\"ImageObject\",\"inLanguage\":\"it-IT\",\"@id\":\"https:\\\/\\\/de.ferien-vacances.ch\\\/it\\\/appartamenti\\\/case\\\/haus-fluee\\\/#primaryimage\",\"url\":\"https:\\\/\\\/de.ferien-vacances.ch\\\/wp-content\\\/uploads\\\/2026\\\/03\\\/Fluee-4-e1772630393834.jpg\",\"contentUrl\":\"https:\\\/\\\/de.ferien-vacances.ch\\\/wp-content\\\/uploads\\\/2026\\\/03\\\/Fluee-4-e1772630393834.jpg\",\"width\":970,\"height\":1133},{\"@type\":\"BreadcrumbList\",\"@id\":\"https:\\\/\\\/de.ferien-vacances.ch\\\/it\\\/appartamenti\\\/case\\\/haus-fluee\\\/#breadcrumb\",\"itemListElement\":[{\"@type\":\"ListItem\",\"position\":1,\"name\":\"Home\",\"item\":\"https:\\\/\\\/de.ferien-vacances.ch\\\/it\\\/\"},{\"@type\":\"ListItem\",\"position\":2,\"name\":\"Appartamenti\",\"item\":\"https:\\\/\\\/de.ferien-vacances.ch\\\/it\\\/appartamenti\\\/\"},{\"@type\":\"ListItem\",\"position\":3,\"name\":\"Alloggio per le vacanze\",\"item\":\"https:\\\/\\\/de.ferien-vacances.ch\\\/it\\\/appartamenti\\\/case\\\/\"},{\"@type\":\"ListItem\",\"position\":4,\"name\":\"Haus Fl\u00fce\"}]},{\"@type\":\"WebSite\",\"@id\":\"https:\\\/\\\/de.ferien-vacances.ch\\\/#website\",\"url\":\"https:\\\/\\\/de.ferien-vacances.ch\\\/\",\"name\":\"Ferien-Vacances GmbH\",\"description\":\"Ferienwohnungen &amp; Reinigungsservice\",\"publisher\":{\"@id\":\"https:\\\/\\\/de.ferien-vacances.ch\\\/#organization\"},\"potentialAction\":[{\"@type\":\"SearchAction\",\"target\":{\"@type\":\"EntryPoint\",\"urlTemplate\":\"https:\\\/\\\/de.ferien-vacances.ch\\\/?s={search_term_string}\"},\"query-input\":{\"@type\":\"PropertyValueSpecification\",\"valueRequired\":true,\"valueName\":\"search_term_string\"}}],\"inLanguage\":\"it-IT\"},{\"@type\":\"Organization\",\"@id\":\"https:\\\/\\\/de.ferien-vacances.ch\\\/#organization\",\"name\":\"Ferien-Vacances GmbH\",\"url\":\"https:\\\/\\\/de.ferien-vacances.ch\\\/\",\"logo\":{\"@type\":\"ImageObject\",\"inLanguage\":\"it-IT\",\"@id\":\"https:\\\/\\\/de.ferien-vacances.ch\\\/#\\\/schema\\\/logo\\\/image\\\/\",\"url\":\"https:\\\/\\\/de.ferien-vacances.ch\\\/wp-content\\\/uploads\\\/2025\\\/11\\\/ferien_vacances_logo_rgb-1.jpg\",\"contentUrl\":\"https:\\\/\\\/de.ferien-vacances.ch\\\/wp-content\\\/uploads\\\/2025\\\/11\\\/ferien_vacances_logo_rgb-1.jpg\",\"width\":1326,\"height\":793,\"caption\":\"Ferien-Vacances GmbH\"},\"image\":{\"@id\":\"https:\\\/\\\/de.ferien-vacances.ch\\\/#\\\/schema\\\/logo\\\/image\\\/\"}}]}<\/script>\n<!-- \/ Yoast SEO plugin. -->","yoast_head_json":{"title":"Haus Fl\u00fce - Ferien-Vacances GmbH","robots":{"index":"index","follow":"follow","max-snippet":"max-snippet:-1","max-image-preview":"max-image-preview:large","max-video-preview":"max-video-preview:-1"},"canonical":"https:\/\/de.ferien-vacances.ch\/it\/appartamenti\/case\/haus-fluee\/","og_locale":"it_IT","og_type":"article","og_title":"Haus Fl\u00fce - Ferien-Vacances GmbH","og_description":"Fl\u00fce Teretschenstrasse 18, 3954 LeukerbadFl\u00fce 8 Appartamento di 2,5 locali di 58 m2 per 1-4 persone Soggiorno aperto con zona pranzo e cucina Cucina con forno, 3 piastre di cottura, frigorifero con congelatore, macchina da caff\u00e8, bollitore, set per raclette e fonduta 1 camera da letto con 2 letti singoli 2 letti pieghevoli nel soggiorno [&hellip;]","og_url":"https:\/\/de.ferien-vacances.ch\/it\/appartamenti\/case\/haus-fluee\/","og_site_name":"Ferien-Vacances GmbH","article_modified_time":"2025-11-25T09:19:59+00:00","twitter_card":"summary_large_image","twitter_misc":{"Tempo di lettura stimato":"minuti 4"},"schema":{"@context":"https:\/\/schema.org","@graph":[{"@type":"WebPage","@id":"https:\/\/de.ferien-vacances.ch\/it\/appartamenti\/case\/haus-fluee\/","url":"https:\/\/de.ferien-vacances.ch\/it\/appartamenti\/case\/haus-fluee\/","name":"Haus Fl\u00fce - Ferien-Vacances GmbH","isPartOf":{"@id":"https:\/\/de.ferien-vacances.ch\/#website"},"primaryImageOfPage":{"@id":"https:\/\/de.ferien-vacances.ch\/it\/appartamenti\/case\/haus-fluee\/#primaryimage"},"image":{"@id":"https:\/\/de.ferien-vacances.ch\/it\/appartamenti\/case\/haus-fluee\/#primaryimage"},"thumbnailUrl":"https:\/\/de.ferien-vacances.ch\/wp-content\/uploads\/2026\/03\/Fluee-4-e1772630393834.jpg","datePublished":"2025-10-02T15:21:05+00:00","dateModified":"2025-11-25T09:19:59+00:00","breadcrumb":{"@id":"https:\/\/de.ferien-vacances.ch\/it\/appartamenti\/case\/haus-fluee\/#breadcrumb"},"inLanguage":"it-IT","potentialAction":[{"@type":"ReadAction","target":["https:\/\/de.ferien-vacances.ch\/it\/appartamenti\/case\/haus-fluee\/"]}]},{"@type":"ImageObject","inLanguage":"it-IT","@id":"https:\/\/de.ferien-vacances.ch\/it\/appartamenti\/case\/haus-fluee\/#primaryimage","url":"https:\/\/de.ferien-vacances.ch\/wp-content\/uploads\/2026\/03\/Fluee-4-e1772630393834.jpg","contentUrl":"https:\/\/de.ferien-vacances.ch\/wp-content\/uploads\/2026\/03\/Fluee-4-e1772630393834.jpg","width":970,"height":1133},{"@type":"BreadcrumbList","@id":"https:\/\/de.ferien-vacances.ch\/it\/appartamenti\/case\/haus-fluee\/#breadcrumb","itemListElement":[{"@type":"ListItem","position":1,"name":"Home","item":"https:\/\/de.ferien-vacances.ch\/it\/"},{"@type":"ListItem","position":2,"name":"Appartamenti","item":"https:\/\/de.ferien-vacances.ch\/it\/appartamenti\/"},{"@type":"ListItem","position":3,"name":"Alloggio per le vacanze","item":"https:\/\/de.ferien-vacances.ch\/it\/appartamenti\/case\/"},{"@type":"ListItem","position":4,"name":"Haus Fl\u00fce"}]},{"@type":"WebSite","@id":"https:\/\/de.ferien-vacances.ch\/#website","url":"https:\/\/de.ferien-vacances.ch\/","name":"Ferien-Vacances GmbH","description":"Ferienwohnungen &amp; Reinigungsservice","publisher":{"@id":"https:\/\/de.ferien-vacances.ch\/#organization"},"potentialAction":[{"@type":"SearchAction","target":{"@type":"EntryPoint","urlTemplate":"https:\/\/de.ferien-vacances.ch\/?s={search_term_string}"},"query-input":{"@type":"PropertyValueSpecification","valueRequired":true,"valueName":"search_term_string"}}],"inLanguage":"it-IT"},{"@type":"Organization","@id":"https:\/\/de.ferien-vacances.ch\/#organization","name":"Ferien-Vacances GmbH","url":"https:\/\/de.ferien-vacances.ch\/","logo":{"@type":"ImageObject","inLanguage":"it-IT","@id":"https:\/\/de.ferien-vacances.ch\/#\/schema\/logo\/image\/","url":"https:\/\/de.ferien-vacances.ch\/wp-content\/uploads\/2025\/11\/ferien_vacances_logo_rgb-1.jpg","contentUrl":"https:\/\/de.ferien-vacances.ch\/wp-content\/uploads\/2025\/11\/ferien_vacances_logo_rgb-1.jpg","width":1326,"height":793,"caption":"Ferien-Vacances GmbH"},"image":{"@id":"https:\/\/de.ferien-vacances.ch\/#\/schema\/logo\/image\/"}}]}},"_links":{"self":[{"href":"https:\/\/de.ferien-vacances.ch\/it\/wp-json\/wp\/v2\/pages\/16347","targetHints":{"allow":["GET"]}}],"collection":[{"href":"https:\/\/de.ferien-vacances.ch\/it\/wp-json\/wp\/v2\/pages"}],"about":[{"href":"https:\/\/de.ferien-vacances.ch\/it\/wp-json\/wp\/v2\/types\/page"}],"author":[{"embeddable":true,"href":"https:\/\/de.ferien-vacances.ch\/it\/wp-json\/wp\/v2\/users\/2"}],"replies":[{"embeddable":true,"href":"https:\/\/de.ferien-vacances.ch\/it\/wp-json\/wp\/v2\/comments?post=16347"}],"version-history":[{"count":0,"href":"https:\/\/de.ferien-vacances.ch\/it\/wp-json\/wp\/v2\/pages\/16347\/revisions"}],"up":[{"embeddable":true,"href":"https:\/\/de.ferien-vacances.ch\/it\/wp-json\/wp\/v2\/pages\/26022"}],"wp:featuredmedia":[{"embeddable":true,"href":"https:\/\/de.ferien-vacances.ch\/it\/wp-json\/wp\/v2\/media\/58622"}],"wp:attachment":[{"href":"https:\/\/de.ferien-vacances.ch\/it\/wp-json\/wp\/v2\/media?parent=16347"}],"curies":[{"name":"wp","href":"https:\/\/api.w.org\/{rel}","templated":true}]}}