{"id":25879,"date":"2018-07-31T12:41:25","date_gmt":"2018-07-31T12:41:25","guid":{"rendered":"https:\/\/de.ferien-vacances.ch\/casa\/"},"modified":"2026-02-03T16:22:09","modified_gmt":"2026-02-03T16:22:09","slug":"casa","status":"publish","type":"page","link":"https:\/\/de.ferien-vacances.ch\/it\/","title":{"rendered":"Casa"},"content":{"rendered":"<p>[et_pb_section fb_built=\"1&#8243; admin_label=\"Hero Section\" _builder_version=\"4.27.4&#8243; use_background_color_gradient=\"on\" background_color_gradient_direction=\"112deg\" background_color_gradient_stops=\"rgba(244,240,233,0.9) 30%|rgba(244,240,233,0) 100%\" background_color_gradient_overlays_image=\"on\" background_color_gradient_start=\"#f4f0e9&#8243; background_color_gradient_start_position=\"30%\" background_color_gradient_end=\"rgba(244,240,233,0)\" background_image=\"https:\/\/de.ferien-vacances.ch\/wp-content\/uploads\/2025\/09\/IMG-20240514-WA0003.jpg\" background_repeat=\"repeat\" min_height=\"399.9px\" custom_margin=\"|||\" custom_padding=\"5.8%|0px|4.1%|0px|false|false\" background_last_edited=\"off|desktop\" global_colors_info=\"{}\"][et_pb_row custom_padding_last_edited=\"off|desktop\" admin_label=\"Area degli eroi\" _builder_version=\"4.27.4&#8243; max_width=\"1480px\" custom_margin=\"|auto|-3px|auto||\" custom_padding=\"27px|0px|0px|0px\" global_colors_info=\"{}\"][et_pb_column type=\"4_4&#8243; _builder_version=\"4.16&#8243; custom_padding=\"|||\" global_colors_info=\"{}\" custom_padding__hover=\"|||\"][et_pb_text admin_label=\"Hero Title\" _builder_version=\"4.27.4&#8243; text_font=\"Playfair Display||||||||\" header_font=\"Alice||||||||\" header_font_size=\"120px\" header_letter_spacing=\"-3px\" header_line_height=\"1.1em\" max_width=\"97%\" animation_style=\"slide\" animation_direction=\"left\" animation_intensity_slide=\"5%\" animation_starting_opacity=\"100%\" text_font_size_last_edited=\"off|desktop\" header_font_size_tablet=\"\" header_font_size_phone=\"60px\" header_font_size_last_edited=\"on|phone\" text_text_shadow_style=\"preset2&#8243; inline_fonts=\"Akshar,Alice\" global_colors_info=\"{}\"]<\/p>\n<h1 style=\"text-align: center;\"><span style=\"font-family: Alice; font-weight: normal; color: #7c3740;\">Ferien-Vacances GmbH<\/span><\/h1>\n<p style=\"text-align: center;\"><span style=\"font-family: Alice; font-weight: normal; color: #7c3740; font-size: xx-large;\">I suoi sogni - la nostra passione  <\/span><\/p>\n<p><span style=\"font-family: Alice; font-weight: normal; color: #7c3740;\"><\/span><\/p>\n<p>[\/et_pb_text][\/et_pb_column][\/et_pb_row][\/et_pb_section][et_pb_section fb_built=\"1&#8243; _builder_version=\"4.27.5&#8243; _module_preset=\"default\" global_colors_info=\"{}\"][et_pb_row _builder_version=\"4.27.5&#8243; _module_preset=\"default\" width=\"83.4%\" global_colors_info=\"{}\"][et_pb_column type=\"4_4&#8243; _builder_version=\"4.27.5&#8243; _module_preset=\"default\" global_colors_info=\"{}\"][et_pb_button button_url=\"https:\/\/de.ferien-vacances.ch\/it\/51355-2\/\" button_text=\"Cerca e prenota  \" button_alignment=\"center\" _builder_version=\"4.27.5&#8243; custom_button=\"on\" button_text_size=\"20px\" button_text_color=\"#FFFFFF\" button_bg_color=\"#ceaa46&#8243; button_border_width=\"0px\" button_border_radius=\"100px\" button_letter_spacing=\"2px\" button_font=\"|700||||on|||\" button_use_icon=\"off\" custom_padding=\"16px|30px|16px|30px\" animation_style=\"slide\" animation_direction=\"left\" animation_intensity_slide=\"10%\" animation_starting_opacity=\"100%\" hover_enabled=\"0&#8243; button_text_shadow_style=\"preset2&#8243; box_shadow_style=\"preset2&#8243; box_shadow_color=\"rgba(0,0,0,0.4)\" button_letter_spacing_hover=\"2px\" button_bg_color_hover=\"#e0c588&#8243; locked=\"off\" global_colors_info=\"{}\" button_text_size__hover_enabled=\"off\" button_one_text_size__hover_enabled=\"off\" button_two_text_size__hover_enabled=\"off\" button_text_color__hover_enabled=\"off\" button_one_text_color__hover_enabled=\"off\" button_two_text_color__hover_enabled=\"off\" button_border_width__hover_enabled=\"off\" button_one_border_width__hover_enabled=\"off\" button_two_border_width__hover_enabled=\"off\" button_border_color__hover_enabled=\"off\" button_one_border_color__hover_enabled=\"off\" button_two_border_color__hover_enabled=\"off\" button_border_radius__hover_enabled=\"off\" button_one_border_radius__hover_enabled=\"off\" button_two_border_radius__hover_enabled=\"off\" button_letter_spacing__hover_enabled=\"on\" button_letter_spacing__hover=\"2px\" button_one_letter_spacing__hover_enabled=\"off\" button_two_letter_spacing__hover_enabled=\"off\" button_bg_color__hover_enabled=\"on\" button_bg_color__hover=\"#e0c588&#8243; button_one_bg_color__hover_enabled=\"off\" button_two_bg_color__hover_enabled=\"off\" sticky_enabled=\"0&#8243;][\/et_pb_button][\/et_pb_column][\/et_pb_row][\/et_pb_section][et_pb_section fb_built=\"1&#8243; admin_label=\"Promo Banner\" _builder_version=\"4.27.4&#8243; background_color=\"RGBA(255,255,255,0)\" custom_padding=\"0px|0px|136px|0px||\" global_colors_info=\"{}\"][et_pb_row column_structure=\"1_5,3_5,1_5&#8243; _builder_version=\"4.27.4&#8243; width=\"100%\" max_width=\"2560px\" min_height=\"398px\" height=\"1000px\" custom_margin=\"|auto|-763px|auto||\" global_colors_info=\"{}\"][et_pb_column type=\"1_5&#8243; _builder_version=\"4.16&#8243; custom_padding=\"|||\" global_colors_info=\"{}\" custom_padding__hover=\"|||\"][\/et_pb_column][et_pb_column type=\"3_5&#8243; _builder_version=\"4.16&#8243; custom_padding=\"|||\" global_colors_info=\"{}\" custom_padding__hover=\"|||\"][et_pb_text _builder_version=\"4.27.4&#8243; text_font_size=\"16px\" link_font=\"|600|||on||||\" link_text_color=\"rgba(12,12,12,0.59)\" header_2_font=\"Alice||||||||\" header_2_line_height=\"1.5em\" text_orientation=\"center\" background_layout=\"dark\" width=\"100%\" min_height=\"106.3px\" custom_margin=\"||||false|false\" custom_padding=\"4px||2px|0px||\" box_shadow_style=\"preset6&#8243; box_shadow_color=\"#ceaa46&#8243; inline_fonts=\"Alice\" global_colors_info=\"{}\"]<\/p>\n<h4><span style=\"color: #000000;\"><span style=\"font-size: large;\"><\/span><\/span><\/h4>\n<h4><span style=\"color: #000000;\"><span style=\"font-size: large;\"><\/span><\/span><\/h4>\n<h4><span style=\"color: #000000;\"><span style=\"font-size: large;\"><\/span><\/span><\/h4>\n<h4><span style=\"color: #000000;\"><span style=\"font-size: large;\"><\/span><\/span><\/h4>\n<h4><span style=\"font-family: Alice;\"><span style=\"color: #000000;\"><span style=\"font-size: large;\">Ogni sognatore sa che \u00e8 perfettamente possibile, <\/span><\/span><span style=\"color: #000000;\"><span style=\"font-size: large;\">avere nostalgia di un luogo <\/span><\/span><span style=\"color: #000000; font-size: large;\">dove non si \u00e8 mai stati,<\/span><\/span><\/h4>\n<h4><span style=\"font-family: Alice;\"><span style=\"color: #000000; font-size: large;\">probabilmente ancora pi\u00f9 forte che sul <\/span><span style=\"color: #000000; font-size: large;\">terreno familiare\".<\/span><\/span><\/h4>\n<h4><span style=\"color: #000000; font-size: medium; font-family: Alice; font-weight: normal;\">Judith Thurmanen<\/span><\/h4>\n<p><span style=\"color: #000000; font-size: large;\"><\/span><\/p>\n<p><span style=\"color: #000000; font-size: medium; font-family: inherit; font-weight: normal;\"><\/span><\/p>\n<p>[\/et_pb_text][\/et_pb_column][et_pb_column type=\"1_5&#8243; _builder_version=\"4.16&#8243; custom_padding=\"|||\" global_colors_info=\"{}\" custom_padding__hover=\"|||\"][\/et_pb_column][\/et_pb_row][et_pb_row _builder_version=\"4.27.4&#8243; _module_preset=\"default\" global_colors_info=\"{}\"][et_pb_column type=\"4_4&#8243; _builder_version=\"4.27.4&#8243; _module_preset=\"default\" global_colors_info=\"{}\"][et_pb_text _builder_version=\"4.27.4&#8243; _module_preset=\"default\" text_text_color=\"#7c3740&#8243; text_font_size=\"20px\" custom_padding=\"||0px|||\" global_colors_info=\"{}\"]<\/p>\n<p><strong>Benvenuto a Ferien-Vacances GmbH<\/strong>, l&#8217;agenzia che si occupa con passione di aiutarla non solo a pianificare le sue vacanze da sogno, ma anche a viverle.<\/p>\n<p>&nbsp;<\/p>\n<p><strong>Leukerbad<\/strong>, una delle localit\u00e0 pi\u00f9 belle della Svizzera, merita una visita in qualsiasi periodo dell&#8217;anno. Si lasci incantare dal travolgente mondo montano, dai bagni termali rivitalizzanti, dai bellissimi sentieri escursionistici, dalla natura impressionante, dal meraviglioso divertimento sulla neve, dall&#8217;ampia offerta culinaria, dalla variet\u00e0 di attivit\u00e0 sportive&#8230; e molto altro ancora. <\/p>\n<p>&nbsp;<\/p>\n<p>[\/et_pb_text][\/et_pb_column][\/et_pb_row][et_pb_row column_structure=\"1_4,3_4&#8243; _builder_version=\"4.27.4&#8243; _module_preset=\"default\" global_colors_info=\"{}\"][et_pb_column type=\"1_4&#8243; _builder_version=\"4.27.4&#8243; _module_preset=\"default\" global_colors_info=\"{}\"][et_pb_image src=\"https:\/\/de.ferien-vacances.ch\/wp-content\/uploads\/2025\/11\/Winter-hiking_Leukerbad_Direction-Majingsee_Village-View-\u00a9My-Leukerbad-AG.jpg\" title_text=\"Escursioni invernali_Leukerbad_Direzione Majingsee_Village View \u00a9My Leukerbad AG\" force_fullwidth=\"on\" align_tablet=\"center\" align_phone=\"\" align_last_edited=\"on|desktop\" _builder_version=\"4.27.4&#8243; min_height=\"305px\" border_color_all=\"#7c3740&#8243; locked=\"off\" global_colors_info=\"{}\"][\/et_pb_image][\/et_pb_column][et_pb_column type=\"3_4&#8243; _builder_version=\"4.27.4&#8243; _module_preset=\"default\" global_colors_info=\"{}\"][et_pb_text _builder_version=\"4.27.4&#8243; _module_preset=\"default\" global_colors_info=\"{}\"]<\/p>\n<p><span style=\"font-size: large;\"><strong>Sta cercando una casa vacanze?  <\/strong>La aiuteremo a trovare la sistemazione giusta. Che si tratti di una pausa rilassante per lei, di un momento romantico per due, di una vacanza divertente per tutta la famiglia o di un viaggio di successo con gli amici. Qualunque cosa stia cercando, possiamo aiutarla.  <\/span><\/p>\n<p><span style=\"font-size: large;\">Sfoglia gli appartamenti e prenota direttamente quello che preferisce. Ha qualche domanda? Ci contatti, saremo lieti di consigliarla.  <\/span><\/p>\n<p><span style=\"font-size: large;\"><\/span><\/p>\n<p><span style=\"font-size: large;\"><\/span><\/p>\n<p><span style=\"font-size: large;\"><\/span><\/p>\n<p>[\/et_pb_text][et_pb_button button_url=\"https:\/\/de.ferien-vacances.ch\/it\/appartamenti\/case\/\" button_text=\"Alloggio per le vacanze\" button_alignment=\"right\" _builder_version=\"4.27.4&#8243; custom_button=\"on\" button_text_size=\"20px\" button_text_color=\"#FFFFFF\" button_bg_color=\"#ceaa46&#8243; button_border_width=\"0px\" button_border_radius=\"100px\" button_letter_spacing=\"2px\" button_font=\"|700||||on|||\" button_use_icon=\"off\" custom_padding=\"16px|30px|16px|30px\" animation_style=\"slide\" animation_direction=\"left\" animation_intensity_slide=\"10%\" animation_starting_opacity=\"100%\" button_text_shadow_style=\"preset2&#8243; box_shadow_style=\"preset2&#8243; box_shadow_color=\"rgba(0,0,0,0.4)\" button_letter_spacing_hover=\"2px\" button_bg_color_hover=\"#e0c588&#8243; global_colors_info=\"{}\" button_text_size__hover_enabled=\"off\" button_one_text_size__hover_enabled=\"off\" button_two_text_size__hover_enabled=\"off\" button_text_color__hover_enabled=\"off\" button_one_text_color__hover_enabled=\"off\" button_two_text_color__hover_enabled=\"off\" button_border_width__hover_enabled=\"off\" button_one_border_width__hover_enabled=\"off\" button_two_border_width__hover_enabled=\"off\" button_border_color__hover_enabled=\"off\" button_one_border_color__hover_enabled=\"off\" button_two_border_color__hover_enabled=\"off\" button_border_radius__hover_enabled=\"off\" button_one_border_radius__hover_enabled=\"off\" button_two_border_radius__hover_enabled=\"off\" button_letter_spacing__hover_enabled=\"on\" button_letter_spacing__hover=\"2px\" button_one_letter_spacing__hover_enabled=\"off\" button_two_letter_spacing__hover_enabled=\"off\" button_bg_color__hover_enabled=\"on\" button_bg_color__hover=\"#e0c588&#8243; button_one_bg_color__hover_enabled=\"off\" button_two_bg_color__hover_enabled=\"off\"][\/et_pb_button][\/et_pb_column][\/et_pb_row][et_pb_row column_structure=\"1_4,3_4&#8243; _builder_version=\"4.27.4&#8243; _module_preset=\"default\" global_colors_info=\"{}\"][et_pb_column type=\"1_4&#8243; _builder_version=\"4.27.4&#8243; _module_preset=\"default\" global_colors_info=\"{}\"][et_pb_image src=\"https:\/\/de.ferien-vacances.ch\/wp-content\/uploads\/2025\/11\/Leukerbad_Summer-with-flower-fields-\u00a9MyLeukerbadAG.jpg\" title_text=\"Leukerbad_Estate con campi di fiori \u00a9MyLeukerbadAG\" force_fullwidth=\"on\" align_tablet=\"center\" align_phone=\"\" align_last_edited=\"on|desktop\" _builder_version=\"4.27.4&#8243; min_height=\"305px\" border_color_all=\"#7c3740&#8243; locked=\"off\" global_colors_info=\"{}\"][\/et_pb_image][\/et_pb_column][et_pb_column type=\"3_4&#8243; _builder_version=\"4.27.4&#8243; _module_preset=\"default\" global_colors_info=\"{}\"][et_pb_text _builder_version=\"4.27.4&#8243; _module_preset=\"default\" global_colors_info=\"{}\"]<\/p>\n<p><span style=\"font-size: large;\"><strong>\u00c8 proprietario di <\/strong>una casa vacanze e sta cercando il partner perfetto per la locazione e la gestione della sua propriet\u00e0?<\/span><\/p>\n<p><span style=\"font-size: large;\">Le offriamo un servizio a tutto tondo.<\/span><\/p>\n<p><span style=\"font-size: large;\">Ci lasci fare il lavoro mentre lei ha pi\u00f9 tempo per godersi la vita.<\/span><\/p>\n<p><span style=\"font-size: large;\"> <\/span><span style=\"font-size: large;\"><\/span><\/p>\n<p><span style=\"font-size: large;\"><\/span><\/p>\n<p><span style=\"font-size: large;\"><\/span><\/p>\n<p>[\/et_pb_text][et_pb_button button_url=\"https:\/\/de.ferien-vacances.ch\/it\/servizio-di-assistenza-ai-proprietari-di-immobili\/\" button_text=\"Servizio di noleggio\" button_alignment=\"right\" _builder_version=\"4.27.4&#8243; custom_button=\"on\" button_text_size=\"20px\" button_text_color=\"#FFFFFF\" button_bg_color=\"#ceaa46&#8243; button_border_width=\"0px\" button_border_radius=\"100px\" button_letter_spacing=\"2px\" button_font=\"|700||||on|||\" button_use_icon=\"off\" custom_padding=\"16px|30px|16px|30px\" animation_style=\"slide\" animation_direction=\"left\" animation_intensity_slide=\"10%\" animation_starting_opacity=\"100%\" button_text_shadow_style=\"preset2&#8243; box_shadow_style=\"preset2&#8243; box_shadow_color=\"rgba(0,0,0,0.4)\" button_letter_spacing_hover=\"2px\" button_bg_color_hover=\"#e0c588&#8243; global_colors_info=\"{}\" button_text_size__hover_enabled=\"off\" button_one_text_size__hover_enabled=\"off\" button_two_text_size__hover_enabled=\"off\" button_text_color__hover_enabled=\"off\" button_one_text_color__hover_enabled=\"off\" button_two_text_color__hover_enabled=\"off\" button_border_width__hover_enabled=\"off\" button_one_border_width__hover_enabled=\"off\" button_two_border_width__hover_enabled=\"off\" button_border_color__hover_enabled=\"off\" button_one_border_color__hover_enabled=\"off\" button_two_border_color__hover_enabled=\"off\" button_border_radius__hover_enabled=\"off\" button_one_border_radius__hover_enabled=\"off\" button_two_border_radius__hover_enabled=\"off\" button_letter_spacing__hover_enabled=\"on\" button_letter_spacing__hover=\"2px\" button_one_letter_spacing__hover_enabled=\"off\" button_two_letter_spacing__hover_enabled=\"off\" button_bg_color__hover_enabled=\"on\" button_bg_color__hover=\"#e0c588&#8243; button_one_bg_color__hover_enabled=\"off\" button_two_bg_color__hover_enabled=\"off\"][\/et_pb_button][\/et_pb_column][\/et_pb_row][et_pb_row column_structure=\"1_4,3_4&#8243; _builder_version=\"4.27.4&#8243; _module_preset=\"default\" global_colors_info=\"{}\"][et_pb_column type=\"1_4&#8243; _builder_version=\"4.27.4&#8243; _module_preset=\"default\" global_colors_info=\"{}\"][et_pb_image src=\"https:\/\/de.ferien-vacances.ch\/wp-content\/uploads\/2025\/11\/Winter-hiking_Torrent_Panorama-trail_5-\u00a9My-Leukerbad-AG-1-scaled.jpg\" title_text=\"Escursione invernale_Torrent_Panorama trail_5 \u00a9My Leukerbad AG\" force_fullwidth=\"on\" align_tablet=\"center\" align_phone=\"\" align_last_edited=\"on|desktop\" _builder_version=\"4.27.4&#8243; min_height=\"305px\" border_color_all=\"#7c3740&#8243; locked=\"off\" global_colors_info=\"{}\"][\/et_pb_image][\/et_pb_column][et_pb_column type=\"3_4&#8243; _builder_version=\"4.27.4&#8243; _module_preset=\"default\" global_colors_info=\"{}\"][et_pb_text _builder_version=\"4.27.4&#8243; _module_preset=\"default\" global_colors_info=\"{}\"]<\/p>\n<p><span style=\"font-size: large;\"><strong>\u00c8 proprietario di <\/strong>una casa vacanze e cerca un servizio di pulizia e\/o lavanderia professionale? Allora si metta in contatto con noi. La ascolteremo con attenzione e le faremo l&#8217;offerta giusta per le sue esigenze.  <\/span><span style=\"font-size: large;\"><\/span><\/p>\n<p><span style=\"font-size: large;\">Sfrutti al massimo il suo soggiorno, dal primo all&#8217;ultimo secondo.  <\/span><\/p>\n<p><span style=\"font-size: large;\">Ci occupiamo del prima e del dopo per lei.<\/span><span style=\"font-size: large;\"> <\/span><span style=\"font-size: large;\"><\/span><\/p>\n<p><span style=\"font-size: large;\"><\/span><\/p>\n<p><span style=\"font-size: large;\"><\/span><\/p>\n<p>[\/et_pb_text][et_pb_button button_url=\"https:\/\/de.ferien-vacances.ch\/it\/servizio-di-pulizia\/\" button_text=\"Servizio di pulizia\" button_alignment=\"right\" _builder_version=\"4.27.4&#8243; custom_button=\"on\" button_text_size=\"20px\" button_text_color=\"#FFFFFF\" button_bg_color=\"#ceaa46&#8243; button_border_width=\"0px\" button_border_radius=\"100px\" button_letter_spacing=\"2px\" button_font=\"|700||||on|||\" button_use_icon=\"off\" custom_padding=\"16px|30px|16px|30px\" animation_style=\"slide\" animation_direction=\"left\" animation_intensity_slide=\"10%\" animation_starting_opacity=\"100%\" button_text_shadow_style=\"preset2&#8243; box_shadow_style=\"preset2&#8243; box_shadow_color=\"rgba(0,0,0,0.4)\" button_letter_spacing_hover=\"2px\" button_bg_color_hover=\"#e0c588&#8243; global_colors_info=\"{}\" button_text_size__hover_enabled=\"off\" button_one_text_size__hover_enabled=\"off\" button_two_text_size__hover_enabled=\"off\" button_text_color__hover_enabled=\"off\" button_one_text_color__hover_enabled=\"off\" button_two_text_color__hover_enabled=\"off\" button_border_width__hover_enabled=\"off\" button_one_border_width__hover_enabled=\"off\" button_two_border_width__hover_enabled=\"off\" button_border_color__hover_enabled=\"off\" button_one_border_color__hover_enabled=\"off\" button_two_border_color__hover_enabled=\"off\" button_border_radius__hover_enabled=\"off\" button_one_border_radius__hover_enabled=\"off\" button_two_border_radius__hover_enabled=\"off\" button_letter_spacing__hover_enabled=\"on\" button_letter_spacing__hover=\"2px\" button_one_letter_spacing__hover_enabled=\"off\" button_two_letter_spacing__hover_enabled=\"off\" button_bg_color__hover_enabled=\"on\" button_bg_color__hover=\"#e0c588&#8243; button_one_bg_color__hover_enabled=\"off\" button_two_bg_color__hover_enabled=\"off\"][\/et_pb_button][\/et_pb_column][\/et_pb_row][et_pb_row column_structure=\"3_4,1_4&#8243; _builder_version=\"4.27.4&#8243; _module_preset=\"default\" min_height=\"210.1px\" custom_padding=\"93px|||||\" global_colors_info=\"{}\"][et_pb_column type=\"3_4&#8243; _builder_version=\"4.27.4&#8243; _module_preset=\"default\" global_colors_info=\"{}\"][et_pb_text _builder_version=\"4.27.4&#8243; _module_preset=\"default\" text_text_color=\"#7c3740&#8243; text_font_size=\"20px\" global_colors_info=\"{}\"]<\/p>\n<p>Naturalmente, siamo anche felici di rispondere a qualsiasi altra domanda o dubbio che possa avere.<em><\/em><\/p>\n<p><strong>Il suo team di Ferien-Vacances GmbH<\/strong><\/p>\n<p>[\/et_pb_text][et_pb_button button_url=\"https:\/\/de.ferien-vacances.ch\/it\/ci-contatti\/\" button_text=\"Si metta in contatto con noi\" _builder_version=\"4.27.4&#8243; custom_button=\"on\" button_text_size=\"20px\" button_text_color=\"#FFFFFF\" button_bg_color=\"#ceaa46&#8243; button_border_width=\"0px\" button_border_radius=\"100px\" button_letter_spacing=\"2px\" button_font=\"|700||||on|||\" button_use_icon=\"off\" custom_padding=\"16px|30px|16px|30px\" animation_style=\"slide\" animation_direction=\"left\" animation_intensity_slide=\"10%\" animation_starting_opacity=\"100%\" button_text_shadow_style=\"preset2&#8243; box_shadow_style=\"preset2&#8243; box_shadow_color=\"rgba(0,0,0,0.4)\" button_letter_spacing_hover=\"2px\" button_bg_color_hover=\"#e0c588&#8243; global_colors_info=\"{}\" button_text_size__hover_enabled=\"off\" button_one_text_size__hover_enabled=\"off\" button_two_text_size__hover_enabled=\"off\" button_text_color__hover_enabled=\"off\" button_one_text_color__hover_enabled=\"off\" button_two_text_color__hover_enabled=\"off\" button_border_width__hover_enabled=\"off\" button_one_border_width__hover_enabled=\"off\" button_two_border_width__hover_enabled=\"off\" button_border_color__hover_enabled=\"off\" button_one_border_color__hover_enabled=\"off\" button_two_border_color__hover_enabled=\"off\" button_border_radius__hover_enabled=\"off\" button_one_border_radius__hover_enabled=\"off\" button_two_border_radius__hover_enabled=\"off\" button_letter_spacing__hover_enabled=\"on\" button_letter_spacing__hover=\"2px\" button_one_letter_spacing__hover_enabled=\"off\" button_two_letter_spacing__hover_enabled=\"off\" button_bg_color__hover_enabled=\"on\" button_bg_color__hover=\"#e0c588&#8243; button_one_bg_color__hover_enabled=\"off\" button_two_bg_color__hover_enabled=\"off\"][\/et_pb_button][\/et_pb_column][et_pb_column type=\"1_4&#8243; _builder_version=\"4.27.4&#8243; _module_preset=\"default\" global_colors_info=\"{}\"][et_pb_image src=\"https:\/\/de.ferien-vacances.ch\/wp-content\/uploads\/2025\/11\/ferien_vacances_logo_rgb-1.jpg\" title_text=\"logo7&#8243; _builder_version=\"4.27.4&#8243; _module_preset=\"default\" global_colors_info=\"{}\"][\/et_pb_image][\/et_pb_column][\/et_pb_row][\/et_pb_section][et_pb_section fb_built=\"1&#8243; admin_label=\"Gallery Row\" _builder_version=\"4.16&#8243; custom_padding=\"0px|0px|0px|0px\" global_colors_info=\"{}\"][et_pb_row column_structure=\"1_4,1_4,1_4,1_4&#8243; use_custom_gutter=\"on\" gutter_width=\"1&#8243; module_class=\" et_pb_row_fullwidth\" _builder_version=\"4.16&#8243; width=\"100%\" width_tablet=\"100%\" width_phone=\"\" width_last_edited=\"on|desktop\" max_width=\"100%\" max_width_tablet=\"100%\" max_width_phone=\"\" max_width_last_edited=\"on|desktop\" custom_padding=\"0px|0px|0px|0px\" make_fullwidth=\"on\" global_colors_info=\"{}\"][et_pb_column type=\"1_4&#8243; _builder_version=\"4.16&#8243; custom_padding=\"|||\" global_colors_info=\"{}\" custom_padding__hover=\"|||\"][et_pb_image src=\"https:\/\/de.ferien-vacances.ch\/wp-content\/uploads\/2025\/11\/Village_Summer_6-\u00a9MyLeukerbadAG-scaled.jpg\" title_text=\"Villaggio_Estate_6 \u00a9MyLeukerbadAG\" force_fullwidth=\"on\" align_tablet=\"center\" align_phone=\"\" align_last_edited=\"on|desktop\" _builder_version=\"4.27.4&#8243; border_width_all=\"1px\" border_color_all=\"#7c3740&#8243; locked=\"off\" global_colors_info=\"{}\"][\/et_pb_image][\/et_pb_column][et_pb_column type=\"1_4&#8243; _builder_version=\"4.16&#8243; custom_padding=\"|||\" global_colors_info=\"{}\" custom_padding__hover=\"|||\"][et_pb_image src=\"https:\/\/de.ferien-vacances.ch\/wp-content\/uploads\/2025\/11\/Erli_5352_\u00a9MyLeukerbadAG-scaled.jpg\" title_text=\"Erli_5352_\u00a9MyLeukerbadAG\" force_fullwidth=\"on\" align_tablet=\"center\" align_phone=\"\" align_last_edited=\"on|desktop\" _builder_version=\"4.27.4&#8243; border_width_all=\"1px\" border_color_all=\"#7c3740&#8243; locked=\"off\" global_colors_info=\"{}\"][\/et_pb_image][\/et_pb_column][et_pb_column type=\"1_4&#8243; _builder_version=\"4.16&#8243; custom_padding=\"|||\" global_colors_info=\"{}\" custom_padding__hover=\"|||\"][et_pb_image src=\"https:\/\/de.ferien-vacances.ch\/wp-content\/uploads\/2025\/11\/ThermeFamily_3781_\u00a9MyLeukerbadAG-scaled.jpg\" title_text=\"ThermeFamily_3781_\u00a9MyLeukerbadAG\" force_fullwidth=\"on\" align_tablet=\"center\" align_phone=\"\" align_last_edited=\"on|desktop\" _builder_version=\"4.27.4&#8243; border_width_all=\"1px\" border_color_all=\"#7c3740&#8243; locked=\"off\" global_colors_info=\"{}\"][\/et_pb_image][\/et_pb_column][et_pb_column type=\"1_4&#8243; _builder_version=\"4.16&#8243; custom_padding=\"|||\" global_colors_info=\"{}\" custom_padding__hover=\"|||\"][et_pb_image src=\"https:\/\/de.ferien-vacances.ch\/wp-content\/uploads\/2025\/11\/Gemmi_Viewpoint_Winter\u00a9MyLeukerbadAG-scaled.jpg\" title_text=\"Gemmi_Viewpoint_Winter\u00a9MyLeukerbadAG\" force_fullwidth=\"on\" align_tablet=\"center\" align_phone=\"\" align_last_edited=\"on|desktop\" _builder_version=\"4.27.4&#8243; border_width_all=\"1px\" border_color_all=\"#7c3740&#8243; locked=\"off\" global_colors_info=\"{}\"][\/et_pb_image][\/et_pb_column][\/et_pb_row][\/et_pb_section]<\/p>\n","protected":false},"excerpt":{"rendered":"<p>Ferien-Vacances GmbH I suoi sogni - la nostra passione Ogni sognatore sa che \u00e8 perfettamente possibile, avere nostalgia di un luogo dove non si \u00e8 mai stati, probabilmente ancora pi\u00f9 forte che sul terreno familiare\". Judith Thurmanen Benvenuto a Ferien-Vacances GmbH, l&#8217;agenzia che si occupa con passione di aiutarla non solo a pianificare le sue [&hellip;]<\/p>\n","protected":false},"author":2,"featured_media":0,"parent":0,"menu_order":0,"comment_status":"closed","ping_status":"closed","template":"","meta":{"_acf_changed":false,"_et_pb_use_builder":"on","_et_pb_old_content":"","_et_gb_content_width":"","footnotes":""},"class_list":["post-25879","page","type-page","status-publish","hentry"],"acf":[],"yoast_head":"<!-- This site is optimized with the Yoast SEO plugin v27.4 - https:\/\/yoast.com\/product\/yoast-seo-wordpress\/ -->\n<title>Casa - Ferien-Vacances GmbH<\/title>\n<meta name=\"robots\" content=\"index, follow, max-snippet:-1, max-image-preview:large, max-video-preview:-1\" \/>\n<link rel=\"canonical\" href=\"https:\/\/de.ferien-vacances.ch\/it\/\" \/>\n<meta property=\"og:locale\" content=\"it_IT\" \/>\n<meta property=\"og:type\" content=\"article\" \/>\n<meta property=\"og:title\" content=\"Casa - Ferien-Vacances GmbH\" \/>\n<meta property=\"og:description\" content=\"Ferien-Vacances GmbH I suoi sogni - la nostra passione Ogni sognatore sa che \u00e8 perfettamente possibile, avere nostalgia di un luogo dove non si \u00e8 mai stati, probabilmente ancora pi\u00f9 forte che sul terreno familiare&quot;. Judith Thurmanen Benvenuto a Ferien-Vacances GmbH, l&#039;agenzia che si occupa con passione di aiutarla non solo a pianificare le sue [&hellip;]\" \/>\n<meta property=\"og:url\" content=\"https:\/\/de.ferien-vacances.ch\/it\/\" \/>\n<meta property=\"og:site_name\" content=\"Ferien-Vacances GmbH\" \/>\n<meta property=\"article:modified_time\" content=\"2026-02-03T16:22:09+00:00\" \/>\n<meta name=\"twitter:card\" content=\"summary_large_image\" \/>\n<meta name=\"twitter:label1\" content=\"Tempo di lettura stimato\" \/>\n\t<meta name=\"twitter:data1\" content=\"minuti 14\" \/>\n<script type=\"application\/ld+json\" class=\"yoast-schema-graph\">{\"@context\":\"https:\\\/\\\/schema.org\",\"@graph\":[{\"@type\":\"WebPage\",\"@id\":\"https:\\\/\\\/de.ferien-vacances.ch\\\/it\\\/\",\"url\":\"https:\\\/\\\/de.ferien-vacances.ch\\\/it\\\/\",\"name\":\"Casa - Ferien-Vacances GmbH\",\"isPartOf\":{\"@id\":\"https:\\\/\\\/de.ferien-vacances.ch\\\/#website\"},\"datePublished\":\"2018-07-31T12:41:25+00:00\",\"dateModified\":\"2026-02-03T16:22:09+00:00\",\"breadcrumb\":{\"@id\":\"https:\\\/\\\/de.ferien-vacances.ch\\\/it\\\/#breadcrumb\"},\"inLanguage\":\"it-IT\",\"potentialAction\":[{\"@type\":\"ReadAction\",\"target\":[\"https:\\\/\\\/de.ferien-vacances.ch\\\/it\\\/\"]}]},{\"@type\":\"BreadcrumbList\",\"@id\":\"https:\\\/\\\/de.ferien-vacances.ch\\\/it\\\/#breadcrumb\",\"itemListElement\":[{\"@type\":\"ListItem\",\"position\":1,\"name\":\"Home\",\"item\":\"https:\\\/\\\/de.ferien-vacances.ch\\\/it\\\/\"},{\"@type\":\"ListItem\",\"position\":2,\"name\":\"Casa\"}]},{\"@type\":\"WebSite\",\"@id\":\"https:\\\/\\\/de.ferien-vacances.ch\\\/#website\",\"url\":\"https:\\\/\\\/de.ferien-vacances.ch\\\/\",\"name\":\"Ferien-Vacances GmbH\",\"description\":\"Ferienwohnungen &amp; Reinigungsservice\",\"publisher\":{\"@id\":\"https:\\\/\\\/de.ferien-vacances.ch\\\/#organization\"},\"potentialAction\":[{\"@type\":\"SearchAction\",\"target\":{\"@type\":\"EntryPoint\",\"urlTemplate\":\"https:\\\/\\\/de.ferien-vacances.ch\\\/?s={search_term_string}\"},\"query-input\":{\"@type\":\"PropertyValueSpecification\",\"valueRequired\":true,\"valueName\":\"search_term_string\"}}],\"inLanguage\":\"it-IT\"},{\"@type\":\"Organization\",\"@id\":\"https:\\\/\\\/de.ferien-vacances.ch\\\/#organization\",\"name\":\"Ferien-Vacances GmbH\",\"url\":\"https:\\\/\\\/de.ferien-vacances.ch\\\/\",\"logo\":{\"@type\":\"ImageObject\",\"inLanguage\":\"it-IT\",\"@id\":\"https:\\\/\\\/de.ferien-vacances.ch\\\/#\\\/schema\\\/logo\\\/image\\\/\",\"url\":\"https:\\\/\\\/de.ferien-vacances.ch\\\/wp-content\\\/uploads\\\/2025\\\/11\\\/ferien_vacances_logo_rgb-1.jpg\",\"contentUrl\":\"https:\\\/\\\/de.ferien-vacances.ch\\\/wp-content\\\/uploads\\\/2025\\\/11\\\/ferien_vacances_logo_rgb-1.jpg\",\"width\":1326,\"height\":793,\"caption\":\"Ferien-Vacances GmbH\"},\"image\":{\"@id\":\"https:\\\/\\\/de.ferien-vacances.ch\\\/#\\\/schema\\\/logo\\\/image\\\/\"}}]}<\/script>\n<!-- \/ Yoast SEO plugin. -->","yoast_head_json":{"title":"Casa - Ferien-Vacances GmbH","robots":{"index":"index","follow":"follow","max-snippet":"max-snippet:-1","max-image-preview":"max-image-preview:large","max-video-preview":"max-video-preview:-1"},"canonical":"https:\/\/de.ferien-vacances.ch\/it\/","og_locale":"it_IT","og_type":"article","og_title":"Casa - Ferien-Vacances GmbH","og_description":"Ferien-Vacances GmbH I suoi sogni - la nostra passione Ogni sognatore sa che \u00e8 perfettamente possibile, avere nostalgia di un luogo dove non si \u00e8 mai stati, probabilmente ancora pi\u00f9 forte che sul terreno familiare\". Judith Thurmanen Benvenuto a Ferien-Vacances GmbH, l'agenzia che si occupa con passione di aiutarla non solo a pianificare le sue [&hellip;]","og_url":"https:\/\/de.ferien-vacances.ch\/it\/","og_site_name":"Ferien-Vacances GmbH","article_modified_time":"2026-02-03T16:22:09+00:00","twitter_card":"summary_large_image","twitter_misc":{"Tempo di lettura stimato":"minuti 14"},"schema":{"@context":"https:\/\/schema.org","@graph":[{"@type":"WebPage","@id":"https:\/\/de.ferien-vacances.ch\/it\/","url":"https:\/\/de.ferien-vacances.ch\/it\/","name":"Casa - Ferien-Vacances GmbH","isPartOf":{"@id":"https:\/\/de.ferien-vacances.ch\/#website"},"datePublished":"2018-07-31T12:41:25+00:00","dateModified":"2026-02-03T16:22:09+00:00","breadcrumb":{"@id":"https:\/\/de.ferien-vacances.ch\/it\/#breadcrumb"},"inLanguage":"it-IT","potentialAction":[{"@type":"ReadAction","target":["https:\/\/de.ferien-vacances.ch\/it\/"]}]},{"@type":"BreadcrumbList","@id":"https:\/\/de.ferien-vacances.ch\/it\/#breadcrumb","itemListElement":[{"@type":"ListItem","position":1,"name":"Home","item":"https:\/\/de.ferien-vacances.ch\/it\/"},{"@type":"ListItem","position":2,"name":"Casa"}]},{"@type":"WebSite","@id":"https:\/\/de.ferien-vacances.ch\/#website","url":"https:\/\/de.ferien-vacances.ch\/","name":"Ferien-Vacances GmbH","description":"Ferienwohnungen &amp; Reinigungsservice","publisher":{"@id":"https:\/\/de.ferien-vacances.ch\/#organization"},"potentialAction":[{"@type":"SearchAction","target":{"@type":"EntryPoint","urlTemplate":"https:\/\/de.ferien-vacances.ch\/?s={search_term_string}"},"query-input":{"@type":"PropertyValueSpecification","valueRequired":true,"valueName":"search_term_string"}}],"inLanguage":"it-IT"},{"@type":"Organization","@id":"https:\/\/de.ferien-vacances.ch\/#organization","name":"Ferien-Vacances GmbH","url":"https:\/\/de.ferien-vacances.ch\/","logo":{"@type":"ImageObject","inLanguage":"it-IT","@id":"https:\/\/de.ferien-vacances.ch\/#\/schema\/logo\/image\/","url":"https:\/\/de.ferien-vacances.ch\/wp-content\/uploads\/2025\/11\/ferien_vacances_logo_rgb-1.jpg","contentUrl":"https:\/\/de.ferien-vacances.ch\/wp-content\/uploads\/2025\/11\/ferien_vacances_logo_rgb-1.jpg","width":1326,"height":793,"caption":"Ferien-Vacances GmbH"},"image":{"@id":"https:\/\/de.ferien-vacances.ch\/#\/schema\/logo\/image\/"}}]}},"_links":{"self":[{"href":"https:\/\/de.ferien-vacances.ch\/it\/wp-json\/wp\/v2\/pages\/25879","targetHints":{"allow":["GET"]}}],"collection":[{"href":"https:\/\/de.ferien-vacances.ch\/it\/wp-json\/wp\/v2\/pages"}],"about":[{"href":"https:\/\/de.ferien-vacances.ch\/it\/wp-json\/wp\/v2\/types\/page"}],"author":[{"embeddable":true,"href":"https:\/\/de.ferien-vacances.ch\/it\/wp-json\/wp\/v2\/users\/2"}],"replies":[{"embeddable":true,"href":"https:\/\/de.ferien-vacances.ch\/it\/wp-json\/wp\/v2\/comments?post=25879"}],"version-history":[{"count":0,"href":"https:\/\/de.ferien-vacances.ch\/it\/wp-json\/wp\/v2\/pages\/25879\/revisions"}],"wp:attachment":[{"href":"https:\/\/de.ferien-vacances.ch\/it\/wp-json\/wp\/v2\/media?parent=25879"}],"curies":[{"name":"wp","href":"https:\/\/api.w.org\/{rel}","templated":true}]}}